{"nbFiches":1,"dataPrest":{"infoPrest":{"pave1":{"libelle":"descriptive","contenu":"Bar and restaurant\u003Cbr \/\u003E\r\nMountain dishes"},"pave2":{"libelle":"online sale","contenu":""},"pave3":{"libelle":"Descriptif court","contenu":""},"pave4":{"libelle":"Descriptif d\u00e9taill\u00e9","contenu":""},"pave5":{"libelle":"Bons plans","contenu":""},"pave6":{"libelle":"Compl\u00e9ment localisation","contenu":""},"pave7":{"libelle":"Compl\u00e9ment accueil","contenu":""},"pave8":{"libelle":"P\u00e9riodes en clair","contenu":"From 20\/12\/2025 to 22\/03\/2026 daily.\u003Cbr \/\u003E\n\u003Cbr \/\u003E\nFrom 27\/06 to 06\/09\/2026 daily."},"pave9":{"libelle":"Tarifs en clair","contenu":""},"pave10":{"libelle":"Compl\u00e9ment Tarifs","contenu":""},"pave11":{"libelle":"Compl\u00e9ment R\u00e9servation","contenu":""},"pave12":{"libelle":"Descriptif court","contenu":""},"pave13":{"libelle":"Descriptif d\u00e9taill\u00e9","contenu":""},"pave14":{"libelle":"Bons plans","contenu":""},"pave15":{"libelle":"Tarifs (Tarifs en clair, Compl\u00e9ment Tarifs)","contenu":""},"pave16":{"libelle":"P\u00e9riodes en clair","contenu":""},"pave17":{"libelle":"Descriptif court","contenu":""},"pave18":{"libelle":"Descriptif d\u00e9taill\u00e9","contenu":""},"pave19":{"libelle":"Bons plans","contenu":""},"pave20":{"libelle":"Tarifs (Tarifs en clair, Compl\u00e9ment Tarifs)","contenu":""},"pave21":{"libelle":"P\u00e9riodes en clair","contenu":""},"pave22":{"libelle":"Dispositions sp\u00e9ciales","contenu":""},"pave23":{"libelle":"Nouveaut\u00e9s","contenu":""},"pave24":{"libelle":"Gestes pour l'environnement","contenu":""},"pave25":{"libelle":"","contenu":""},"ContactsParType":{"":{"117341":{"id_contact":"117341","type_contact":"","categorie_contact":"PRESTATAIRE","societe_contact":"","fonction_contact":"","civilite_nom_prenom_contact":"MME hartl francoise ","adresse1_contact":"","adresse2_contact":"","adresse3_contact":"","cpostal_contact":"","ville_contact":"","teldom_contact":"","telbur_contact":"","fax_contact":"","portable_contact":"","email_contact":"","siteweb_contact":"","commentaire_contact":"","langue_contact":"","autre_moyen_com":[]}}},"ZoneGeoLibelle":"Val d\u2019Allos \u2013 Le Seignus","Libelle":"Restaurant Chez Franz","Nom":"Restaurant Chez Franz","Prenom":"","NomPrenom":"Restaurant Chez Franz ","CiviliteNomPrenom":"Restaurant Chez Franz ","Cle":"T|635067","PrestataireParent":"","ContexteStat":"PRESTATAIRE-T-635067","DateModificationIso":"2026-03-13T08:45:00+01:00","Type":"PRESTATAIRE","TypePrestataire":"T","Adresse":{"LigneAdresse1":"centre station","LigneAdresse2":"Val d'Allos - le Seignus","LigneAdresse3":"","CodePostal":"04260","Ville":"Le Seignus","Cedex":"","Etat":"","Pays":"FRA"},"Email":"francoise.hotel-franz@wanadoo.fr","Telephone":"04 92 83 01 06","TelephoneBureau":"","Portable":"06 85 31 38 98","SiteWeb":"http:\/\/www.hotel-franz.com","Fax":"","Id":"t-635067","Code":"T|635067","Fichier":{"Image":[{"url":"https:\/\/www.valdallos.com\/medias\/images\/prestataires\/136905-franz4.jpg","chemin":"..\/medias\/images\/prestataires\/136905-franz4.jpg","libelle":"The restaurant's interior, featuring tables and chairs, a chalet atmosphere, and mountain decor.","extension":"jpg","categorie":"","largeur":1200,"theme":"","hauteur":900,"type":"Image","origine":"","liaisonPave":"","langue":"","id":"136905","urlVignette":"https:\/\/www.valdallos.com\/medias\/images\/prestataires\/v-136905-franz4.jpg","alt":"The restaurant's interior, featuring tables and chairs, a chalet atmosphere, and mountain decor.","title":"The restaurant's interior, featuring tables and chairs, a chalet atmosphere, and mountain decor. - &copy F Hartl","MultiTaille":{"1920x1440":{"url":"https:\/\/www.valdallos.com\/medias\/images\/prestataires\/multitailles\/1920x1440_136905-franz4.jpg"},"1200x900":{"url":"https:\/\/www.valdallos.com\/medias\/images\/prestataires\/multitailles\/1200x900_136905-franz4.jpg"},"800x600":{"url":"https:\/\/www.valdallos.com\/medias\/images\/prestataires\/multitailles\/800x600_136905-franz4.jpg"},"640x480":{"url":"https:\/\/www.valdallos.com\/medias\/images\/prestataires\/multitailles\/640x480_136905-franz4.jpg"},"320x240":{"url":"https:\/\/www.valdallos.com\/medias\/images\/prestataires\/multitailles\/320x240_136905-franz4.jpg"},"160x120":{"url":"https:\/\/www.valdallos.com\/medias\/images\/prestataires\/multitailles\/160x120_136905-franz4.jpg"},"origine":{"url":"https:\/\/www.valdallos.com\/medias\/images\/prestataires\/136905-franz4.jpg"}},"urlLien":"","typeLien":"","nofollow":"N","copyright":"F Hartl"},{"url":"https:\/\/www.valdallos.com\/medias\/images\/prestataires\/136906-franz_f_hartlaurelien.jpg","chemin":"..\/medias\/images\/prestataires\/136906-franz_f_hartlaurelien.jpg","libelle":"The restaurant's outdoor terrace in summer, featuring plastic tables and chairs, large parasols, and a view of a field and the mountains.","extension":"jpg","categorie":"","largeur":1200,"theme":"ETE","hauteur":730,"type":"Image","origine":"","liaisonPave":"","langue":"","id":"136906","urlVignette":"https:\/\/www.valdallos.com\/medias\/images\/prestataires\/v-136906-franz_f_hartlaurelien.jpg","alt":"The restaurant's outdoor terrace in summer, featuring plastic tables and chairs, large parasols, and a view of a field and the mountains.","title":"The restaurant's outdoor terrace in summer, featuring plastic tables and chairs, large parasols, and a view of a field and the mountains. - &copy F Hartl","MultiTaille":{"1920x1440":{"url":"https:\/\/www.valdallos.com\/medias\/images\/prestataires\/multitailles\/1920x1440_136906-franz_f_hartlaurelien.jpg"},"1200x900":{"url":"https:\/\/www.valdallos.com\/medias\/images\/prestataires\/multitailles\/1200x900_136906-franz_f_hartlaurelien.jpg"},"800x600":{"url":"https:\/\/www.valdallos.com\/medias\/images\/prestataires\/multitailles\/800x600_136906-franz_f_hartlaurelien.jpg"},"640x480":{"url":"https:\/\/www.valdallos.com\/medias\/images\/prestataires\/multitailles\/640x480_136906-franz_f_hartlaurelien.jpg"},"320x240":{"url":"https:\/\/www.valdallos.com\/medias\/images\/prestataires\/multitailles\/320x240_136906-franz_f_hartlaurelien.jpg"},"160x120":{"url":"https:\/\/www.valdallos.com\/medias\/images\/prestataires\/multitailles\/160x120_136906-franz_f_hartlaurelien.jpg"},"origine":{"url":"https:\/\/www.valdallos.com\/medias\/images\/prestataires\/136906-franz_f_hartlaurelien.jpg"}},"urlLien":"","typeLien":"","nofollow":"N","copyright":"F Hartl"},{"url":"https:\/\/www.valdallos.com\/medias\/images\/prestataires\/136907-franz_image00003_f_hartl.jpg","chemin":"..\/medias\/images\/prestataires\/136907-franz_image00003_f_hartl.jpg","libelle":"The restaurant's outdoor terrace in winter, featuring plastic tables and chairs, views of the snowy slopes and mountains, and a nearby chairlift.","extension":"jpg","categorie":"","largeur":1200,"theme":"HIVER","hauteur":900,"type":"Image","origine":"","liaisonPave":"","langue":"","id":"136907","urlVignette":"https:\/\/www.valdallos.com\/medias\/images\/prestataires\/v-136907-franz_image00003_f_hartl.jpg","alt":"The restaurant's outdoor terrace in winter, featuring plastic tables and chairs, views of the snowy slopes and mountains, and a nearby chairlift.","title":"The restaurant's outdoor terrace in winter, featuring plastic tables and chairs, views of the snowy slopes and mountains, and a nearby chairlift. - &copy F Hartl","MultiTaille":{"1920x1440":{"url":"https:\/\/www.valdallos.com\/medias\/images\/prestataires\/multitailles\/1920x1440_136907-franz_image00003_f_hartl.jpg"},"1200x900":{"url":"https:\/\/www.valdallos.com\/medias\/images\/prestataires\/multitailles\/1200x900_136907-franz_image00003_f_hartl.jpg"},"800x600":{"url":"https:\/\/www.valdallos.com\/medias\/images\/prestataires\/multitailles\/800x600_136907-franz_image00003_f_hartl.jpg"},"640x480":{"url":"https:\/\/www.valdallos.com\/medias\/images\/prestataires\/multitailles\/640x480_136907-franz_image00003_f_hartl.jpg"},"320x240":{"url":"https:\/\/www.valdallos.com\/medias\/images\/prestataires\/multitailles\/320x240_136907-franz_image00003_f_hartl.jpg"},"160x120":{"url":"https:\/\/www.valdallos.com\/medias\/images\/prestataires\/multitailles\/160x120_136907-franz_image00003_f_hartl.jpg"},"origine":{"url":"https:\/\/www.valdallos.com\/medias\/images\/prestataires\/136907-franz_image00003_f_hartl.jpg"}},"urlLien":"","typeLien":"","nofollow":"N","copyright":"F Hartl"}],"ByCategorie":{"":[{"url":"https:\/\/www.valdallos.com\/medias\/images\/prestataires\/136905-franz4.jpg","chemin":"..\/medias\/images\/prestataires\/136905-franz4.jpg","libelle":"The restaurant's interior, featuring tables and chairs, a chalet atmosphere, and mountain decor.","extension":"jpg","categorie":"","largeur":1200,"theme":"","hauteur":900,"type":"Image","origine":"","liaisonPave":"","langue":"","id":"136905","urlVignette":"https:\/\/www.valdallos.com\/medias\/images\/prestataires\/v-136905-franz4.jpg","alt":"The restaurant's interior, featuring tables and chairs, a chalet atmosphere, and mountain decor.","title":"The restaurant's interior, featuring tables and chairs, a chalet atmosphere, and mountain decor. - &copy F Hartl","MultiTaille":{"1920x1440":{"url":"https:\/\/www.valdallos.com\/medias\/images\/prestataires\/multitailles\/1920x1440_136905-franz4.jpg"},"1200x900":{"url":"https:\/\/www.valdallos.com\/medias\/images\/prestataires\/multitailles\/1200x900_136905-franz4.jpg"},"800x600":{"url":"https:\/\/www.valdallos.com\/medias\/images\/prestataires\/multitailles\/800x600_136905-franz4.jpg"},"640x480":{"url":"https:\/\/www.valdallos.com\/medias\/images\/prestataires\/multitailles\/640x480_136905-franz4.jpg"},"320x240":{"url":"https:\/\/www.valdallos.com\/medias\/images\/prestataires\/multitailles\/320x240_136905-franz4.jpg"},"160x120":{"url":"https:\/\/www.valdallos.com\/medias\/images\/prestataires\/multitailles\/160x120_136905-franz4.jpg"},"origine":{"url":"https:\/\/www.valdallos.com\/medias\/images\/prestataires\/136905-franz4.jpg"}},"urlLien":"","typeLien":"","nofollow":"N","copyright":"F Hartl"},{"url":"https:\/\/www.valdallos.com\/medias\/images\/prestataires\/136906-franz_f_hartlaurelien.jpg","chemin":"..\/medias\/images\/prestataires\/136906-franz_f_hartlaurelien.jpg","libelle":"The restaurant's outdoor terrace in summer, featuring plastic tables and chairs, large parasols, and a view of a field and the mountains.","extension":"jpg","categorie":"","largeur":1200,"theme":"ETE","hauteur":730,"type":"Image","origine":"","liaisonPave":"","langue":"","id":"136906","urlVignette":"https:\/\/www.valdallos.com\/medias\/images\/prestataires\/v-136906-franz_f_hartlaurelien.jpg","alt":"The restaurant's outdoor terrace in summer, featuring plastic tables and chairs, large parasols, and a view of a field and the mountains.","title":"The restaurant's outdoor terrace in summer, featuring plastic tables and chairs, large parasols, and a view of a field and the mountains. - &copy F Hartl","MultiTaille":{"1920x1440":{"url":"https:\/\/www.valdallos.com\/medias\/images\/prestataires\/multitailles\/1920x1440_136906-franz_f_hartlaurelien.jpg"},"1200x900":{"url":"https:\/\/www.valdallos.com\/medias\/images\/prestataires\/multitailles\/1200x900_136906-franz_f_hartlaurelien.jpg"},"800x600":{"url":"https:\/\/www.valdallos.com\/medias\/images\/prestataires\/multitailles\/800x600_136906-franz_f_hartlaurelien.jpg"},"640x480":{"url":"https:\/\/www.valdallos.com\/medias\/images\/prestataires\/multitailles\/640x480_136906-franz_f_hartlaurelien.jpg"},"320x240":{"url":"https:\/\/www.valdallos.com\/medias\/images\/prestataires\/multitailles\/320x240_136906-franz_f_hartlaurelien.jpg"},"160x120":{"url":"https:\/\/www.valdallos.com\/medias\/images\/prestataires\/multitailles\/160x120_136906-franz_f_hartlaurelien.jpg"},"origine":{"url":"https:\/\/www.valdallos.com\/medias\/images\/prestataires\/136906-franz_f_hartlaurelien.jpg"}},"urlLien":"","typeLien":"","nofollow":"N","copyright":"F Hartl"},{"url":"https:\/\/www.valdallos.com\/medias\/images\/prestataires\/136907-franz_image00003_f_hartl.jpg","chemin":"..\/medias\/images\/prestataires\/136907-franz_image00003_f_hartl.jpg","libelle":"The restaurant's outdoor terrace in winter, featuring plastic tables and chairs, views of the snowy slopes and mountains, and a nearby chairlift.","extension":"jpg","categorie":"","largeur":1200,"theme":"HIVER","hauteur":900,"type":"Image","origine":"","liaisonPave":"","langue":"","id":"136907","urlVignette":"https:\/\/www.valdallos.com\/medias\/images\/prestataires\/v-136907-franz_image00003_f_hartl.jpg","alt":"The restaurant's outdoor terrace in winter, featuring plastic tables and chairs, views of the snowy slopes and mountains, and a nearby chairlift.","title":"The restaurant's outdoor terrace in winter, featuring plastic tables and chairs, views of the snowy slopes and mountains, and a nearby chairlift. - &copy F Hartl","MultiTaille":{"1920x1440":{"url":"https:\/\/www.valdallos.com\/medias\/images\/prestataires\/multitailles\/1920x1440_136907-franz_image00003_f_hartl.jpg"},"1200x900":{"url":"https:\/\/www.valdallos.com\/medias\/images\/prestataires\/multitailles\/1200x900_136907-franz_image00003_f_hartl.jpg"},"800x600":{"url":"https:\/\/www.valdallos.com\/medias\/images\/prestataires\/multitailles\/800x600_136907-franz_image00003_f_hartl.jpg"},"640x480":{"url":"https:\/\/www.valdallos.com\/medias\/images\/prestataires\/multitailles\/640x480_136907-franz_image00003_f_hartl.jpg"},"320x240":{"url":"https:\/\/www.valdallos.com\/medias\/images\/prestataires\/multitailles\/320x240_136907-franz_image00003_f_hartl.jpg"},"160x120":{"url":"https:\/\/www.valdallos.com\/medias\/images\/prestataires\/multitailles\/160x120_136907-franz_image00003_f_hartl.jpg"},"origine":{"url":"https:\/\/www.valdallos.com\/medias\/images\/prestataires\/136907-franz_image00003_f_hartl.jpg"}},"urlLien":"","typeLien":"","nofollow":"N","copyright":"F Hartl"}]}},"Url":"restaurant-chez-franz.html","Localisation":{"GoogleMap":{"Latitude":"44.240577","Longitude":"6.616576"},"PlanStation":{"idPlan":"7","nomPlan":"[NEW] Plan Village Allos","carte":"\/plan\/plan_village_2018[HIVER_FR[.jpg","PositionAbs":"327","PositionOrd":"277"}},"ZoneGeo":"","Criteres":{"TINFADH[TCOMM":"","TADHER[ROFFIC":"","ZONEGEO[FRPA04VAV1500":"","P.categories[2884":"","P.categories[CV":"","PUBLICATION[VALDALLOS":"","P.categories[SPECMONT":"","P.125[1106":"","P.22[1058":"","P.22[723":"","P.122[715":"","P.services[687":"","P.78[1115":"","P.prestations[animauxAcceptes":"","P.prestations[surchargeTourismesAdaptes":"","P.prestations[surchargeDescriptifHandicapMoteur":"","P.prestations[surchargeDescriptifHandicapAuditif":"","P.prestations[surchargeDescriptifHandicapVisuel":"","P.prestations[surchargeDescriptifHandicapMental":"","P.prestations[surchargeNombreFauteuilsRoulants":"","P.languesParlees[1192":"","P.languesParlees[1197":"","P.3650[3653":"","P.3[558":"","P.3[563":"","P.5[593":"","P.6528[169":"","P.environnements[171":"","P.environnements[184":"","P.environnements[193":"","P.environnements[3972":"","P.114[418":"","P.114[435":"","P.modesPaiement[1271":"","P.modesPaiement[1265":"","P.modesPaiement[1268":"","P.modesPaiement[1277":"","P.modesPaiement[1274":"","P.tourismeAffaires[tourismeAffairesEnabled":"","P.tourismeAffaires[devise":"EUR","P.restaurationType[2866":"","P.specialites[2983":"","P.specialites[2989":"","P.categories[2883":"","P.capacite[nombreSalles":"1","P.capacite[nombreMaximumCouverts":"90","P.capacite[nombreCouvertsTerrasse":"100","P.CINTSITRA[5660":"","P.CINTSITRA[5663":"","P.CINTSITRA[5664":"","P.CINTSITRA[8809":"","P.6241[126905":"","P.6241[5740912":"","P.3218[311229":"","P.3220[587401":"","P.3220[5575332":"","P.3233[591419":"","P.3221[4876304":"","P.3219[5127066":"","P.3219[5127127":"","P.3219[5239406":"","P.3219[6436838":"","P.3240[5778284":"","P.6242[5843488":"","P.3230[6139211":"","P.VilleSitra[37281":"","P.VillageDeDepart[1559":"","P.VillageDeDepart[37281":""},"DateFinPublication":"","PrixAPartirDe":"","PrixPour":"","FicheListeEnCours":"fiche_liste_restaurants_OT_v2018","ParametresModele":{"AfficherPhotos":1,"NbPhotosMax":6,"AfficherReserver":0,"AfficherContact":"1","AfficherSalle":1,"AfficherZoneGeo":0,"AfficherEnSavoirPlus":"0","AfficherUneSeuleOuverture":0,"AfficherContactCarte":1,"AfficherTarifsChaudAPartirDe":0,"AfficherTarifChaudSansRecherche":0,"AffichageCoordonnees":"Telephone|TelephoneBureau|Portable","AfficherAvis":"0","AfficherAvisIngenie":"1","BlocCritereInfo":{"critere1":{"libelle":""},"critere2":{"libelle":""},"critere3":{"libelle":""},"critere4":{"libelle":""},"critere5":{"libelle":"","liste_critere":["P.113|1593|T","P.113|1680|T"]},"critere6":{"libelle":""},"critere7":{"libelle":"","liste_critere":["ZONEGEO|T"]},"critere8":{"libelle":""},"critere9":{"libelle":""},"afficherpictoetpaslibelle":"1"},"Criteres":"PUBLICATION[VALDALLOS","PositionBloc":"GALLERIE|NOM|ADRESSE|DESCRIPTIF|CRITERESORDONNEES|ZONEPRINCIPALFICHEPRESTA|AVIS|LIEN_RESERVER_DETAIL|DISPO|CARNET_VOYAGE|URL","TypePrestataire":"T","ComportementResa":false,"ComportementDispo":false},"AffichageCoordonnees":{"Telephone":"04 92 83 01 06","Portable":"06 85 31 38 98"},"Coordonnees":{"Ville":"Le Seignus"},"ContexteId":"PRESTATAIRE|T|635067","ContexteIdHtml":"PRESTATAIRE-T-635067","cleContexte":"T|635067","Bloc":{"texte1":"","texte3":"","critere1":{"libelle":"","contenu":[]},"critere2":{"libelle":"","contenu":[]},"critere3":{"libelle":"","contenu":[]},"critere4":{"libelle":"","contenu":[]},"critere5":{"libelle":"","contenu":[]},"critere6":{"libelle":"","contenu":[]},"critere7":{"libelle":"","contenu":{"ZONEGEO":{"libelle":"Cities","contenu":{"2":"Val d\u2019Allos \u2013 Le Seignus"},"codesValeurs":{"2":"ZONEGEO|FRPA04VAV1500|T"},"criteres_datas":{"valeurs":{"2":{"FRPA04VAV1500":{"descriptif":""}}}}}}},"critere8":{"libelle":"","contenu":[]},"critere9":{"libelle":"","contenu":[]}},"LocalisationGps":{"Latitude":"44.240577","Longitude":"6.616576"},"libelleDuPrestataire":"","listeCriteres":{"TINFADH":{"TCOMM":""},"TADHER":{"ROFFIC":""},"ZONEGEO":{"FRPA04VAV1500":""},"P.categories":{"2884":"","CV":"","SPECMONT":"","2883":""},"PUBLICATION":{"VALDALLOS":""},"P.125":{"1106":""},"P.22":{"1058":"","723":""},"P.122":{"715":""},"P.services":{"687":""},"P.78":{"1115":""},"P.prestations":{"animauxAcceptes":"","surchargeTourismesAdaptes":"","surchargeDescriptifHandicapMoteur":"","surchargeDescriptifHandicapAuditif":"","surchargeDescriptifHandicapVisuel":"","surchargeDescriptifHandicapMental":"","surchargeNombreFauteuilsRoulants":""},"P.languesParlees":{"1192":"","1197":""},"P.3650":{"3653":""},"P.3":{"558":"","563":""},"P.5":{"593":""},"P.6528":{"169":""},"P.environnements":{"171":"","184":"","193":"","3972":""},"P.114":{"418":"","435":""},"P.modesPaiement":{"1271":"","1265":"","1268":"","1277":"","1274":""},"P.tourismeAffaires":{"tourismeAffairesEnabled":"","devise":"EUR"},"P.restaurationType":{"2866":""},"P.specialites":{"2983":"","2989":""},"P.capacite":{"nombreSalles":"1","nombreMaximumCouverts":"90","nombreCouvertsTerrasse":"100"},"P.CINTSITRA":{"5660":"","5663":"","5664":"","8809":""},"P.6241":{"126905":"","5740912":""},"P.3218":{"311229":""},"P.3220":{"587401":"","5575332":""},"P.3233":{"591419":""},"P.3221":{"4876304":""},"P.3219":{"5127066":"","5127127":"","5239406":"","6436838":""},"P.3240":{"5778284":""},"P.6242":{"5843488":""},"P.3230":{"6139211":""},"P.VilleSitra":{"37281":""},"P.VillageDeDepart":{"1559":"","37281":""}},"dansCarnetVoyage":true,"Ouverture":""},"html":" \n \u003Cdiv id=\"CV-PRESTATAIRE-T-635067\" data-contexte-id=\"PRESTATAIRE|T|635067\" data-cle=\"T|635067\" class=\"fiche-liste\"\u003E\n    \n\n    \u003C!-- partie photo --\u003E\n    \u003Cdiv class=\"photo\"\u003E\t\t\t\t\t\t\t\t\t\t\t\t\t\t\t\t\t\t\t\t\t\n        \u003Cdiv class=\"cadre_photo_principale\"\u003E\t\t\n        \n            \t\t\t\t\t\n                    \u003Ca href=\"restaurant-chez-franz.html?origine=carnet#media\"\u003E\n                        \u003Cimg class=\"photo_principale\" alt=\"The restaurant's interior, featuring tables and chairs, a chalet atmosphere, and mountain decor.\" src=\"https:\/\/www.valdallos.com\/medias\/images\/prestataires\/multitailles\/320x240_136905-franz4.jpg\" itemprop=\"image\"\u003E\n                    \u003C\/a\u003E\t\t\t\t\t\t\n                \n                    \u003C\/div\u003E\t\t\t\t\t\t\t\t\t\t\t\t\t\t\t\t\t\t\t \t\t\n    \u003C\/div\u003E\n    \n    \u003C!-- partie nom prest --\u003E\n    \u003Cdiv class=\"nom\"\u003E\n        \u003Ch2\u003ERestaurant Chez Franz\u003C\/h2\u003E\n        \n            \u003C\/div\u003E\n\n         \n    \u003C!-- partie adresse --\u003E\n    \u003Cdiv class=\"adresse\"\u003E\n    \n          \n    \u003C\/div\u003E\n    \n    \u003C!-- partie liens --\u003E\n    \u003Cdiv class=\"liens\"\u003E\n            \u003Ca class=\"btn-icon btn-view \" title=\"Read more \" href=\"restaurant-chez-franz.html?origine=carnet\"\u003E\u003C\/a\u003E\u003C!--\u003Ca class=\"btn-icon btn-view \" title=\"\" href=\"?origine=carnet#thaut\"\u003E\u003C\/a\u003E--\u003E\n      \u003Ca class=\"btn-icon btn-trash carnet_voyage_supprimer\" title=\"Remove to travel notes \" href=\"carnet-voyage?action=remove&fiche=T|635067\"\u003E\u003C\/a\u003E\n    \u003C\/div\u003E\n\n\u003C\/div\u003E\n\n","icon":"https:\/\/static.ingenie.fr\/images\/carnetVoyageV3\/T.png"},"fiche":"T|635067","popup":"\u003Cdiv id=\"bloc_popup_ajout_fiche_carnet\"\u003E\n    \u003Cdiv class=\"info_popup_ajout_fiche_carnet\"\u003E\n        You have just added this element to your selection:    \u003C\/div\u003E\n    \u003Cdiv class=\"prest_popup_ajout_fiche_carnet\"\u003E\n        Restaurant Chez Franz    \u003C\/div\u003E\n    \u003Cdiv class=\"bloc_btn_ajout_fiche_carnet form_submit_div\"\u003E\n        \u003Cinput type=\"button\" value=\"Continue \" title=\"Continue \" name=\"btn_close\" class=\"btn_close_popup_carnet form_submit\" onclick=\"$.colorbox.close()\" \/\u003E\n        \u003Cinput type=\"button\" value=\"See my selection\" title=\"See my selection\" name=\"btn_panier\" class=\"btn_panier_popup_carnet form_submit\" onclick=\"if(typeof CarnetVoyage != 'undefined') {CarnetVoyage.voirCarnet();}\" \/\u003E\n    \u003C\/div\u003E\n    \u003Cdiv class=\"bloc_btn_ajout_fiche_carnet\"\u003E\n        \u003Cinput type=\"checkbox\" value=\"1\" name=\"desactiver_popup\" id=\"desactiver_popup\" \/\u003E\n        \u003Clabel for=\"desactiver_popup\"\u003EDo not show this message again \u003C\/label\u003E\n    \u003C\/div\u003E\n\u003C\/div\u003E","success":1}