{"nbFiches":1,"dataPrest":{"infoPrest":{"pave1":{"libelle":"descriptive","contenu":"\u003Cbr \/\u003E\r\nA comfortable residence with services, nearby ski runs.&nbsp;","fichiers":[]},"pave2":{"libelle":"rental address","contenu":"","fichiers":[]},"pave3":{"libelle":"winter prices","contenu":"","fichiers":[]},"pave4":{"libelle":"summer prices","contenu":"","fichiers":[]},"pave5":{"libelle":"online sale","contenu":"","fichiers":[]},"pave6":{"libelle":"Descriptif court","contenu":"","fichiers":[]},"pave7":{"libelle":"Descriptif d\u00e9taill\u00e9","contenu":"","fichiers":[]},"pave8":{"libelle":"Bons plans","contenu":"","fichiers":[]},"pave9":{"libelle":"Compl\u00e9ment localisation","contenu":"","fichiers":[]},"pave10":{"libelle":"Compl\u00e9ment accueil","contenu":"","fichiers":[]},"pave11":{"libelle":"P\u00e9riodes en clair","contenu":"","fichiers":[]},"pave12":{"libelle":"Tarifs en clair","contenu":"","fichiers":[]},"pave13":{"libelle":"Compl\u00e9ment Tarifs","contenu":"","fichiers":[]},"pave14":{"libelle":"Compl\u00e9ment R\u00e9servation","contenu":"","fichiers":[]},"pave15":{"libelle":"Descriptif court","contenu":"","fichiers":[]},"pave16":{"libelle":"Descriptif d\u00e9taill\u00e9","contenu":"","fichiers":[]},"pave17":{"libelle":"Bons plans","contenu":"","fichiers":[]},"pave18":{"libelle":"Tarifs (Tarifs en clair, Compl\u00e9ment Tarifs)","contenu":"","fichiers":[]},"pave19":{"libelle":"P\u00e9riodes en clair","contenu":"","fichiers":[]},"pave20":{"libelle":"Descriptif court","contenu":"","fichiers":[]},"pave21":{"libelle":"Descriptif d\u00e9taill\u00e9","contenu":"","fichiers":[]},"pave22":{"libelle":"Bons plans","contenu":"","fichiers":[]},"pave23":{"libelle":"Tarifs (Tarifs en clair, Compl\u00e9ment Tarifs)","contenu":"","fichiers":[]},"pave24":{"libelle":"P\u00e9riodes en clair","contenu":"","fichiers":[]},"pave25":{"libelle":"Dispositions sp\u00e9ciales","contenu":"","fichiers":[]},"Libelle":"R\u00e9sidence les Cimes du Val d'Allos Studio 2 personnes","Reference":"","Reftar":"","Type":"PRESTATION","TypePrestataire":"G","ContexteStat":"PRESTATION-G-631326-01","DateModificationIso":"2026-04-28T13:47:00+02:00","Adresse":{"LigneAdresse1":"route du col d'allos","LigneAdresse2":"","LigneAdresse3":"","CodePostal":"04260","Ville":"LA FOUX D'ALLOS","Cedex":"","Etat":"","Pays":"FRA"},"Id":"g-631326-01","Code":"G|631326|01","Cle":"G|631326|01","Url":"les-cimes-du-val-d-allos-residence-val-dallos-la-foux-1.html","Localisation":{"GoogleMap":{"Latitude":"44.29719","Longitude":"6.56981"}},"ZoneGeo":"","Criteres":{"DISPONIBILITES[DISPORELANCE":"","GPREST[GLOCAS":"","GPREST[GCOU":"","GCAPACITE[8PERS":"","NBPERS[GCAP08":"","GLABEL[GCLEVA":"","GLOGEM[GAPPRE":"","GCHAR[GCHARC":"","GHANDI[GACCHA":"","GEQUIS[GTELEV":"","GACTIV[GINTER":"","GPARKI[GPARKC":"","GPARKI[GPARKE":"","GFAMPLUS[GMICRO":"","GFAMPLUS[GCHAISEHAUT":"","GFAMPLUS[GBAIGN":"","GFAMPLUS[GJEUXINT":"","GFAMPLUS[GLITBEBE":"","GFAMPLUS[GOFFRE":"local ferm\u00e9 pour entreposer le mat\u00e9riel","CINTSITRA[8809":"","CINTSITRA[5660":"","VilleSitra[37282":"","PUBLICATION[VALDALLOS":"","PUBLICATION[VERDONTOURISME":"","AFFGTYPE[APPART":"","GNOMBRE[8PERS":"","AFFEQUIP[WIFI":"","AFFEQUIP[PARKING":"","GLOC[G18":"","LOCVERDON[37282":""},"Prestataire":{"pave1":{"libelle":"descriptive","contenu":""},"pave2":{"libelle":"Descriptif court","contenu":"A comfortable residence with services, nearby ski runs."},"pave3":{"libelle":"Descriptif d\u00e9taill\u00e9","contenu":""},"pave4":{"libelle":"Bons plans","contenu":""},"pave5":{"libelle":"Compl\u00e9ment localisation","contenu":""},"pave6":{"libelle":"Compl\u00e9ment accueil","contenu":""},"pave7":{"libelle":"P\u00e9riodes en clair","contenu":"All year round daily."},"pave8":{"libelle":"Tarifs en clair","contenu":"Tax not included."},"pave9":{"libelle":"Compl\u00e9ment Tarifs","contenu":""},"pave10":{"libelle":"Compl\u00e9ment R\u00e9servation","contenu":""},"pave11":{"libelle":"Descriptif court","contenu":""},"pave12":{"libelle":"Descriptif d\u00e9taill\u00e9","contenu":""},"pave13":{"libelle":"Bons plans","contenu":""},"pave14":{"libelle":"Tarifs (Tarifs en clair, Compl\u00e9ment Tarifs)","contenu":""},"pave15":{"libelle":"P\u00e9riodes en clair","contenu":""},"pave16":{"libelle":"Descriptif court","contenu":""},"pave17":{"libelle":"Descriptif d\u00e9taill\u00e9","contenu":""},"pave18":{"libelle":"Bons plans","contenu":""},"pave19":{"libelle":"Tarifs (Tarifs en clair, Compl\u00e9ment Tarifs)","contenu":""},"pave20":{"libelle":"P\u00e9riodes en clair","contenu":""},"pave21":{"libelle":"Dispositions sp\u00e9ciales","contenu":""},"pave22":{"libelle":"Nouveaut\u00e9s","contenu":""},"pave23":{"libelle":"Gestes pour l'environnement","contenu":""},"pave24":{"libelle":"","contenu":""},"pave25":{"libelle":"","contenu":""},"ContactsParType":{"":{"117271":{"id_contact":"117271","type_contact":"","categorie_contact":"PRESTATAIRE","societe_contact":"","fonction_contact":"","civilite_nom_prenom_contact":"P\u00e9ri Bruno ","adresse1_contact":"","adresse2_contact":"","adresse3_contact":"","cpostal_contact":"","ville_contact":"","teldom_contact":"","telbur_contact":"","fax_contact":"","portable_contact":"","email_contact":"","siteweb_contact":"","commentaire_contact":"","langue_contact":"","autre_moyen_com":[]}},"RES":{"117272":{"id_contact":"117272","type_contact":"RES","categorie_contact":"PRESTATAIRE","societe_contact":"","fonction_contact":"","civilite_nom_prenom_contact":"Je r\u00e9serve mon s\u00e9jour ","adresse1_contact":"","adresse2_contact":"","adresse3_contact":"","cpostal_contact":"","ville_contact":"","teldom_contact":"","telbur_contact":"","fax_contact":"","portable_contact":"","email_contact":"","siteweb_contact":"https:\/\/cdva.resalys.com\/rsl\/clickbooking","commentaire_contact":"","langue_contact":"","autre_moyen_com":[]}}},"ZoneGeoLibelle":"Val d\u2019Allos \u2013 La Foux","Libelle":"Les Cimes du Val d'Allos residence","Nom":"R\u00e9sidence de tourisme les Cimes du Val d'Allos","Prenom":"","NomPrenom":"R\u00e9sidence de tourisme les Cimes du Val d'Allos ","CiviliteNomPrenom":"R\u00e9sidence de tourisme les Cimes du Val d'Allos ","Cle":"G|631326","PrestataireParent":"","ContexteStat":"PRESTATAIRE-G-631326","DateModificationIso":"2026-03-06T00:20:00+01:00","Type":"PRESTATAIRE","TypePrestataire":"G","Adresse":{"LigneAdresse1":"lieu dit la sestri\u00e8re","LigneAdresse2":"route du col d'Allos","LigneAdresse3":"Val d'Allos - la Foux","CodePostal":"04260","Ville":"La Foux d\u2019Allos","Cedex":"","Etat":"","Pays":"FRA"},"Email":"reservation@lescimesduvaldallos.com","Telephone":"04 92 83 65 59","TelephoneBureau":"","Portable":"","SiteWeb":"http:\/\/www.lescimesduvaldallos.com","Fax":"","Id":"g-631326","Code":"G|631326","Fichier":{"Image":[{"url":"https:\/\/www.valdallos.com\/medias\/images\/prestataires\/136738-cime_2014_sejour.jpg","chemin":"..\/medias\/images\/prestataires\/136738-cime_2014_sejour.jpg","libelle":"Bright apartment living room with sofa, armchair, dining table, TV, partitions to other spaces","extension":"jpg","categorie":"","largeur":800,"theme":"","hauteur":533,"type":"Image","origine":"","liaisonPave":"","langue":"","id":"136738","urlVignette":"https:\/\/www.valdallos.com\/medias\/images\/prestataires\/v-136738-cime_2014_sejour.jpg","alt":"Bright apartment living room with sofa, armchair, dining table, TV, partitions to other spaces","title":"Bright apartment living room with sofa, armchair, dining table, TV, partitions to other spaces - &copy Les cimes du Val d'Allos","MultiTaille":{"1920x1440":{"url":"https:\/\/www.valdallos.com\/medias\/images\/prestataires\/multitailles\/1920x1440_136738-cime_2014_sejour.jpg"},"1200x900":{"url":"https:\/\/www.valdallos.com\/medias\/images\/prestataires\/multitailles\/1200x900_136738-cime_2014_sejour.jpg"},"800x600":{"url":"https:\/\/www.valdallos.com\/medias\/images\/prestataires\/multitailles\/800x600_136738-cime_2014_sejour.jpg"},"640x480":{"url":"https:\/\/www.valdallos.com\/medias\/images\/prestataires\/multitailles\/640x480_136738-cime_2014_sejour.jpg"},"320x240":{"url":"https:\/\/www.valdallos.com\/medias\/images\/prestataires\/multitailles\/320x240_136738-cime_2014_sejour.jpg"},"160x120":{"url":"https:\/\/www.valdallos.com\/medias\/images\/prestataires\/multitailles\/160x120_136738-cime_2014_sejour.jpg"},"origine":{"url":"https:\/\/www.valdallos.com\/medias\/images\/prestataires\/136738-cime_2014_sejour.jpg"}},"urlLien":"","typeLien":"","nofollow":"N","copyright":"Les cimes du Val d'Allos"},{"url":"https:\/\/www.valdallos.com\/medias\/images\/prestataires\/136739-cime_2014_salon.jpg","chemin":"..\/medias\/images\/prestataires\/136739-cime_2014_salon.jpg","libelle":"Apartment living room with sofa bed, dining table, wall-mounted TV","extension":"jpg","categorie":"","largeur":800,"theme":"","hauteur":533,"type":"Image","origine":"","liaisonPave":"","langue":"","id":"136739","urlVignette":"https:\/\/www.valdallos.com\/medias\/images\/prestataires\/v-136739-cime_2014_salon.jpg","alt":"Apartment living room with sofa bed, dining table, wall-mounted TV","title":"Apartment living room with sofa bed, dining table, wall-mounted TV - &copy Les cimes du Val d'Allos","MultiTaille":{"1920x1440":{"url":"https:\/\/www.valdallos.com\/medias\/images\/prestataires\/multitailles\/1920x1440_136739-cime_2014_salon.jpg"},"1200x900":{"url":"https:\/\/www.valdallos.com\/medias\/images\/prestataires\/multitailles\/1200x900_136739-cime_2014_salon.jpg"},"800x600":{"url":"https:\/\/www.valdallos.com\/medias\/images\/prestataires\/multitailles\/800x600_136739-cime_2014_salon.jpg"},"640x480":{"url":"https:\/\/www.valdallos.com\/medias\/images\/prestataires\/multitailles\/640x480_136739-cime_2014_salon.jpg"},"320x240":{"url":"https:\/\/www.valdallos.com\/medias\/images\/prestataires\/multitailles\/320x240_136739-cime_2014_salon.jpg"},"160x120":{"url":"https:\/\/www.valdallos.com\/medias\/images\/prestataires\/multitailles\/160x120_136739-cime_2014_salon.jpg"},"origine":{"url":"https:\/\/www.valdallos.com\/medias\/images\/prestataires\/136739-cime_2014_salon.jpg"}},"urlLien":"","typeLien":"","nofollow":"N","copyright":"Les cimes du Val d'Allos"},{"url":"https:\/\/www.valdallos.com\/medias\/images\/prestataires\/136740-cime_2014_chambre.jpg","chemin":"..\/medias\/images\/prestataires\/136740-cime_2014_chambre.jpg","libelle":"Apartment bedroom with double bed and single bed, wooden furniture, window","extension":"jpg","categorie":"","largeur":800,"theme":"","hauteur":533,"type":"Image","origine":"","liaisonPave":"","langue":"","id":"136740","urlVignette":"https:\/\/www.valdallos.com\/medias\/images\/prestataires\/v-136740-cime_2014_chambre.jpg","alt":"Apartment bedroom with double bed and single bed, wooden furniture, window","title":"Apartment bedroom with double bed and single bed, wooden furniture, window - &copy Les cimes du Val d'Allos","MultiTaille":{"1920x1440":{"url":"https:\/\/www.valdallos.com\/medias\/images\/prestataires\/multitailles\/1920x1440_136740-cime_2014_chambre.jpg"},"1200x900":{"url":"https:\/\/www.valdallos.com\/medias\/images\/prestataires\/multitailles\/1200x900_136740-cime_2014_chambre.jpg"},"800x600":{"url":"https:\/\/www.valdallos.com\/medias\/images\/prestataires\/multitailles\/800x600_136740-cime_2014_chambre.jpg"},"640x480":{"url":"https:\/\/www.valdallos.com\/medias\/images\/prestataires\/multitailles\/640x480_136740-cime_2014_chambre.jpg"},"320x240":{"url":"https:\/\/www.valdallos.com\/medias\/images\/prestataires\/multitailles\/320x240_136740-cime_2014_chambre.jpg"},"160x120":{"url":"https:\/\/www.valdallos.com\/medias\/images\/prestataires\/multitailles\/160x120_136740-cime_2014_chambre.jpg"},"origine":{"url":"https:\/\/www.valdallos.com\/medias\/images\/prestataires\/136740-cime_2014_chambre.jpg"}},"urlLien":"","typeLien":"","nofollow":"N","copyright":"Les cimes du Val d'Allos"},{"url":"https:\/\/www.valdallos.com\/medias\/images\/prestataires\/136741-cime_2014_chambre2.jpg","chemin":"..\/medias\/images\/prestataires\/136741-cime_2014_chambre2.jpg","libelle":"Bedroom with double bed, window and curtains","extension":"jpg","categorie":"","largeur":800,"theme":"","hauteur":533,"type":"Image","origine":"","liaisonPave":"","langue":"","id":"136741","urlVignette":"https:\/\/www.valdallos.com\/medias\/images\/prestataires\/v-136741-cime_2014_chambre2.jpg","alt":"Bedroom with double bed, window and curtains","title":"Bedroom with double bed, window and curtains - &copy Les cimes du Val d'Allos","MultiTaille":{"1920x1440":{"url":"https:\/\/www.valdallos.com\/medias\/images\/prestataires\/multitailles\/1920x1440_136741-cime_2014_chambre2.jpg"},"1200x900":{"url":"https:\/\/www.valdallos.com\/medias\/images\/prestataires\/multitailles\/1200x900_136741-cime_2014_chambre2.jpg"},"800x600":{"url":"https:\/\/www.valdallos.com\/medias\/images\/prestataires\/multitailles\/800x600_136741-cime_2014_chambre2.jpg"},"640x480":{"url":"https:\/\/www.valdallos.com\/medias\/images\/prestataires\/multitailles\/640x480_136741-cime_2014_chambre2.jpg"},"320x240":{"url":"https:\/\/www.valdallos.com\/medias\/images\/prestataires\/multitailles\/320x240_136741-cime_2014_chambre2.jpg"},"160x120":{"url":"https:\/\/www.valdallos.com\/medias\/images\/prestataires\/multitailles\/160x120_136741-cime_2014_chambre2.jpg"},"origine":{"url":"https:\/\/www.valdallos.com\/medias\/images\/prestataires\/136741-cime_2014_chambre2.jpg"}},"urlLien":"","typeLien":"","nofollow":"N","copyright":"Les cimes du Val d'Allos"},{"url":"https:\/\/www.valdallos.com\/medias\/images\/prestataires\/136742-cime_2014_piscine.jpg","chemin":"..\/medias\/images\/prestataires\/136742-cime_2014_piscine.jpg","libelle":"Private swimming pool of the residence","extension":"jpg","categorie":"","largeur":800,"theme":"","hauteur":533,"type":"Image","origine":"","liaisonPave":"","langue":"","id":"136742","urlVignette":"https:\/\/www.valdallos.com\/medias\/images\/prestataires\/v-136742-cime_2014_piscine.jpg","alt":"Private swimming pool of the residence","title":"Private swimming pool of the residence - &copy office de tourisme du Val d'Allos R Palomba","MultiTaille":{"1920x1440":{"url":"https:\/\/www.valdallos.com\/medias\/images\/prestataires\/multitailles\/1920x1440_136742-cime_2014_piscine.jpg"},"1200x900":{"url":"https:\/\/www.valdallos.com\/medias\/images\/prestataires\/multitailles\/1200x900_136742-cime_2014_piscine.jpg"},"800x600":{"url":"https:\/\/www.valdallos.com\/medias\/images\/prestataires\/multitailles\/800x600_136742-cime_2014_piscine.jpg"},"640x480":{"url":"https:\/\/www.valdallos.com\/medias\/images\/prestataires\/multitailles\/640x480_136742-cime_2014_piscine.jpg"},"320x240":{"url":"https:\/\/www.valdallos.com\/medias\/images\/prestataires\/multitailles\/320x240_136742-cime_2014_piscine.jpg"},"160x120":{"url":"https:\/\/www.valdallos.com\/medias\/images\/prestataires\/multitailles\/160x120_136742-cime_2014_piscine.jpg"},"origine":{"url":"https:\/\/www.valdallos.com\/medias\/images\/prestataires\/136742-cime_2014_piscine.jpg"}},"urlLien":"","typeLien":"","nofollow":"N","copyright":"office de tourisme du Val d'Allos R Palomba"},{"url":"https:\/\/www.valdallos.com\/medias\/images\/prestataires\/136743-cime_2014_ete.jpg","chemin":"..\/medias\/images\/prestataires\/136743-cime_2014_ete.jpg","libelle":"Front view of the residence, a multi-story wooden building, with mountains in the background.","extension":"jpg","categorie":"","largeur":800,"theme":"ETE","hauteur":533,"type":"Image","origine":"","liaisonPave":"","langue":"","id":"136743","urlVignette":"https:\/\/www.valdallos.com\/medias\/images\/prestataires\/v-136743-cime_2014_ete.jpg","alt":"Front view of the residence, a multi-story wooden building, with mountains in the background.","title":"Front view of the residence, a multi-story wooden building, with mountains in the background. - &copy Les cimes du Val d'Allos","MultiTaille":{"1920x1440":{"url":"https:\/\/www.valdallos.com\/medias\/images\/prestataires\/multitailles\/1920x1440_136743-cime_2014_ete.jpg"},"1200x900":{"url":"https:\/\/www.valdallos.com\/medias\/images\/prestataires\/multitailles\/1200x900_136743-cime_2014_ete.jpg"},"800x600":{"url":"https:\/\/www.valdallos.com\/medias\/images\/prestataires\/multitailles\/800x600_136743-cime_2014_ete.jpg"},"640x480":{"url":"https:\/\/www.valdallos.com\/medias\/images\/prestataires\/multitailles\/640x480_136743-cime_2014_ete.jpg"},"320x240":{"url":"https:\/\/www.valdallos.com\/medias\/images\/prestataires\/multitailles\/320x240_136743-cime_2014_ete.jpg"},"160x120":{"url":"https:\/\/www.valdallos.com\/medias\/images\/prestataires\/multitailles\/160x120_136743-cime_2014_ete.jpg"},"origine":{"url":"https:\/\/www.valdallos.com\/medias\/images\/prestataires\/136743-cime_2014_ete.jpg"}},"urlLien":"","typeLien":"","nofollow":"N","copyright":"Les cimes du Val d'Allos"},{"url":"https:\/\/www.valdallos.com\/medias\/images\/prestataires\/136744-cime_2014_hiver.jpg","chemin":"..\/medias\/images\/prestataires\/136744-cime_2014_hiver.jpg","libelle":"Side view of the residence, a multi-story building, snow on the roofs, forest in the background","extension":"jpg","categorie":"","largeur":800,"theme":"HIVER","hauteur":533,"type":"Image","origine":"","liaisonPave":"","langue":"","id":"136744","urlVignette":"https:\/\/www.valdallos.com\/medias\/images\/prestataires\/v-136744-cime_2014_hiver.jpg","alt":"Side view of the residence, a multi-story building, snow on the roofs, forest in the background","title":"Side view of the residence, a multi-story building, snow on the roofs, forest in the background - &copy Les cimes du Val d'Allos","MultiTaille":{"1920x1440":{"url":"https:\/\/www.valdallos.com\/medias\/images\/prestataires\/multitailles\/1920x1440_136744-cime_2014_hiver.jpg"},"1200x900":{"url":"https:\/\/www.valdallos.com\/medias\/images\/prestataires\/multitailles\/1200x900_136744-cime_2014_hiver.jpg"},"800x600":{"url":"https:\/\/www.valdallos.com\/medias\/images\/prestataires\/multitailles\/800x600_136744-cime_2014_hiver.jpg"},"640x480":{"url":"https:\/\/www.valdallos.com\/medias\/images\/prestataires\/multitailles\/640x480_136744-cime_2014_hiver.jpg"},"320x240":{"url":"https:\/\/www.valdallos.com\/medias\/images\/prestataires\/multitailles\/320x240_136744-cime_2014_hiver.jpg"},"160x120":{"url":"https:\/\/www.valdallos.com\/medias\/images\/prestataires\/multitailles\/160x120_136744-cime_2014_hiver.jpg"},"origine":{"url":"https:\/\/www.valdallos.com\/medias\/images\/prestataires\/136744-cime_2014_hiver.jpg"}},"urlLien":"","typeLien":"","nofollow":"N","copyright":"Les cimes du Val d'Allos"},{"url":"https:\/\/www.valdallos.com\/medias\/images\/prestataires\/136745-cimes_hiver2.jpg","chemin":"..\/medias\/images\/prestataires\/136745-cimes_hiver2.jpg","libelle":"Side view of the residence, a multi-story building, snow around the building and a view of the resort","extension":"jpg","categorie":"","largeur":1200,"theme":"HIVER","hauteur":800,"type":"Image","origine":"","liaisonPave":"","langue":"","id":"136745","urlVignette":"https:\/\/www.valdallos.com\/medias\/images\/prestataires\/v-136745-cimes_hiver2.jpg","alt":"Side view of the residence, a multi-story building, snow around the building and a view of the resort","title":"Side view of the residence, a multi-story building, snow around the building and a view of the resort - &copy Les cimes du Val d'Allos","MultiTaille":{"1920x1440":{"url":"https:\/\/www.valdallos.com\/medias\/images\/prestataires\/multitailles\/1920x1440_136745-cimes_hiver2.jpg"},"1200x900":{"url":"https:\/\/www.valdallos.com\/medias\/images\/prestataires\/multitailles\/1200x900_136745-cimes_hiver2.jpg"},"800x600":{"url":"https:\/\/www.valdallos.com\/medias\/images\/prestataires\/multitailles\/800x600_136745-cimes_hiver2.jpg"},"640x480":{"url":"https:\/\/www.valdallos.com\/medias\/images\/prestataires\/multitailles\/640x480_136745-cimes_hiver2.jpg"},"320x240":{"url":"https:\/\/www.valdallos.com\/medias\/images\/prestataires\/multitailles\/320x240_136745-cimes_hiver2.jpg"},"160x120":{"url":"https:\/\/www.valdallos.com\/medias\/images\/prestataires\/multitailles\/160x120_136745-cimes_hiver2.jpg"},"origine":{"url":"https:\/\/www.valdallos.com\/medias\/images\/prestataires\/136745-cimes_hiver2.jpg"}},"urlLien":"","typeLien":"","nofollow":"N","copyright":"Les cimes du Val d'Allos"}],"ByCategorie":{"":[{"url":"https:\/\/www.valdallos.com\/medias\/images\/prestataires\/136738-cime_2014_sejour.jpg","chemin":"..\/medias\/images\/prestataires\/136738-cime_2014_sejour.jpg","libelle":"Bright apartment living room with sofa, armchair, dining table, TV, partitions to other spaces","extension":"jpg","categorie":"","largeur":800,"theme":"","hauteur":533,"type":"Image","origine":"","liaisonPave":"","langue":"","id":"136738","urlVignette":"https:\/\/www.valdallos.com\/medias\/images\/prestataires\/v-136738-cime_2014_sejour.jpg","alt":"Bright apartment living room with sofa, armchair, dining table, TV, partitions to other spaces","title":"Bright apartment living room with sofa, armchair, dining table, TV, partitions to other spaces - &copy Les cimes du Val d'Allos","MultiTaille":{"1920x1440":{"url":"https:\/\/www.valdallos.com\/medias\/images\/prestataires\/multitailles\/1920x1440_136738-cime_2014_sejour.jpg"},"1200x900":{"url":"https:\/\/www.valdallos.com\/medias\/images\/prestataires\/multitailles\/1200x900_136738-cime_2014_sejour.jpg"},"800x600":{"url":"https:\/\/www.valdallos.com\/medias\/images\/prestataires\/multitailles\/800x600_136738-cime_2014_sejour.jpg"},"640x480":{"url":"https:\/\/www.valdallos.com\/medias\/images\/prestataires\/multitailles\/640x480_136738-cime_2014_sejour.jpg"},"320x240":{"url":"https:\/\/www.valdallos.com\/medias\/images\/prestataires\/multitailles\/320x240_136738-cime_2014_sejour.jpg"},"160x120":{"url":"https:\/\/www.valdallos.com\/medias\/images\/prestataires\/multitailles\/160x120_136738-cime_2014_sejour.jpg"},"origine":{"url":"https:\/\/www.valdallos.com\/medias\/images\/prestataires\/136738-cime_2014_sejour.jpg"}},"urlLien":"","typeLien":"","nofollow":"N","copyright":"Les cimes du Val d'Allos"},{"url":"https:\/\/www.valdallos.com\/medias\/images\/prestataires\/136739-cime_2014_salon.jpg","chemin":"..\/medias\/images\/prestataires\/136739-cime_2014_salon.jpg","libelle":"Apartment living room with sofa bed, dining table, wall-mounted TV","extension":"jpg","categorie":"","largeur":800,"theme":"","hauteur":533,"type":"Image","origine":"","liaisonPave":"","langue":"","id":"136739","urlVignette":"https:\/\/www.valdallos.com\/medias\/images\/prestataires\/v-136739-cime_2014_salon.jpg","alt":"Apartment living room with sofa bed, dining table, wall-mounted TV","title":"Apartment living room with sofa bed, dining table, wall-mounted TV - &copy Les cimes du Val d'Allos","MultiTaille":{"1920x1440":{"url":"https:\/\/www.valdallos.com\/medias\/images\/prestataires\/multitailles\/1920x1440_136739-cime_2014_salon.jpg"},"1200x900":{"url":"https:\/\/www.valdallos.com\/medias\/images\/prestataires\/multitailles\/1200x900_136739-cime_2014_salon.jpg"},"800x600":{"url":"https:\/\/www.valdallos.com\/medias\/images\/prestataires\/multitailles\/800x600_136739-cime_2014_salon.jpg"},"640x480":{"url":"https:\/\/www.valdallos.com\/medias\/images\/prestataires\/multitailles\/640x480_136739-cime_2014_salon.jpg"},"320x240":{"url":"https:\/\/www.valdallos.com\/medias\/images\/prestataires\/multitailles\/320x240_136739-cime_2014_salon.jpg"},"160x120":{"url":"https:\/\/www.valdallos.com\/medias\/images\/prestataires\/multitailles\/160x120_136739-cime_2014_salon.jpg"},"origine":{"url":"https:\/\/www.valdallos.com\/medias\/images\/prestataires\/136739-cime_2014_salon.jpg"}},"urlLien":"","typeLien":"","nofollow":"N","copyright":"Les cimes du Val d'Allos"},{"url":"https:\/\/www.valdallos.com\/medias\/images\/prestataires\/136740-cime_2014_chambre.jpg","chemin":"..\/medias\/images\/prestataires\/136740-cime_2014_chambre.jpg","libelle":"Apartment bedroom with double bed and single bed, wooden furniture, window","extension":"jpg","categorie":"","largeur":800,"theme":"","hauteur":533,"type":"Image","origine":"","liaisonPave":"","langue":"","id":"136740","urlVignette":"https:\/\/www.valdallos.com\/medias\/images\/prestataires\/v-136740-cime_2014_chambre.jpg","alt":"Apartment bedroom with double bed and single bed, wooden furniture, window","title":"Apartment bedroom with double bed and single bed, wooden furniture, window - &copy Les cimes du Val d'Allos","MultiTaille":{"1920x1440":{"url":"https:\/\/www.valdallos.com\/medias\/images\/prestataires\/multitailles\/1920x1440_136740-cime_2014_chambre.jpg"},"1200x900":{"url":"https:\/\/www.valdallos.com\/medias\/images\/prestataires\/multitailles\/1200x900_136740-cime_2014_chambre.jpg"},"800x600":{"url":"https:\/\/www.valdallos.com\/medias\/images\/prestataires\/multitailles\/800x600_136740-cime_2014_chambre.jpg"},"640x480":{"url":"https:\/\/www.valdallos.com\/medias\/images\/prestataires\/multitailles\/640x480_136740-cime_2014_chambre.jpg"},"320x240":{"url":"https:\/\/www.valdallos.com\/medias\/images\/prestataires\/multitailles\/320x240_136740-cime_2014_chambre.jpg"},"160x120":{"url":"https:\/\/www.valdallos.com\/medias\/images\/prestataires\/multitailles\/160x120_136740-cime_2014_chambre.jpg"},"origine":{"url":"https:\/\/www.valdallos.com\/medias\/images\/prestataires\/136740-cime_2014_chambre.jpg"}},"urlLien":"","typeLien":"","nofollow":"N","copyright":"Les cimes du Val d'Allos"},{"url":"https:\/\/www.valdallos.com\/medias\/images\/prestataires\/136741-cime_2014_chambre2.jpg","chemin":"..\/medias\/images\/prestataires\/136741-cime_2014_chambre2.jpg","libelle":"Bedroom with double bed, window and curtains","extension":"jpg","categorie":"","largeur":800,"theme":"","hauteur":533,"type":"Image","origine":"","liaisonPave":"","langue":"","id":"136741","urlVignette":"https:\/\/www.valdallos.com\/medias\/images\/prestataires\/v-136741-cime_2014_chambre2.jpg","alt":"Bedroom with double bed, window and curtains","title":"Bedroom with double bed, window and curtains - &copy Les cimes du Val d'Allos","MultiTaille":{"1920x1440":{"url":"https:\/\/www.valdallos.com\/medias\/images\/prestataires\/multitailles\/1920x1440_136741-cime_2014_chambre2.jpg"},"1200x900":{"url":"https:\/\/www.valdallos.com\/medias\/images\/prestataires\/multitailles\/1200x900_136741-cime_2014_chambre2.jpg"},"800x600":{"url":"https:\/\/www.valdallos.com\/medias\/images\/prestataires\/multitailles\/800x600_136741-cime_2014_chambre2.jpg"},"640x480":{"url":"https:\/\/www.valdallos.com\/medias\/images\/prestataires\/multitailles\/640x480_136741-cime_2014_chambre2.jpg"},"320x240":{"url":"https:\/\/www.valdallos.com\/medias\/images\/prestataires\/multitailles\/320x240_136741-cime_2014_chambre2.jpg"},"160x120":{"url":"https:\/\/www.valdallos.com\/medias\/images\/prestataires\/multitailles\/160x120_136741-cime_2014_chambre2.jpg"},"origine":{"url":"https:\/\/www.valdallos.com\/medias\/images\/prestataires\/136741-cime_2014_chambre2.jpg"}},"urlLien":"","typeLien":"","nofollow":"N","copyright":"Les cimes du Val d'Allos"},{"url":"https:\/\/www.valdallos.com\/medias\/images\/prestataires\/136742-cime_2014_piscine.jpg","chemin":"..\/medias\/images\/prestataires\/136742-cime_2014_piscine.jpg","libelle":"Private swimming pool of the residence","extension":"jpg","categorie":"","largeur":800,"theme":"","hauteur":533,"type":"Image","origine":"","liaisonPave":"","langue":"","id":"136742","urlVignette":"https:\/\/www.valdallos.com\/medias\/images\/prestataires\/v-136742-cime_2014_piscine.jpg","alt":"Private swimming pool of the residence","title":"Private swimming pool of the residence - &copy office de tourisme du Val d'Allos R Palomba","MultiTaille":{"1920x1440":{"url":"https:\/\/www.valdallos.com\/medias\/images\/prestataires\/multitailles\/1920x1440_136742-cime_2014_piscine.jpg"},"1200x900":{"url":"https:\/\/www.valdallos.com\/medias\/images\/prestataires\/multitailles\/1200x900_136742-cime_2014_piscine.jpg"},"800x600":{"url":"https:\/\/www.valdallos.com\/medias\/images\/prestataires\/multitailles\/800x600_136742-cime_2014_piscine.jpg"},"640x480":{"url":"https:\/\/www.valdallos.com\/medias\/images\/prestataires\/multitailles\/640x480_136742-cime_2014_piscine.jpg"},"320x240":{"url":"https:\/\/www.valdallos.com\/medias\/images\/prestataires\/multitailles\/320x240_136742-cime_2014_piscine.jpg"},"160x120":{"url":"https:\/\/www.valdallos.com\/medias\/images\/prestataires\/multitailles\/160x120_136742-cime_2014_piscine.jpg"},"origine":{"url":"https:\/\/www.valdallos.com\/medias\/images\/prestataires\/136742-cime_2014_piscine.jpg"}},"urlLien":"","typeLien":"","nofollow":"N","copyright":"office de tourisme du Val d'Allos R Palomba"},{"url":"https:\/\/www.valdallos.com\/medias\/images\/prestataires\/136743-cime_2014_ete.jpg","chemin":"..\/medias\/images\/prestataires\/136743-cime_2014_ete.jpg","libelle":"Front view of the residence, a multi-story wooden building, with mountains in the background.","extension":"jpg","categorie":"","largeur":800,"theme":"ETE","hauteur":533,"type":"Image","origine":"","liaisonPave":"","langue":"","id":"136743","urlVignette":"https:\/\/www.valdallos.com\/medias\/images\/prestataires\/v-136743-cime_2014_ete.jpg","alt":"Front view of the residence, a multi-story wooden building, with mountains in the background.","title":"Front view of the residence, a multi-story wooden building, with mountains in the background. - &copy Les cimes du Val d'Allos","MultiTaille":{"1920x1440":{"url":"https:\/\/www.valdallos.com\/medias\/images\/prestataires\/multitailles\/1920x1440_136743-cime_2014_ete.jpg"},"1200x900":{"url":"https:\/\/www.valdallos.com\/medias\/images\/prestataires\/multitailles\/1200x900_136743-cime_2014_ete.jpg"},"800x600":{"url":"https:\/\/www.valdallos.com\/medias\/images\/prestataires\/multitailles\/800x600_136743-cime_2014_ete.jpg"},"640x480":{"url":"https:\/\/www.valdallos.com\/medias\/images\/prestataires\/multitailles\/640x480_136743-cime_2014_ete.jpg"},"320x240":{"url":"https:\/\/www.valdallos.com\/medias\/images\/prestataires\/multitailles\/320x240_136743-cime_2014_ete.jpg"},"160x120":{"url":"https:\/\/www.valdallos.com\/medias\/images\/prestataires\/multitailles\/160x120_136743-cime_2014_ete.jpg"},"origine":{"url":"https:\/\/www.valdallos.com\/medias\/images\/prestataires\/136743-cime_2014_ete.jpg"}},"urlLien":"","typeLien":"","nofollow":"N","copyright":"Les cimes du Val d'Allos"},{"url":"https:\/\/www.valdallos.com\/medias\/images\/prestataires\/136744-cime_2014_hiver.jpg","chemin":"..\/medias\/images\/prestataires\/136744-cime_2014_hiver.jpg","libelle":"Side view of the residence, a multi-story building, snow on the roofs, forest in the background","extension":"jpg","categorie":"","largeur":800,"theme":"HIVER","hauteur":533,"type":"Image","origine":"","liaisonPave":"","langue":"","id":"136744","urlVignette":"https:\/\/www.valdallos.com\/medias\/images\/prestataires\/v-136744-cime_2014_hiver.jpg","alt":"Side view of the residence, a multi-story building, snow on the roofs, forest in the background","title":"Side view of the residence, a multi-story building, snow on the roofs, forest in the background - &copy Les cimes du Val d'Allos","MultiTaille":{"1920x1440":{"url":"https:\/\/www.valdallos.com\/medias\/images\/prestataires\/multitailles\/1920x1440_136744-cime_2014_hiver.jpg"},"1200x900":{"url":"https:\/\/www.valdallos.com\/medias\/images\/prestataires\/multitailles\/1200x900_136744-cime_2014_hiver.jpg"},"800x600":{"url":"https:\/\/www.valdallos.com\/medias\/images\/prestataires\/multitailles\/800x600_136744-cime_2014_hiver.jpg"},"640x480":{"url":"https:\/\/www.valdallos.com\/medias\/images\/prestataires\/multitailles\/640x480_136744-cime_2014_hiver.jpg"},"320x240":{"url":"https:\/\/www.valdallos.com\/medias\/images\/prestataires\/multitailles\/320x240_136744-cime_2014_hiver.jpg"},"160x120":{"url":"https:\/\/www.valdallos.com\/medias\/images\/prestataires\/multitailles\/160x120_136744-cime_2014_hiver.jpg"},"origine":{"url":"https:\/\/www.valdallos.com\/medias\/images\/prestataires\/136744-cime_2014_hiver.jpg"}},"urlLien":"","typeLien":"","nofollow":"N","copyright":"Les cimes du Val d'Allos"},{"url":"https:\/\/www.valdallos.com\/medias\/images\/prestataires\/136745-cimes_hiver2.jpg","chemin":"..\/medias\/images\/prestataires\/136745-cimes_hiver2.jpg","libelle":"Side view of the residence, a multi-story building, snow around the building and a view of the resort","extension":"jpg","categorie":"","largeur":1200,"theme":"HIVER","hauteur":800,"type":"Image","origine":"","liaisonPave":"","langue":"","id":"136745","urlVignette":"https:\/\/www.valdallos.com\/medias\/images\/prestataires\/v-136745-cimes_hiver2.jpg","alt":"Side view of the residence, a multi-story building, snow around the building and a view of the resort","title":"Side view of the residence, a multi-story building, snow around the building and a view of the resort - &copy Les cimes du Val d'Allos","MultiTaille":{"1920x1440":{"url":"https:\/\/www.valdallos.com\/medias\/images\/prestataires\/multitailles\/1920x1440_136745-cimes_hiver2.jpg"},"1200x900":{"url":"https:\/\/www.valdallos.com\/medias\/images\/prestataires\/multitailles\/1200x900_136745-cimes_hiver2.jpg"},"800x600":{"url":"https:\/\/www.valdallos.com\/medias\/images\/prestataires\/multitailles\/800x600_136745-cimes_hiver2.jpg"},"640x480":{"url":"https:\/\/www.valdallos.com\/medias\/images\/prestataires\/multitailles\/640x480_136745-cimes_hiver2.jpg"},"320x240":{"url":"https:\/\/www.valdallos.com\/medias\/images\/prestataires\/multitailles\/320x240_136745-cimes_hiver2.jpg"},"160x120":{"url":"https:\/\/www.valdallos.com\/medias\/images\/prestataires\/multitailles\/160x120_136745-cimes_hiver2.jpg"},"origine":{"url":"https:\/\/www.valdallos.com\/medias\/images\/prestataires\/136745-cimes_hiver2.jpg"}},"urlLien":"","typeLien":"","nofollow":"N","copyright":"Les cimes du Val d'Allos"}]}},"Url":"les-cimes-du-val-d-allos-residence-val-dallos-la-foux.html","Localisation":{"GoogleMap":{"Latitude":"44.297768","Longitude":"6.569091"},"PlanStation":{"idPlan":"6","nomPlan":"[NEW] Plan La Foux","carte":"\/plan\/plan_station_2018[HIVER_FR[.jpg","PositionAbs":"1235","PositionOrd":"398"}},"ZoneGeo":"FRPA04VAV1800","LiensEtWidgetsParType":{"R":[{"Id":"18","TypePrestataire":"G","CodePrestataire":"631326","CodePrestation":"","CodeLibelle":"","Type":"R","Url":"https:\/\/cdva.resalys.com\/rsl\/clickbooking","Defaut":"N","Langue":"","Nature":"URL","Import":"","LibelleText":"","Theme":""}]},"LiensEtWidgets":[{"Id":"18","TypePrestataire":"G","CodePrestataire":"631326","CodePrestation":"","CodeLibelle":"","Type":"R","Url":"https:\/\/cdva.resalys.com\/rsl\/clickbooking","Defaut":"N","Langue":"","Nature":"URL","Import":"","LibelleText":"","Theme":""}],"Criteres":{"GINFADH[GFIN":"","P.PUBLICATION[VALDALLOS":"","P.PUBLICATION[VERDONTOURISME":"","GTIMMO[GRESID":"","P.classementPrefectoral[FAM":"","VIRTFICHELISTE[ANIMADMIS":"","VIRTFICHELISTE[PARKING":"","VIRTFICHELISTE[WEBWIFI":"","VIRTFICHELISTE[CV":"","VIRTFICHELISTE[FAMILLEPLUS":"","VIRTFICHELISTE[PISCINE":"","P.GLOC[G18":"","P.113[1593":"","P.23[698":"","P.23[957":"","P.23[1054":"","P.127[914":"","P.127[1064":"","P.126[972":"","P.126[1050":"","P.123[1093":"","P.123[1504":"","P.equipements[1300":"","P.122[4063":"","P.services[687":"","P.services[1025":"","P.79[993":"","P.118[1028":"","P.118[1110":"","P.118[1145":"","P.118[1150":"","P.78[1111":"","P.78[1115":"","P.78[1166":"","P.prestations[animauxAcceptes":"","P.prestations[animauxAcceptesSupplement":"","P.prestations[surchargeTourismesAdaptes":"","P.prestations[surchargeDescriptifHandicapMoteur":"","P.prestations[surchargeDescriptifHandicapAuditif":"","P.prestations[surchargeDescriptifHandicapVisuel":"","P.prestations[surchargeDescriptifHandicapMental":"","P.prestations[surchargeNombreFauteuilsRoulants":"","P.69[838":"","P.69[1014":"","P.69[1015":"","P.69[4060":"","P.languesParlees[1192":"","P.languesParlees[1197":"","P.3650[3653":"","P.5[593":"","P.7237[160":"","P.7237[183":"","P.6528[169":"","P.environnements[171":"","P.environnements[193":"","P.114[416":"","P.114[418":"","P.114[435":"","P.114[436":"","P.modesPaiement[1268":"","P.modesPaiement[1271":"","P.modesPaiement[1274":"","P.tourismeAffaires[tourismeAffairesEnabled":"","P.tourismeAffaires[devise":"EUR","P.hebergementCollectifType[2649":"","P.informationsHebergementCollectif[dateClassement":"2023-09-25","P.classementPrefectoral[2660":"","P.typesHebergement[1317":"","P.5403[1613":"","P.5402[1625":"","P.capacite[capaciteTotale":"614","P.capacite[capaciteTotaleReelle":"107","P.capacite[nombreAppartements":"97","P.CINTSITRA[5660":"","P.CINTSITRA[5663":"","P.CINTSITRA[5664":"","P.CINTSITRA[6787":"","P.CINTSITRA[8809":"","P.6241[126905":"","P.6241[5740912":"","P.3218[311229":"","P.3220[587401":"","P.3220[5575332":"","P.3233[591419":"","P.3221[4876304":"","P.3219[5127066":"","P.3219[5239406":"","P.3240[5778284":"","P.3230[6139211":"","P.VilleSitra[37282":"","P.VillageDeDepart[37282":"","P.114[439":""},"DateFinPublication":""},"Fichier":{"Image":[{"url":"https:\/\/www.valdallos.com\/medias\/images\/prestations\/residence-les-cimes-343.jpg","chemin":"..\/medias\/images\/prestations\/residence-les-cimes-343.jpg","libelle":"residence","extension":"jpg","categorie":"","largeur":800,"theme":"ETE","hauteur":533,"type":"Image","origine":"","liaisonPave":"","langue":"","id":"343","urlVignette":"https:\/\/www.valdallos.com\/medias\/images\/prestations\/v-residence-les-cimes-343.jpg","alt":"residence","title":"residence","MultiTaille":{"1920x1440":{"url":"https:\/\/www.valdallos.com\/medias\/images\/prestations\/multitailles\/1920x1440_residence-les-cimes-343.jpg"},"1200x900":{"url":"https:\/\/www.valdallos.com\/medias\/images\/prestations\/multitailles\/1200x900_residence-les-cimes-343.jpg"},"800x600":{"url":"https:\/\/www.valdallos.com\/medias\/images\/prestations\/multitailles\/800x600_residence-les-cimes-343.jpg"},"640x480":{"url":"https:\/\/www.valdallos.com\/medias\/images\/prestations\/multitailles\/640x480_residence-les-cimes-343.jpg"},"320x240":{"url":"https:\/\/www.valdallos.com\/medias\/images\/prestations\/multitailles\/320x240_residence-les-cimes-343.jpg"},"160x120":{"url":"https:\/\/www.valdallos.com\/medias\/images\/prestations\/multitailles\/160x120_residence-les-cimes-343.jpg"},"origine":{"url":"https:\/\/www.valdallos.com\/medias\/images\/prestations\/residence-les-cimes-343.jpg"}},"urlLien":"","typeLien":"","nofollow":"N","copyright":""},{"url":"https:\/\/www.valdallos.com\/medias\/images\/prestations\/cime-residence-322.jpg","chemin":"..\/medias\/images\/prestations\/cime-residence-322.jpg","libelle":"tourism residence","extension":"jpg","categorie":"","largeur":800,"theme":"HIVER","hauteur":533,"type":"Image","origine":"","liaisonPave":"","langue":"","id":"322","urlVignette":"https:\/\/www.valdallos.com\/medias\/images\/prestations\/v-cime-residence-322.jpg","alt":"tourism residence","title":"tourism residence","MultiTaille":{"1920x1440":{"url":"https:\/\/www.valdallos.com\/medias\/images\/prestations\/multitailles\/1920x1440_cime-residence-322.jpg"},"1200x900":{"url":"https:\/\/www.valdallos.com\/medias\/images\/prestations\/multitailles\/1200x900_cime-residence-322.jpg"},"800x600":{"url":"https:\/\/www.valdallos.com\/medias\/images\/prestations\/multitailles\/800x600_cime-residence-322.jpg"},"640x480":{"url":"https:\/\/www.valdallos.com\/medias\/images\/prestations\/multitailles\/640x480_cime-residence-322.jpg"},"320x240":{"url":"https:\/\/www.valdallos.com\/medias\/images\/prestations\/multitailles\/320x240_cime-residence-322.jpg"},"160x120":{"url":"https:\/\/www.valdallos.com\/medias\/images\/prestations\/multitailles\/160x120_cime-residence-322.jpg"},"origine":{"url":"https:\/\/www.valdallos.com\/medias\/images\/prestations\/cime-residence-322.jpg"}},"urlLien":"","typeLien":"","nofollow":"N","copyright":""}],"ByCategorie":{"":[{"url":"https:\/\/www.valdallos.com\/medias\/images\/prestations\/residence-les-cimes-343.jpg","chemin":"..\/medias\/images\/prestations\/residence-les-cimes-343.jpg","libelle":"residence","extension":"jpg","categorie":"","largeur":800,"theme":"ETE","hauteur":533,"type":"Image","origine":"","liaisonPave":"","langue":"","id":"343","urlVignette":"https:\/\/www.valdallos.com\/medias\/images\/prestations\/v-residence-les-cimes-343.jpg","alt":"residence","title":"residence","MultiTaille":{"1920x1440":{"url":"https:\/\/www.valdallos.com\/medias\/images\/prestations\/multitailles\/1920x1440_residence-les-cimes-343.jpg"},"1200x900":{"url":"https:\/\/www.valdallos.com\/medias\/images\/prestations\/multitailles\/1200x900_residence-les-cimes-343.jpg"},"800x600":{"url":"https:\/\/www.valdallos.com\/medias\/images\/prestations\/multitailles\/800x600_residence-les-cimes-343.jpg"},"640x480":{"url":"https:\/\/www.valdallos.com\/medias\/images\/prestations\/multitailles\/640x480_residence-les-cimes-343.jpg"},"320x240":{"url":"https:\/\/www.valdallos.com\/medias\/images\/prestations\/multitailles\/320x240_residence-les-cimes-343.jpg"},"160x120":{"url":"https:\/\/www.valdallos.com\/medias\/images\/prestations\/multitailles\/160x120_residence-les-cimes-343.jpg"},"origine":{"url":"https:\/\/www.valdallos.com\/medias\/images\/prestations\/residence-les-cimes-343.jpg"}},"urlLien":"","typeLien":"","nofollow":"N","copyright":""},{"url":"https:\/\/www.valdallos.com\/medias\/images\/prestations\/cime-residence-322.jpg","chemin":"..\/medias\/images\/prestations\/cime-residence-322.jpg","libelle":"tourism residence","extension":"jpg","categorie":"","largeur":800,"theme":"HIVER","hauteur":533,"type":"Image","origine":"","liaisonPave":"","langue":"","id":"322","urlVignette":"https:\/\/www.valdallos.com\/medias\/images\/prestations\/v-cime-residence-322.jpg","alt":"tourism residence","title":"tourism residence","MultiTaille":{"1920x1440":{"url":"https:\/\/www.valdallos.com\/medias\/images\/prestations\/multitailles\/1920x1440_cime-residence-322.jpg"},"1200x900":{"url":"https:\/\/www.valdallos.com\/medias\/images\/prestations\/multitailles\/1200x900_cime-residence-322.jpg"},"800x600":{"url":"https:\/\/www.valdallos.com\/medias\/images\/prestations\/multitailles\/800x600_cime-residence-322.jpg"},"640x480":{"url":"https:\/\/www.valdallos.com\/medias\/images\/prestations\/multitailles\/640x480_cime-residence-322.jpg"},"320x240":{"url":"https:\/\/www.valdallos.com\/medias\/images\/prestations\/multitailles\/320x240_cime-residence-322.jpg"},"160x120":{"url":"https:\/\/www.valdallos.com\/medias\/images\/prestations\/multitailles\/160x120_cime-residence-322.jpg"},"origine":{"url":"https:\/\/www.valdallos.com\/medias\/images\/prestations\/cime-residence-322.jpg"}},"urlLien":"","typeLien":"","nofollow":"N","copyright":""}]}},"DateDebPublication":"","DateFinPublication":"","PrixAPartirDe":"","PrixPour":"","FicheListeEnCours":"fiche_liste_immobilier_prestation_OT_v3","ParametresModele":{"AfficherPhotos":1,"NbPhotosMax":6,"AfficherReserver":0,"AfficherContact":0,"AfficherSalle":1,"AfficherZoneGeo":0,"AfficherEnSavoirPlus":"0","AfficherUneSeuleOuverture":0,"AfficherContactCarte":1,"AfficherTarifsChaudAPartirDe":0,"AfficherTarifChaudSansRecherche":0,"AfficherDispoAccordeon":"1","AfficherDispoResa":"1","AfficherPrixAPartirDe":"1","BlocCritereInfo":{"critere1":{"libelle":"","liste_critere":["classementPrefectoral|2631|G","classementPrefectoral|2630|G","classementPrefectoral|2629|G","classementPrefectoral|2628|G","classementPrefectoral|2627|G","classementPrefectoral|2632|G"]},"critere2":{"libelle":"","liste_critere":["GLOC|G"]},"critere3":{"libelle":""},"critere4":{"libelle":""},"critere5":{"libelle":"","liste_critere":["GHANDI|G","AFFEQUIP|WIFI|G","AFFEQUIP|ANIMAUX|G","AFFEQUIP|PARKING|G","AFFEQUIP|LAVEVAIS|G","AFFEQUIP|LAVELINGEAFF|G","GCHAMB|G","NBPERS|G","GSURFA|G","GLOGEM|G"]},"critere6":{"libelle":"","liste_critere":["GLABEL|GCLEVA|G"]},"critere7":{"libelle":""},"critere8":{"libelle":""},"critere9":{"libelle":""},"afficherpictoetpaslibelle":"1"},"BlocPaveInfo":{"texte1":{"pave":["6","15","20"],"longeurmax":"250","afficherLibelle":"0","garderHtml":"0","boutonVoirPlus":""},"texte3":{"longeurmax":"","afficherLibelle":"0","garderHtml":"0","boutonVoirPlus":""}},"CriteresComportementDispo":"DISPONIBILITES[PLANNINGACT","PositionBloc":"GALLERIE|ZONEPRINCIPALFICHEPRESTA|NOM|CARNET_VOYAGE|ACCROCHE_TARIF_DISPO","TypePrestataire":"G","ComportementResa":false,"ComportementDispo":false},"AffichageCoordonnees":[],"Coordonnees":{"Ville":"LA FOUX D'ALLOS"},"ContexteId":"PRESTATION|G|631326|01","ContexteIdHtml":"PRESTATION-G-631326-01","cleContexte":"G|631326|01","Bloc":{"texte1":"","texte3":"","critere1":{"libelle":"","contenu":[]},"critere2":{"libelle":"","contenu":{"GLOC":{"libelle":"situation","contenu":{"1":"Val d'Allos- La Foux"},"codesValeurs":{"1":"GLOC|G18|G"},"criteres_datas":{"valeurs":{"1":{"G18":{"descriptif":""}}}}}}},"critere3":{"libelle":"","contenu":[]},"critere4":{"libelle":"","contenu":[]},"critere5":{"libelle":"","contenu":{"NBPERS":{"libelle":"People","contenu":{"7":"8 people"},"codesValeurs":{"7":"NBPERS|GCAP08|G"},"criteres_datas":{"valeurs":{"7":{"GCAP08":{"descriptif":""}}}}},"GLOGEM":{"libelle":"Type of Accommodation","contenu":{"3":"appartment in residence"},"codesValeurs":{"3":"GLOGEM|GAPPRE|G"},"criteres_datas":{"valeurs":{"3":{"GAPPRE":{"descriptif":""}}}}},"GHANDI":{"libelle":"disabled facilities","contenu":{"1":"\u003Cimg src=\"https:\/\/www.valdallos.com\/medias\/images\/picto\/accessible_persones_a_mobilite_reduite.gif\"  alt=\"disabled facilities\" title=\"disabled facilities\" \/\u003E"},"codesValeurs":{"1":"GHANDI|GACCHA|G"},"criteres_datas":{"valeurs":{"1":{"GACCHA":{"descriptif":""}}}}},"AFFEQUIP":{"libelle":"Equipments and services","contenu":{"1":"Internet \/ WiFi","3":"Parking \/ Garage"},"codesValeurs":{"1":"AFFEQUIP|WIFI|G","3":"AFFEQUIP|PARKING|G"},"criteres_datas":{"valeurs":{"1":{"WIFI":{"descriptif":""}},"3":{"PARKING":{"descriptif":""}}}}}}},"critere6":{"libelle":"","contenu":{"GLABEL":{"libelle":"labels","contenu":{"1":"\u003Cimg src=\"https:\/\/www.valdallos.com\/medias\/images\/picto\/GLABEL-GCLEVA-G.jpg\"  alt=\"famille plus montagne\" title=\"famille plus montagne\" \/\u003E"},"codesValeurs":{"1":"GLABEL|GCLEVA|G"},"criteres_datas":{"valeurs":{"1":{"GCLEVA":{"descriptif":""}}}}}}},"critere7":{"libelle":"","contenu":[]},"critere8":{"libelle":"","contenu":[]},"critere9":{"libelle":"","contenu":[]}},"LocalisationGps":{"Latitude":"44.29719","Longitude":"6.56981"},"libelleDuPrestataire":"","vuePrestataire":{"pave1":{"libelle":"descriptive","contenu":""},"pave2":{"libelle":"Descriptif court","contenu":"A comfortable residence with services, nearby ski runs."},"pave3":{"libelle":"Descriptif d\u00e9taill\u00e9","contenu":""},"pave4":{"libelle":"Bons plans","contenu":""},"pave5":{"libelle":"Compl\u00e9ment localisation","contenu":""},"pave6":{"libelle":"Compl\u00e9ment accueil","contenu":""},"pave7":{"libelle":"P\u00e9riodes en clair","contenu":"All year round daily."},"pave8":{"libelle":"Tarifs en clair","contenu":"Tax not included."},"pave9":{"libelle":"Compl\u00e9ment Tarifs","contenu":""},"pave10":{"libelle":"Compl\u00e9ment R\u00e9servation","contenu":""},"pave11":{"libelle":"Descriptif court","contenu":""},"pave12":{"libelle":"Descriptif d\u00e9taill\u00e9","contenu":""},"pave13":{"libelle":"Bons plans","contenu":""},"pave14":{"libelle":"Tarifs (Tarifs en clair, Compl\u00e9ment Tarifs)","contenu":""},"pave15":{"libelle":"P\u00e9riodes en clair","contenu":""},"pave16":{"libelle":"Descriptif court","contenu":""},"pave17":{"libelle":"Descriptif d\u00e9taill\u00e9","contenu":""},"pave18":{"libelle":"Bons plans","contenu":""},"pave19":{"libelle":"Tarifs (Tarifs en clair, Compl\u00e9ment Tarifs)","contenu":""},"pave20":{"libelle":"P\u00e9riodes en clair","contenu":""},"pave21":{"libelle":"Dispositions sp\u00e9ciales","contenu":""},"pave22":{"libelle":"Nouveaut\u00e9s","contenu":""},"pave23":{"libelle":"Gestes pour l'environnement","contenu":""},"pave24":{"libelle":"","contenu":""},"pave25":{"libelle":"","contenu":""},"ContactsParType":{"":{"117271":{"id_contact":"117271","type_contact":"","categorie_contact":"PRESTATAIRE","societe_contact":"","fonction_contact":"","civilite_nom_prenom_contact":"P\u00e9ri Bruno ","adresse1_contact":"","adresse2_contact":"","adresse3_contact":"","cpostal_contact":"","ville_contact":"","teldom_contact":"","telbur_contact":"","fax_contact":"","portable_contact":"","email_contact":"","siteweb_contact":"","commentaire_contact":"","langue_contact":"","autre_moyen_com":[]}},"RES":{"117272":{"id_contact":"117272","type_contact":"RES","categorie_contact":"PRESTATAIRE","societe_contact":"","fonction_contact":"","civilite_nom_prenom_contact":"Je r\u00e9serve mon s\u00e9jour ","adresse1_contact":"","adresse2_contact":"","adresse3_contact":"","cpostal_contact":"","ville_contact":"","teldom_contact":"","telbur_contact":"","fax_contact":"","portable_contact":"","email_contact":"","siteweb_contact":"https:\/\/cdva.resalys.com\/rsl\/clickbooking","commentaire_contact":"","langue_contact":"","autre_moyen_com":[]}}},"ZoneGeoLibelle":"Val d\u2019Allos \u2013 La Foux","Libelle":"Les Cimes du Val d'Allos residence","Nom":"R\u00e9sidence de tourisme les Cimes du Val d'Allos","Prenom":"","NomPrenom":"R\u00e9sidence de tourisme les Cimes du Val d'Allos ","CiviliteNomPrenom":"R\u00e9sidence de tourisme les Cimes du Val d'Allos ","Cle":"G|631326","PrestataireParent":"","ContexteStat":"PRESTATAIRE-G-631326","DateModificationIso":"2026-03-06T00:20:00+01:00","Type":"PRESTATAIRE","TypePrestataire":"G","Adresse":{"LigneAdresse1":"lieu dit la sestri\u00e8re","LigneAdresse2":"route du col d'Allos","LigneAdresse3":"Val d'Allos - la Foux","CodePostal":"04260","Ville":"La Foux d\u2019Allos","Cedex":"","Etat":"","Pays":"FRA"},"Email":"reservation@lescimesduvaldallos.com","Telephone":"04 92 83 65 59","TelephoneBureau":"","Portable":"","SiteWeb":"http:\/\/www.lescimesduvaldallos.com","Fax":"","Id":"g-631326","Code":"G|631326","Fichier":{"Image":[{"url":"https:\/\/www.valdallos.com\/medias\/images\/prestataires\/136738-cime_2014_sejour.jpg","chemin":"..\/medias\/images\/prestataires\/136738-cime_2014_sejour.jpg","libelle":"Bright apartment living room with sofa, armchair, dining table, TV, partitions to other spaces","extension":"jpg","categorie":"","largeur":800,"theme":"","hauteur":533,"type":"Image","origine":"","liaisonPave":"","langue":"","id":"136738","urlVignette":"https:\/\/www.valdallos.com\/medias\/images\/prestataires\/v-136738-cime_2014_sejour.jpg","alt":"Bright apartment living room with sofa, armchair, dining table, TV, partitions to other spaces","title":"Bright apartment living room with sofa, armchair, dining table, TV, partitions to other spaces - &copy Les cimes du Val d'Allos","MultiTaille":{"1920x1440":{"url":"https:\/\/www.valdallos.com\/medias\/images\/prestataires\/multitailles\/1920x1440_136738-cime_2014_sejour.jpg"},"1200x900":{"url":"https:\/\/www.valdallos.com\/medias\/images\/prestataires\/multitailles\/1200x900_136738-cime_2014_sejour.jpg"},"800x600":{"url":"https:\/\/www.valdallos.com\/medias\/images\/prestataires\/multitailles\/800x600_136738-cime_2014_sejour.jpg"},"640x480":{"url":"https:\/\/www.valdallos.com\/medias\/images\/prestataires\/multitailles\/640x480_136738-cime_2014_sejour.jpg"},"320x240":{"url":"https:\/\/www.valdallos.com\/medias\/images\/prestataires\/multitailles\/320x240_136738-cime_2014_sejour.jpg"},"160x120":{"url":"https:\/\/www.valdallos.com\/medias\/images\/prestataires\/multitailles\/160x120_136738-cime_2014_sejour.jpg"},"origine":{"url":"https:\/\/www.valdallos.com\/medias\/images\/prestataires\/136738-cime_2014_sejour.jpg"}},"urlLien":"","typeLien":"","nofollow":"N","copyright":"Les cimes du Val d'Allos"},{"url":"https:\/\/www.valdallos.com\/medias\/images\/prestataires\/136739-cime_2014_salon.jpg","chemin":"..\/medias\/images\/prestataires\/136739-cime_2014_salon.jpg","libelle":"Apartment living room with sofa bed, dining table, wall-mounted TV","extension":"jpg","categorie":"","largeur":800,"theme":"","hauteur":533,"type":"Image","origine":"","liaisonPave":"","langue":"","id":"136739","urlVignette":"https:\/\/www.valdallos.com\/medias\/images\/prestataires\/v-136739-cime_2014_salon.jpg","alt":"Apartment living room with sofa bed, dining table, wall-mounted TV","title":"Apartment living room with sofa bed, dining table, wall-mounted TV - &copy Les cimes du Val d'Allos","MultiTaille":{"1920x1440":{"url":"https:\/\/www.valdallos.com\/medias\/images\/prestataires\/multitailles\/1920x1440_136739-cime_2014_salon.jpg"},"1200x900":{"url":"https:\/\/www.valdallos.com\/medias\/images\/prestataires\/multitailles\/1200x900_136739-cime_2014_salon.jpg"},"800x600":{"url":"https:\/\/www.valdallos.com\/medias\/images\/prestataires\/multitailles\/800x600_136739-cime_2014_salon.jpg"},"640x480":{"url":"https:\/\/www.valdallos.com\/medias\/images\/prestataires\/multitailles\/640x480_136739-cime_2014_salon.jpg"},"320x240":{"url":"https:\/\/www.valdallos.com\/medias\/images\/prestataires\/multitailles\/320x240_136739-cime_2014_salon.jpg"},"160x120":{"url":"https:\/\/www.valdallos.com\/medias\/images\/prestataires\/multitailles\/160x120_136739-cime_2014_salon.jpg"},"origine":{"url":"https:\/\/www.valdallos.com\/medias\/images\/prestataires\/136739-cime_2014_salon.jpg"}},"urlLien":"","typeLien":"","nofollow":"N","copyright":"Les cimes du Val d'Allos"},{"url":"https:\/\/www.valdallos.com\/medias\/images\/prestataires\/136740-cime_2014_chambre.jpg","chemin":"..\/medias\/images\/prestataires\/136740-cime_2014_chambre.jpg","libelle":"Apartment bedroom with double bed and single bed, wooden furniture, window","extension":"jpg","categorie":"","largeur":800,"theme":"","hauteur":533,"type":"Image","origine":"","liaisonPave":"","langue":"","id":"136740","urlVignette":"https:\/\/www.valdallos.com\/medias\/images\/prestataires\/v-136740-cime_2014_chambre.jpg","alt":"Apartment bedroom with double bed and single bed, wooden furniture, window","title":"Apartment bedroom with double bed and single bed, wooden furniture, window - &copy Les cimes du Val d'Allos","MultiTaille":{"1920x1440":{"url":"https:\/\/www.valdallos.com\/medias\/images\/prestataires\/multitailles\/1920x1440_136740-cime_2014_chambre.jpg"},"1200x900":{"url":"https:\/\/www.valdallos.com\/medias\/images\/prestataires\/multitailles\/1200x900_136740-cime_2014_chambre.jpg"},"800x600":{"url":"https:\/\/www.valdallos.com\/medias\/images\/prestataires\/multitailles\/800x600_136740-cime_2014_chambre.jpg"},"640x480":{"url":"https:\/\/www.valdallos.com\/medias\/images\/prestataires\/multitailles\/640x480_136740-cime_2014_chambre.jpg"},"320x240":{"url":"https:\/\/www.valdallos.com\/medias\/images\/prestataires\/multitailles\/320x240_136740-cime_2014_chambre.jpg"},"160x120":{"url":"https:\/\/www.valdallos.com\/medias\/images\/prestataires\/multitailles\/160x120_136740-cime_2014_chambre.jpg"},"origine":{"url":"https:\/\/www.valdallos.com\/medias\/images\/prestataires\/136740-cime_2014_chambre.jpg"}},"urlLien":"","typeLien":"","nofollow":"N","copyright":"Les cimes du Val d'Allos"},{"url":"https:\/\/www.valdallos.com\/medias\/images\/prestataires\/136741-cime_2014_chambre2.jpg","chemin":"..\/medias\/images\/prestataires\/136741-cime_2014_chambre2.jpg","libelle":"Bedroom with double bed, window and curtains","extension":"jpg","categorie":"","largeur":800,"theme":"","hauteur":533,"type":"Image","origine":"","liaisonPave":"","langue":"","id":"136741","urlVignette":"https:\/\/www.valdallos.com\/medias\/images\/prestataires\/v-136741-cime_2014_chambre2.jpg","alt":"Bedroom with double bed, window and curtains","title":"Bedroom with double bed, window and curtains - &copy Les cimes du Val d'Allos","MultiTaille":{"1920x1440":{"url":"https:\/\/www.valdallos.com\/medias\/images\/prestataires\/multitailles\/1920x1440_136741-cime_2014_chambre2.jpg"},"1200x900":{"url":"https:\/\/www.valdallos.com\/medias\/images\/prestataires\/multitailles\/1200x900_136741-cime_2014_chambre2.jpg"},"800x600":{"url":"https:\/\/www.valdallos.com\/medias\/images\/prestataires\/multitailles\/800x600_136741-cime_2014_chambre2.jpg"},"640x480":{"url":"https:\/\/www.valdallos.com\/medias\/images\/prestataires\/multitailles\/640x480_136741-cime_2014_chambre2.jpg"},"320x240":{"url":"https:\/\/www.valdallos.com\/medias\/images\/prestataires\/multitailles\/320x240_136741-cime_2014_chambre2.jpg"},"160x120":{"url":"https:\/\/www.valdallos.com\/medias\/images\/prestataires\/multitailles\/160x120_136741-cime_2014_chambre2.jpg"},"origine":{"url":"https:\/\/www.valdallos.com\/medias\/images\/prestataires\/136741-cime_2014_chambre2.jpg"}},"urlLien":"","typeLien":"","nofollow":"N","copyright":"Les cimes du Val d'Allos"},{"url":"https:\/\/www.valdallos.com\/medias\/images\/prestataires\/136742-cime_2014_piscine.jpg","chemin":"..\/medias\/images\/prestataires\/136742-cime_2014_piscine.jpg","libelle":"Private swimming pool of the residence","extension":"jpg","categorie":"","largeur":800,"theme":"","hauteur":533,"type":"Image","origine":"","liaisonPave":"","langue":"","id":"136742","urlVignette":"https:\/\/www.valdallos.com\/medias\/images\/prestataires\/v-136742-cime_2014_piscine.jpg","alt":"Private swimming pool of the residence","title":"Private swimming pool of the residence - &copy office de tourisme du Val d'Allos R Palomba","MultiTaille":{"1920x1440":{"url":"https:\/\/www.valdallos.com\/medias\/images\/prestataires\/multitailles\/1920x1440_136742-cime_2014_piscine.jpg"},"1200x900":{"url":"https:\/\/www.valdallos.com\/medias\/images\/prestataires\/multitailles\/1200x900_136742-cime_2014_piscine.jpg"},"800x600":{"url":"https:\/\/www.valdallos.com\/medias\/images\/prestataires\/multitailles\/800x600_136742-cime_2014_piscine.jpg"},"640x480":{"url":"https:\/\/www.valdallos.com\/medias\/images\/prestataires\/multitailles\/640x480_136742-cime_2014_piscine.jpg"},"320x240":{"url":"https:\/\/www.valdallos.com\/medias\/images\/prestataires\/multitailles\/320x240_136742-cime_2014_piscine.jpg"},"160x120":{"url":"https:\/\/www.valdallos.com\/medias\/images\/prestataires\/multitailles\/160x120_136742-cime_2014_piscine.jpg"},"origine":{"url":"https:\/\/www.valdallos.com\/medias\/images\/prestataires\/136742-cime_2014_piscine.jpg"}},"urlLien":"","typeLien":"","nofollow":"N","copyright":"office de tourisme du Val d'Allos R Palomba"},{"url":"https:\/\/www.valdallos.com\/medias\/images\/prestataires\/136743-cime_2014_ete.jpg","chemin":"..\/medias\/images\/prestataires\/136743-cime_2014_ete.jpg","libelle":"Front view of the residence, a multi-story wooden building, with mountains in the background.","extension":"jpg","categorie":"","largeur":800,"theme":"ETE","hauteur":533,"type":"Image","origine":"","liaisonPave":"","langue":"","id":"136743","urlVignette":"https:\/\/www.valdallos.com\/medias\/images\/prestataires\/v-136743-cime_2014_ete.jpg","alt":"Front view of the residence, a multi-story wooden building, with mountains in the background.","title":"Front view of the residence, a multi-story wooden building, with mountains in the background. - &copy Les cimes du Val d'Allos","MultiTaille":{"1920x1440":{"url":"https:\/\/www.valdallos.com\/medias\/images\/prestataires\/multitailles\/1920x1440_136743-cime_2014_ete.jpg"},"1200x900":{"url":"https:\/\/www.valdallos.com\/medias\/images\/prestataires\/multitailles\/1200x900_136743-cime_2014_ete.jpg"},"800x600":{"url":"https:\/\/www.valdallos.com\/medias\/images\/prestataires\/multitailles\/800x600_136743-cime_2014_ete.jpg"},"640x480":{"url":"https:\/\/www.valdallos.com\/medias\/images\/prestataires\/multitailles\/640x480_136743-cime_2014_ete.jpg"},"320x240":{"url":"https:\/\/www.valdallos.com\/medias\/images\/prestataires\/multitailles\/320x240_136743-cime_2014_ete.jpg"},"160x120":{"url":"https:\/\/www.valdallos.com\/medias\/images\/prestataires\/multitailles\/160x120_136743-cime_2014_ete.jpg"},"origine":{"url":"https:\/\/www.valdallos.com\/medias\/images\/prestataires\/136743-cime_2014_ete.jpg"}},"urlLien":"","typeLien":"","nofollow":"N","copyright":"Les cimes du Val d'Allos"},{"url":"https:\/\/www.valdallos.com\/medias\/images\/prestataires\/136744-cime_2014_hiver.jpg","chemin":"..\/medias\/images\/prestataires\/136744-cime_2014_hiver.jpg","libelle":"Side view of the residence, a multi-story building, snow on the roofs, forest in the background","extension":"jpg","categorie":"","largeur":800,"theme":"HIVER","hauteur":533,"type":"Image","origine":"","liaisonPave":"","langue":"","id":"136744","urlVignette":"https:\/\/www.valdallos.com\/medias\/images\/prestataires\/v-136744-cime_2014_hiver.jpg","alt":"Side view of the residence, a multi-story building, snow on the roofs, forest in the background","title":"Side view of the residence, a multi-story building, snow on the roofs, forest in the background - &copy Les cimes du Val d'Allos","MultiTaille":{"1920x1440":{"url":"https:\/\/www.valdallos.com\/medias\/images\/prestataires\/multitailles\/1920x1440_136744-cime_2014_hiver.jpg"},"1200x900":{"url":"https:\/\/www.valdallos.com\/medias\/images\/prestataires\/multitailles\/1200x900_136744-cime_2014_hiver.jpg"},"800x600":{"url":"https:\/\/www.valdallos.com\/medias\/images\/prestataires\/multitailles\/800x600_136744-cime_2014_hiver.jpg"},"640x480":{"url":"https:\/\/www.valdallos.com\/medias\/images\/prestataires\/multitailles\/640x480_136744-cime_2014_hiver.jpg"},"320x240":{"url":"https:\/\/www.valdallos.com\/medias\/images\/prestataires\/multitailles\/320x240_136744-cime_2014_hiver.jpg"},"160x120":{"url":"https:\/\/www.valdallos.com\/medias\/images\/prestataires\/multitailles\/160x120_136744-cime_2014_hiver.jpg"},"origine":{"url":"https:\/\/www.valdallos.com\/medias\/images\/prestataires\/136744-cime_2014_hiver.jpg"}},"urlLien":"","typeLien":"","nofollow":"N","copyright":"Les cimes du Val d'Allos"},{"url":"https:\/\/www.valdallos.com\/medias\/images\/prestataires\/136745-cimes_hiver2.jpg","chemin":"..\/medias\/images\/prestataires\/136745-cimes_hiver2.jpg","libelle":"Side view of the residence, a multi-story building, snow around the building and a view of the resort","extension":"jpg","categorie":"","largeur":1200,"theme":"HIVER","hauteur":800,"type":"Image","origine":"","liaisonPave":"","langue":"","id":"136745","urlVignette":"https:\/\/www.valdallos.com\/medias\/images\/prestataires\/v-136745-cimes_hiver2.jpg","alt":"Side view of the residence, a multi-story building, snow around the building and a view of the resort","title":"Side view of the residence, a multi-story building, snow around the building and a view of the resort - &copy Les cimes du Val d'Allos","MultiTaille":{"1920x1440":{"url":"https:\/\/www.valdallos.com\/medias\/images\/prestataires\/multitailles\/1920x1440_136745-cimes_hiver2.jpg"},"1200x900":{"url":"https:\/\/www.valdallos.com\/medias\/images\/prestataires\/multitailles\/1200x900_136745-cimes_hiver2.jpg"},"800x600":{"url":"https:\/\/www.valdallos.com\/medias\/images\/prestataires\/multitailles\/800x600_136745-cimes_hiver2.jpg"},"640x480":{"url":"https:\/\/www.valdallos.com\/medias\/images\/prestataires\/multitailles\/640x480_136745-cimes_hiver2.jpg"},"320x240":{"url":"https:\/\/www.valdallos.com\/medias\/images\/prestataires\/multitailles\/320x240_136745-cimes_hiver2.jpg"},"160x120":{"url":"https:\/\/www.valdallos.com\/medias\/images\/prestataires\/multitailles\/160x120_136745-cimes_hiver2.jpg"},"origine":{"url":"https:\/\/www.valdallos.com\/medias\/images\/prestataires\/136745-cimes_hiver2.jpg"}},"urlLien":"","typeLien":"","nofollow":"N","copyright":"Les cimes du Val d'Allos"}],"ByCategorie":{"":[{"url":"https:\/\/www.valdallos.com\/medias\/images\/prestataires\/136738-cime_2014_sejour.jpg","chemin":"..\/medias\/images\/prestataires\/136738-cime_2014_sejour.jpg","libelle":"Bright apartment living room with sofa, armchair, dining table, TV, partitions to other spaces","extension":"jpg","categorie":"","largeur":800,"theme":"","hauteur":533,"type":"Image","origine":"","liaisonPave":"","langue":"","id":"136738","urlVignette":"https:\/\/www.valdallos.com\/medias\/images\/prestataires\/v-136738-cime_2014_sejour.jpg","alt":"Bright apartment living room with sofa, armchair, dining table, TV, partitions to other spaces","title":"Bright apartment living room with sofa, armchair, dining table, TV, partitions to other spaces - &copy Les cimes du Val d'Allos","MultiTaille":{"1920x1440":{"url":"https:\/\/www.valdallos.com\/medias\/images\/prestataires\/multitailles\/1920x1440_136738-cime_2014_sejour.jpg"},"1200x900":{"url":"https:\/\/www.valdallos.com\/medias\/images\/prestataires\/multitailles\/1200x900_136738-cime_2014_sejour.jpg"},"800x600":{"url":"https:\/\/www.valdallos.com\/medias\/images\/prestataires\/multitailles\/800x600_136738-cime_2014_sejour.jpg"},"640x480":{"url":"https:\/\/www.valdallos.com\/medias\/images\/prestataires\/multitailles\/640x480_136738-cime_2014_sejour.jpg"},"320x240":{"url":"https:\/\/www.valdallos.com\/medias\/images\/prestataires\/multitailles\/320x240_136738-cime_2014_sejour.jpg"},"160x120":{"url":"https:\/\/www.valdallos.com\/medias\/images\/prestataires\/multitailles\/160x120_136738-cime_2014_sejour.jpg"},"origine":{"url":"https:\/\/www.valdallos.com\/medias\/images\/prestataires\/136738-cime_2014_sejour.jpg"}},"urlLien":"","typeLien":"","nofollow":"N","copyright":"Les cimes du Val d'Allos"},{"url":"https:\/\/www.valdallos.com\/medias\/images\/prestataires\/136739-cime_2014_salon.jpg","chemin":"..\/medias\/images\/prestataires\/136739-cime_2014_salon.jpg","libelle":"Apartment living room with sofa bed, dining table, wall-mounted TV","extension":"jpg","categorie":"","largeur":800,"theme":"","hauteur":533,"type":"Image","origine":"","liaisonPave":"","langue":"","id":"136739","urlVignette":"https:\/\/www.valdallos.com\/medias\/images\/prestataires\/v-136739-cime_2014_salon.jpg","alt":"Apartment living room with sofa bed, dining table, wall-mounted TV","title":"Apartment living room with sofa bed, dining table, wall-mounted TV - &copy Les cimes du Val d'Allos","MultiTaille":{"1920x1440":{"url":"https:\/\/www.valdallos.com\/medias\/images\/prestataires\/multitailles\/1920x1440_136739-cime_2014_salon.jpg"},"1200x900":{"url":"https:\/\/www.valdallos.com\/medias\/images\/prestataires\/multitailles\/1200x900_136739-cime_2014_salon.jpg"},"800x600":{"url":"https:\/\/www.valdallos.com\/medias\/images\/prestataires\/multitailles\/800x600_136739-cime_2014_salon.jpg"},"640x480":{"url":"https:\/\/www.valdallos.com\/medias\/images\/prestataires\/multitailles\/640x480_136739-cime_2014_salon.jpg"},"320x240":{"url":"https:\/\/www.valdallos.com\/medias\/images\/prestataires\/multitailles\/320x240_136739-cime_2014_salon.jpg"},"160x120":{"url":"https:\/\/www.valdallos.com\/medias\/images\/prestataires\/multitailles\/160x120_136739-cime_2014_salon.jpg"},"origine":{"url":"https:\/\/www.valdallos.com\/medias\/images\/prestataires\/136739-cime_2014_salon.jpg"}},"urlLien":"","typeLien":"","nofollow":"N","copyright":"Les cimes du Val d'Allos"},{"url":"https:\/\/www.valdallos.com\/medias\/images\/prestataires\/136740-cime_2014_chambre.jpg","chemin":"..\/medias\/images\/prestataires\/136740-cime_2014_chambre.jpg","libelle":"Apartment bedroom with double bed and single bed, wooden furniture, window","extension":"jpg","categorie":"","largeur":800,"theme":"","hauteur":533,"type":"Image","origine":"","liaisonPave":"","langue":"","id":"136740","urlVignette":"https:\/\/www.valdallos.com\/medias\/images\/prestataires\/v-136740-cime_2014_chambre.jpg","alt":"Apartment bedroom with double bed and single bed, wooden furniture, window","title":"Apartment bedroom with double bed and single bed, wooden furniture, window - &copy Les cimes du Val d'Allos","MultiTaille":{"1920x1440":{"url":"https:\/\/www.valdallos.com\/medias\/images\/prestataires\/multitailles\/1920x1440_136740-cime_2014_chambre.jpg"},"1200x900":{"url":"https:\/\/www.valdallos.com\/medias\/images\/prestataires\/multitailles\/1200x900_136740-cime_2014_chambre.jpg"},"800x600":{"url":"https:\/\/www.valdallos.com\/medias\/images\/prestataires\/multitailles\/800x600_136740-cime_2014_chambre.jpg"},"640x480":{"url":"https:\/\/www.valdallos.com\/medias\/images\/prestataires\/multitailles\/640x480_136740-cime_2014_chambre.jpg"},"320x240":{"url":"https:\/\/www.valdallos.com\/medias\/images\/prestataires\/multitailles\/320x240_136740-cime_2014_chambre.jpg"},"160x120":{"url":"https:\/\/www.valdallos.com\/medias\/images\/prestataires\/multitailles\/160x120_136740-cime_2014_chambre.jpg"},"origine":{"url":"https:\/\/www.valdallos.com\/medias\/images\/prestataires\/136740-cime_2014_chambre.jpg"}},"urlLien":"","typeLien":"","nofollow":"N","copyright":"Les cimes du Val d'Allos"},{"url":"https:\/\/www.valdallos.com\/medias\/images\/prestataires\/136741-cime_2014_chambre2.jpg","chemin":"..\/medias\/images\/prestataires\/136741-cime_2014_chambre2.jpg","libelle":"Bedroom with double bed, window and curtains","extension":"jpg","categorie":"","largeur":800,"theme":"","hauteur":533,"type":"Image","origine":"","liaisonPave":"","langue":"","id":"136741","urlVignette":"https:\/\/www.valdallos.com\/medias\/images\/prestataires\/v-136741-cime_2014_chambre2.jpg","alt":"Bedroom with double bed, window and curtains","title":"Bedroom with double bed, window and curtains - &copy Les cimes du Val d'Allos","MultiTaille":{"1920x1440":{"url":"https:\/\/www.valdallos.com\/medias\/images\/prestataires\/multitailles\/1920x1440_136741-cime_2014_chambre2.jpg"},"1200x900":{"url":"https:\/\/www.valdallos.com\/medias\/images\/prestataires\/multitailles\/1200x900_136741-cime_2014_chambre2.jpg"},"800x600":{"url":"https:\/\/www.valdallos.com\/medias\/images\/prestataires\/multitailles\/800x600_136741-cime_2014_chambre2.jpg"},"640x480":{"url":"https:\/\/www.valdallos.com\/medias\/images\/prestataires\/multitailles\/640x480_136741-cime_2014_chambre2.jpg"},"320x240":{"url":"https:\/\/www.valdallos.com\/medias\/images\/prestataires\/multitailles\/320x240_136741-cime_2014_chambre2.jpg"},"160x120":{"url":"https:\/\/www.valdallos.com\/medias\/images\/prestataires\/multitailles\/160x120_136741-cime_2014_chambre2.jpg"},"origine":{"url":"https:\/\/www.valdallos.com\/medias\/images\/prestataires\/136741-cime_2014_chambre2.jpg"}},"urlLien":"","typeLien":"","nofollow":"N","copyright":"Les cimes du Val d'Allos"},{"url":"https:\/\/www.valdallos.com\/medias\/images\/prestataires\/136742-cime_2014_piscine.jpg","chemin":"..\/medias\/images\/prestataires\/136742-cime_2014_piscine.jpg","libelle":"Private swimming pool of the residence","extension":"jpg","categorie":"","largeur":800,"theme":"","hauteur":533,"type":"Image","origine":"","liaisonPave":"","langue":"","id":"136742","urlVignette":"https:\/\/www.valdallos.com\/medias\/images\/prestataires\/v-136742-cime_2014_piscine.jpg","alt":"Private swimming pool of the residence","title":"Private swimming pool of the residence - &copy office de tourisme du Val d'Allos R Palomba","MultiTaille":{"1920x1440":{"url":"https:\/\/www.valdallos.com\/medias\/images\/prestataires\/multitailles\/1920x1440_136742-cime_2014_piscine.jpg"},"1200x900":{"url":"https:\/\/www.valdallos.com\/medias\/images\/prestataires\/multitailles\/1200x900_136742-cime_2014_piscine.jpg"},"800x600":{"url":"https:\/\/www.valdallos.com\/medias\/images\/prestataires\/multitailles\/800x600_136742-cime_2014_piscine.jpg"},"640x480":{"url":"https:\/\/www.valdallos.com\/medias\/images\/prestataires\/multitailles\/640x480_136742-cime_2014_piscine.jpg"},"320x240":{"url":"https:\/\/www.valdallos.com\/medias\/images\/prestataires\/multitailles\/320x240_136742-cime_2014_piscine.jpg"},"160x120":{"url":"https:\/\/www.valdallos.com\/medias\/images\/prestataires\/multitailles\/160x120_136742-cime_2014_piscine.jpg"},"origine":{"url":"https:\/\/www.valdallos.com\/medias\/images\/prestataires\/136742-cime_2014_piscine.jpg"}},"urlLien":"","typeLien":"","nofollow":"N","copyright":"office de tourisme du Val d'Allos R Palomba"},{"url":"https:\/\/www.valdallos.com\/medias\/images\/prestataires\/136743-cime_2014_ete.jpg","chemin":"..\/medias\/images\/prestataires\/136743-cime_2014_ete.jpg","libelle":"Front view of the residence, a multi-story wooden building, with mountains in the background.","extension":"jpg","categorie":"","largeur":800,"theme":"ETE","hauteur":533,"type":"Image","origine":"","liaisonPave":"","langue":"","id":"136743","urlVignette":"https:\/\/www.valdallos.com\/medias\/images\/prestataires\/v-136743-cime_2014_ete.jpg","alt":"Front view of the residence, a multi-story wooden building, with mountains in the background.","title":"Front view of the residence, a multi-story wooden building, with mountains in the background. - &copy Les cimes du Val d'Allos","MultiTaille":{"1920x1440":{"url":"https:\/\/www.valdallos.com\/medias\/images\/prestataires\/multitailles\/1920x1440_136743-cime_2014_ete.jpg"},"1200x900":{"url":"https:\/\/www.valdallos.com\/medias\/images\/prestataires\/multitailles\/1200x900_136743-cime_2014_ete.jpg"},"800x600":{"url":"https:\/\/www.valdallos.com\/medias\/images\/prestataires\/multitailles\/800x600_136743-cime_2014_ete.jpg"},"640x480":{"url":"https:\/\/www.valdallos.com\/medias\/images\/prestataires\/multitailles\/640x480_136743-cime_2014_ete.jpg"},"320x240":{"url":"https:\/\/www.valdallos.com\/medias\/images\/prestataires\/multitailles\/320x240_136743-cime_2014_ete.jpg"},"160x120":{"url":"https:\/\/www.valdallos.com\/medias\/images\/prestataires\/multitailles\/160x120_136743-cime_2014_ete.jpg"},"origine":{"url":"https:\/\/www.valdallos.com\/medias\/images\/prestataires\/136743-cime_2014_ete.jpg"}},"urlLien":"","typeLien":"","nofollow":"N","copyright":"Les cimes du Val d'Allos"},{"url":"https:\/\/www.valdallos.com\/medias\/images\/prestataires\/136744-cime_2014_hiver.jpg","chemin":"..\/medias\/images\/prestataires\/136744-cime_2014_hiver.jpg","libelle":"Side view of the residence, a multi-story building, snow on the roofs, forest in the background","extension":"jpg","categorie":"","largeur":800,"theme":"HIVER","hauteur":533,"type":"Image","origine":"","liaisonPave":"","langue":"","id":"136744","urlVignette":"https:\/\/www.valdallos.com\/medias\/images\/prestataires\/v-136744-cime_2014_hiver.jpg","alt":"Side view of the residence, a multi-story building, snow on the roofs, forest in the background","title":"Side view of the residence, a multi-story building, snow on the roofs, forest in the background - &copy Les cimes du Val d'Allos","MultiTaille":{"1920x1440":{"url":"https:\/\/www.valdallos.com\/medias\/images\/prestataires\/multitailles\/1920x1440_136744-cime_2014_hiver.jpg"},"1200x900":{"url":"https:\/\/www.valdallos.com\/medias\/images\/prestataires\/multitailles\/1200x900_136744-cime_2014_hiver.jpg"},"800x600":{"url":"https:\/\/www.valdallos.com\/medias\/images\/prestataires\/multitailles\/800x600_136744-cime_2014_hiver.jpg"},"640x480":{"url":"https:\/\/www.valdallos.com\/medias\/images\/prestataires\/multitailles\/640x480_136744-cime_2014_hiver.jpg"},"320x240":{"url":"https:\/\/www.valdallos.com\/medias\/images\/prestataires\/multitailles\/320x240_136744-cime_2014_hiver.jpg"},"160x120":{"url":"https:\/\/www.valdallos.com\/medias\/images\/prestataires\/multitailles\/160x120_136744-cime_2014_hiver.jpg"},"origine":{"url":"https:\/\/www.valdallos.com\/medias\/images\/prestataires\/136744-cime_2014_hiver.jpg"}},"urlLien":"","typeLien":"","nofollow":"N","copyright":"Les cimes du Val d'Allos"},{"url":"https:\/\/www.valdallos.com\/medias\/images\/prestataires\/136745-cimes_hiver2.jpg","chemin":"..\/medias\/images\/prestataires\/136745-cimes_hiver2.jpg","libelle":"Side view of the residence, a multi-story building, snow around the building and a view of the resort","extension":"jpg","categorie":"","largeur":1200,"theme":"HIVER","hauteur":800,"type":"Image","origine":"","liaisonPave":"","langue":"","id":"136745","urlVignette":"https:\/\/www.valdallos.com\/medias\/images\/prestataires\/v-136745-cimes_hiver2.jpg","alt":"Side view of the residence, a multi-story building, snow around the building and a view of the resort","title":"Side view of the residence, a multi-story building, snow around the building and a view of the resort - &copy Les cimes du Val d'Allos","MultiTaille":{"1920x1440":{"url":"https:\/\/www.valdallos.com\/medias\/images\/prestataires\/multitailles\/1920x1440_136745-cimes_hiver2.jpg"},"1200x900":{"url":"https:\/\/www.valdallos.com\/medias\/images\/prestataires\/multitailles\/1200x900_136745-cimes_hiver2.jpg"},"800x600":{"url":"https:\/\/www.valdallos.com\/medias\/images\/prestataires\/multitailles\/800x600_136745-cimes_hiver2.jpg"},"640x480":{"url":"https:\/\/www.valdallos.com\/medias\/images\/prestataires\/multitailles\/640x480_136745-cimes_hiver2.jpg"},"320x240":{"url":"https:\/\/www.valdallos.com\/medias\/images\/prestataires\/multitailles\/320x240_136745-cimes_hiver2.jpg"},"160x120":{"url":"https:\/\/www.valdallos.com\/medias\/images\/prestataires\/multitailles\/160x120_136745-cimes_hiver2.jpg"},"origine":{"url":"https:\/\/www.valdallos.com\/medias\/images\/prestataires\/136745-cimes_hiver2.jpg"}},"urlLien":"","typeLien":"","nofollow":"N","copyright":"Les cimes du Val d'Allos"}]}},"Url":"les-cimes-du-val-d-allos-residence-val-dallos-la-foux.html","Localisation":{"GoogleMap":{"Latitude":"44.297768","Longitude":"6.569091"},"PlanStation":{"idPlan":"6","nomPlan":"[NEW] Plan La Foux","carte":"\/plan\/plan_station_2018[HIVER_FR[.jpg","PositionAbs":"1235","PositionOrd":"398"}},"ZoneGeo":"FRPA04VAV1800","LiensEtWidgetsParType":{"R":[{"Id":"18","TypePrestataire":"G","CodePrestataire":"631326","CodePrestation":"","CodeLibelle":"","Type":"R","Url":"https:\/\/cdva.resalys.com\/rsl\/clickbooking","Defaut":"N","Langue":"","Nature":"URL","Import":"","LibelleText":"","Theme":""}]},"LiensEtWidgets":[{"Id":"18","TypePrestataire":"G","CodePrestataire":"631326","CodePrestation":"","CodeLibelle":"","Type":"R","Url":"https:\/\/cdva.resalys.com\/rsl\/clickbooking","Defaut":"N","Langue":"","Nature":"URL","Import":"","LibelleText":"","Theme":""}],"Criteres":{"GINFADH[GFIN":"","P.PUBLICATION[VALDALLOS":"","P.PUBLICATION[VERDONTOURISME":"","GTIMMO[GRESID":"","P.classementPrefectoral[FAM":"","VIRTFICHELISTE[ANIMADMIS":"","VIRTFICHELISTE[PARKING":"","VIRTFICHELISTE[WEBWIFI":"","VIRTFICHELISTE[CV":"","VIRTFICHELISTE[FAMILLEPLUS":"","VIRTFICHELISTE[PISCINE":"","P.GLOC[G18":"","P.113[1593":"","P.23[698":"","P.23[957":"","P.23[1054":"","P.127[914":"","P.127[1064":"","P.126[972":"","P.126[1050":"","P.123[1093":"","P.123[1504":"","P.equipements[1300":"","P.122[4063":"","P.services[687":"","P.services[1025":"","P.79[993":"","P.118[1028":"","P.118[1110":"","P.118[1145":"","P.118[1150":"","P.78[1111":"","P.78[1115":"","P.78[1166":"","P.prestations[animauxAcceptes":"","P.prestations[animauxAcceptesSupplement":"","P.prestations[surchargeTourismesAdaptes":"","P.prestations[surchargeDescriptifHandicapMoteur":"","P.prestations[surchargeDescriptifHandicapAuditif":"","P.prestations[surchargeDescriptifHandicapVisuel":"","P.prestations[surchargeDescriptifHandicapMental":"","P.prestations[surchargeNombreFauteuilsRoulants":"","P.69[838":"","P.69[1014":"","P.69[1015":"","P.69[4060":"","P.languesParlees[1192":"","P.languesParlees[1197":"","P.3650[3653":"","P.5[593":"","P.7237[160":"","P.7237[183":"","P.6528[169":"","P.environnements[171":"","P.environnements[193":"","P.114[416":"","P.114[418":"","P.114[435":"","P.114[436":"","P.modesPaiement[1268":"","P.modesPaiement[1271":"","P.modesPaiement[1274":"","P.tourismeAffaires[tourismeAffairesEnabled":"","P.tourismeAffaires[devise":"EUR","P.hebergementCollectifType[2649":"","P.informationsHebergementCollectif[dateClassement":"2023-09-25","P.classementPrefectoral[2660":"","P.typesHebergement[1317":"","P.5403[1613":"","P.5402[1625":"","P.capacite[capaciteTotale":"614","P.capacite[capaciteTotaleReelle":"107","P.capacite[nombreAppartements":"97","P.CINTSITRA[5660":"","P.CINTSITRA[5663":"","P.CINTSITRA[5664":"","P.CINTSITRA[6787":"","P.CINTSITRA[8809":"","P.6241[126905":"","P.6241[5740912":"","P.3218[311229":"","P.3220[587401":"","P.3220[5575332":"","P.3233[591419":"","P.3221[4876304":"","P.3219[5127066":"","P.3219[5239406":"","P.3240[5778284":"","P.3230[6139211":"","P.VilleSitra[37282":"","P.VillageDeDepart[37282":"","P.114[439":""},"DateFinPublication":"","AffichageCoordonnees":[]},"listeCriteres":{"DISPONIBILITES":{"DISPORELANCE":""},"GPREST":{"GLOCAS":"","GCOU":""},"GCAPACITE":{"8PERS":""},"NBPERS":{"GCAP08":""},"GLABEL":{"GCLEVA":""},"GLOGEM":{"GAPPRE":""},"GCHAR":{"GCHARC":""},"GHANDI":{"GACCHA":""},"GEQUIS":{"GTELEV":""},"GACTIV":{"GINTER":""},"GPARKI":{"GPARKC":"","GPARKE":""},"GFAMPLUS":{"GMICRO":"","GCHAISEHAUT":"","GBAIGN":"","GJEUXINT":"","GLITBEBE":"","GOFFRE":"local ferm\u00e9 pour entreposer le mat\u00e9riel"},"CINTSITRA":{"8809":"","5660":""},"VilleSitra":{"37282":""},"PUBLICATION":{"VALDALLOS":"","VERDONTOURISME":""},"AFFGTYPE":{"APPART":""},"GNOMBRE":{"8PERS":""},"AFFEQUIP":{"WIFI":"","PARKING":""},"GLOC":{"G18":""},"LOCVERDON":{"37282":""},"GINFADH":{"GFIN":""},"P.PUBLICATION":{"VALDALLOS":"","VERDONTOURISME":""},"GTIMMO":{"GRESID":""},"P.classementPrefectoral":{"FAM":"","2660":""},"VIRTFICHELISTE":{"ANIMADMIS":"","PARKING":"","WEBWIFI":"","CV":"","FAMILLEPLUS":"","PISCINE":""},"P.GLOC":{"G18":""},"P.113":{"1593":""},"P.23":{"698":"","957":"","1054":""},"P.127":{"914":"","1064":""},"P.126":{"972":"","1050":""},"P.123":{"1093":"","1504":""},"P.equipements":{"1300":""},"P.122":{"4063":""},"P.services":{"687":"","1025":""},"P.79":{"993":""},"P.118":{"1028":"","1110":"","1145":"","1150":""},"P.78":{"1111":"","1115":"","1166":""},"P.prestations":{"animauxAcceptes":"","animauxAcceptesSupplement":"","surchargeTourismesAdaptes":"","surchargeDescriptifHandicapMoteur":"","surchargeDescriptifHandicapAuditif":"","surchargeDescriptifHandicapVisuel":"","surchargeDescriptifHandicapMental":"","surchargeNombreFauteuilsRoulants":""},"P.69":{"838":"","1014":"","1015":"","4060":""},"P.languesParlees":{"1192":"","1197":""},"P.3650":{"3653":""},"P.5":{"593":""},"P.7237":{"160":"","183":""},"P.6528":{"169":""},"P.environnements":{"171":"","193":""},"P.114":{"416":"","418":"","435":"","436":"","439":""},"P.modesPaiement":{"1268":"","1271":"","1274":""},"P.tourismeAffaires":{"tourismeAffairesEnabled":"","devise":"EUR"},"P.hebergementCollectifType":{"2649":""},"P.informationsHebergementCollectif":{"dateClassement":"2023-09-25"},"P.typesHebergement":{"1317":""},"P.5403":{"1613":""},"P.5402":{"1625":""},"P.capacite":{"capaciteTotale":"614","capaciteTotaleReelle":"107","nombreAppartements":"97"},"P.CINTSITRA":{"5660":"","5663":"","5664":"","6787":"","8809":""},"P.6241":{"126905":"","5740912":""},"P.3218":{"311229":""},"P.3220":{"587401":"","5575332":""},"P.3233":{"591419":""},"P.3221":{"4876304":""},"P.3219":{"5127066":"","5239406":""},"P.3240":{"5778284":""},"P.3230":{"6139211":""},"P.VilleSitra":{"37282":""},"P.VillageDeDepart":{"37282":""}},"dansCarnetVoyage":true,"Ouverture":""},"html":" \n \u003Cdiv id=\"CV-PRESTATION-G-631326-01\" data-contexte-id=\"PRESTATION|G|631326|01\" data-cle=\"G|631326|01\" class=\"fiche-liste\"\u003E\n    \n\n    \u003C!-- partie photo --\u003E\n    \u003Cdiv class=\"photo\"\u003E\t\t\t\t\t\t\t\t\t\t\t\t\t\t\t\t\t\t\t\t\t\n        \u003Cdiv class=\"cadre_photo_principale\"\u003E\t\t\n        \n            \t\t\t\t\t\n                    \u003Ca href=\"les-cimes-du-val-d-allos-residence-val-dallos-la-foux-1.html?origine=carnet#media\"\u003E\n                        \u003Cimg class=\"photo_principale\" alt=\"residence\" src=\"https:\/\/www.valdallos.com\/medias\/images\/prestations\/multitailles\/320x240_residence-les-cimes-343.jpg\" itemprop=\"image\"\u003E\n                    \u003C\/a\u003E\t\t\t\t\t\t\n                \n                    \u003C\/div\u003E\t\t\t\t\t\t\t\t\t\t\t\t\t\t\t\t\t\t\t \t\t\n    \u003C\/div\u003E\n    \n    \u003C!-- partie nom prest --\u003E\n    \u003Cdiv class=\"nom\"\u003E\n        \u003Ch2\u003ER\u00e9sidence les Cimes du Val d'Allos Studio 2 personnes\u003C\/h2\u003E\n        \n            \u003C\/div\u003E\n\n         \n    \u003C!-- partie adresse --\u003E\n    \u003Cdiv class=\"adresse\"\u003E\n    \n          \n    \u003C\/div\u003E\n    \n    \u003C!-- partie liens --\u003E\n    \u003Cdiv class=\"liens\"\u003E\n            \u003Ca class=\"btn-icon btn-view \" title=\"Read more \" href=\"les-cimes-du-val-d-allos-residence-val-dallos-la-foux-1.html?origine=carnet\"\u003E\u003C\/a\u003E\u003C!--\u003Ca class=\"btn-icon btn-view \" title=\"\" href=\"?origine=carnet#thaut\"\u003E\u003C\/a\u003E--\u003E\n      \u003Ca class=\"btn-icon btn-trash carnet_voyage_supprimer\" title=\"Remove to travel notes \" href=\"carnet-voyage?action=remove&fiche=G|631326|01\"\u003E\u003C\/a\u003E\n    \u003C\/div\u003E\n\n\u003C\/div\u003E\n\n","icon":"https:\/\/static.ingenie.fr\/images\/carnetVoyageV3\/G.png"},"fiche":"G|631326|01","popup":"\u003Cdiv id=\"bloc_popup_ajout_fiche_carnet\"\u003E\n    \u003Cdiv class=\"info_popup_ajout_fiche_carnet\"\u003E\n        You have just added this element to your selection:    \u003C\/div\u003E\n    \u003Cdiv class=\"prest_popup_ajout_fiche_carnet\"\u003E\n        R&eacute;sidence les Cimes du Val d&#039;Allos Studio 2 personnes    \u003C\/div\u003E\n    \u003Cdiv class=\"bloc_btn_ajout_fiche_carnet form_submit_div\"\u003E\n        \u003Cinput type=\"button\" value=\"Continue \" title=\"Continue \" name=\"btn_close\" class=\"btn_close_popup_carnet form_submit\" onclick=\"$.colorbox.close()\" \/\u003E\n        \u003Cinput type=\"button\" value=\"See my selection\" title=\"See my selection\" name=\"btn_panier\" class=\"btn_panier_popup_carnet form_submit\" onclick=\"if(typeof CarnetVoyage != 'undefined') {CarnetVoyage.voirCarnet();}\" \/\u003E\n    \u003C\/div\u003E\n    \u003Cdiv class=\"bloc_btn_ajout_fiche_carnet\"\u003E\n        \u003Cinput type=\"checkbox\" value=\"1\" name=\"desactiver_popup\" id=\"desactiver_popup\" \/\u003E\n        \u003Clabel for=\"desactiver_popup\"\u003EDo not show this message again \u003C\/label\u003E\n    \u003C\/div\u003E\n\u003C\/div\u003E","success":1}