{"nbFiches":1,"dataPrest":{"infoPrest":{"pave1":{"libelle":"descriptive","contenu":"","fichiers":[]},"pave2":{"libelle":"rental address","contenu":"","fichiers":[]},"pave3":{"libelle":"winter prices","contenu":"","fichiers":[]},"pave4":{"libelle":"summer prices","contenu":"","fichiers":[]},"pave5":{"libelle":"online sale","contenu":"","fichiers":[]},"pave6":{"libelle":"Descriptif court","contenu":"Nearby village, flat newly renovated with balcony. Large garden with trees. At the start of short and long-distance hiking trails and snowshoe circuits.","fichiers":[]},"pave7":{"libelle":"Descriptif d\u00e9taill\u00e9","contenu":"","fichiers":[]},"pave8":{"libelle":"Bons plans","contenu":"","fichiers":[]},"pave9":{"libelle":"Compl\u00e9ment localisation","contenu":"","fichiers":[]},"pave10":{"libelle":"Compl\u00e9ment accueil","contenu":"","fichiers":[]},"pave11":{"libelle":"P\u00e9riodes en clair","contenu":"","fichiers":[]},"pave12":{"libelle":"Tarifs en clair","contenu":"","fichiers":[]},"pave13":{"libelle":"Compl\u00e9ment Tarifs","contenu":"","fichiers":[]},"pave14":{"libelle":"Compl\u00e9ment R\u00e9servation","contenu":"","fichiers":[]},"pave15":{"libelle":"Descriptif court","contenu":"","fichiers":[]},"pave16":{"libelle":"Descriptif d\u00e9taill\u00e9","contenu":"","fichiers":[]},"pave17":{"libelle":"Bons plans","contenu":"","fichiers":[]},"pave18":{"libelle":"Tarifs (Tarifs en clair, Compl\u00e9ment Tarifs)","contenu":"","fichiers":[]},"pave19":{"libelle":"P\u00e9riodes en clair","contenu":"","fichiers":[]},"pave20":{"libelle":"Descriptif court","contenu":"","fichiers":[]},"pave21":{"libelle":"Descriptif d\u00e9taill\u00e9","contenu":"","fichiers":[]},"pave22":{"libelle":"Bons plans","contenu":"","fichiers":[]},"pave23":{"libelle":"Tarifs (Tarifs en clair, Compl\u00e9ment Tarifs)","contenu":"","fichiers":[]},"pave24":{"libelle":"P\u00e9riodes en clair","contenu":"","fichiers":[]},"pave25":{"libelle":"Dispositions sp\u00e9ciales","contenu":"","fichiers":[]},"Libelle":"Michel Jean Marc \"la forge\"","Reference":"","Reftar":"","Type":"PRESTATION","TypePrestataire":"G","ContexteStat":"PRESTATION-G-4678042-4686987","DateModificationIso":"2026-04-28T13:44:00+02:00","Adresse":{"LigneAdresse1":"Le moulin \"la forge\"","LigneAdresse2":"Val d'Allos - le Village","LigneAdresse3":"","CodePostal":"04260","Ville":"Allos","Cedex":"","Etat":"","Pays":"FRA"},"Id":"g-4678042-4686987","Code":"G|4678042|4686987","Cle":"G|4678042|4686987","Url":"appartment-in-an-individual-house-2-stars-haut-verdon-val-dallos-le-village-1.html","Localisation":{"GoogleMap":{"Latitude":"44.241053","Longitude":"6.630248"}},"ZoneGeo":"","Criteres":{"DISPONIBILITES[DISPORELANCE":"","GPREST[GLOCAS":"","GCAPACITE[4PERS":"","NBPERS[GCAP04":"","GLABEL[GCLEVA":"","GLABEL[GMERCECO":"","GLOGEM[GAPPMA":"","GCHAR[GCHARC":"","GEQUIC[GFOUR":"","GEQUIC[GLAVEV":"","GEQUIC[GMICRO":"","GEQUIC[GREFIG":"","GEQUIS[GLECTE":"","GEQUIS[GTELEV":"","GSALLE[GDOUCH":"","GSALLE[GWC":"","G1EQUI[GBARBE":"","G1EQUI[GLOCSK":"","G1EQUI[GLOVEL":"","G1EQUI[GMOBIL":"","GACTIV[GINTER":"","GPARKI[GPARKE":"","GANIMA[GANINA":"","GFAMPLUS[GMICRO":"","GFAMPLUS[GCHAISEHAUT":"","GFAMPLUS[GBAIGN":"","GFAMPLUS[GJEUXINT":"","GFAMPLUS[GJEUXEXT":"","GFAMPLUS[GLITBEBE":"","GFAMPLUS[GPORTBE":"","GFAMPLUS[GOFFRE":"jardin commun avec balan\u00e7oire,  pr\u00eat de luge et de sac \u00e0 dos porte b\u00e9b\u00e9","PUBLICATION[VALDALLOS":"","PUBLICATION[VERDONTOURISME":"","VISIBWEB[PLANNINGVISIBLE":"","AFFGTYPE[APPART":"","GNOMBRE[4PERS":"","AFFEQUIP[WIFI":"","AFFEQUIP[PARKING":"","AFFEQUIP[LAVEVAIS":"","AFFEQUIP[LAVELINGEAFF":"","AFFEQUIP[JAR":"","GLOC[G14":"","LOCVERDON[1559":"","113[1593":"","4790[5063":"","127[606":"","122[612":"","122[803":"","122[1297":"","22[672":"","22[1058":"","126[972":"","prestations[surchargeTourismesAdaptes":"","prestations[surchargeDescriptifHandicapMoteur":"","prestations[surchargeDescriptifHandicapAuditif":"","prestations[surchargeDescriptifHandicapVisuel":"","prestations[surchargeDescriptifHandicapMental":"","prestations[surchargeNombreFauteuilsRoulants":"","69[838":"","69[904":"","69[1014":"","69[1015":"","69[4060":"","72[842":"","72[963":"","72[998":"","73[902":"","70[907":"","70[917":"","70[922":"","70[943":"","70[999":"","68[971":"","71[986":"","languesParlees[1197":"","environnements[185":"","6528[4006":"","modesPaiement[1271":"","modesPaiement[1274":"","modesPaiement[1277":"","modesPaiement[1281":"","tourismeAffaires[tourismeAffairesEnabled":"","tourismeAffaires[devise":"EUR","hebergementLocatifType[2620":"","informationsHebergementLocatif[dateClassement":"2023-05-11","classementPrefectoral[2628":"","5403[1613":"","capacite[capaciteHebergement":"4","capacite[capaciteMaximumPossible":"4","capacite[surface":"28","capacite[nombreChambres":"1","capacite[numeroEtage":"1","CINTSITRA[5660":"","CINTSITRA[8809":"","6241[126905":"","6241[5740912":"","3218[311229":"","3220[587401":"","3220[5575332":"","3233[591419":"","3221[4876304":"","3219[5127127":"","3219[5239406":"","3219[6436838":"","3240[5778284":"","6242[5843488":"","3230[6139211":"","VilleSitra[1559":"","VillageDeDepart[1559":"","DISPONIBILITES[PLANNINGACT":""},"ContactsParType":{"IWEB":{"116537":{"id_contact":"116537","type_contact":"IWEB","categorie_contact":"PRESTATION","societe_contact":"","fonction_contact":"","civilite_nom_prenom_contact":"Michel Jean-Marc  ","adresse1_contact":"","adresse2_contact":"","adresse3_contact":"","cpostal_contact":"","ville_contact":"","teldom_contact":"04 92 83 04 98","telbur_contact":"","fax_contact":"","portable_contact":"06 71 72 82 38","email_contact":"jean-marc.michel1@orange.fr","siteweb_contact":"http:\/\/www.lemoulindallos.com","commentaire_contact":"","langue_contact":"","autre_moyen_com":[]}},"":{"116538":{"id_contact":"116538","type_contact":"","categorie_contact":"PRESTATION","societe_contact":"","fonction_contact":"","civilite_nom_prenom_contact":"M Michel Jean Marc ","adresse1_contact":"","adresse2_contact":"","adresse3_contact":"","cpostal_contact":"","ville_contact":"","teldom_contact":"","telbur_contact":"","fax_contact":"","portable_contact":"","email_contact":"","siteweb_contact":"","commentaire_contact":"","langue_contact":"","autre_moyen_com":[]}}},"ContactRemplaceCoordonnees":"116537","Prestataire":{"pave1":{"libelle":"","contenu":""},"pave2":{"libelle":"","contenu":""},"pave3":{"libelle":"","contenu":""},"pave4":{"libelle":"","contenu":""},"pave5":{"libelle":"","contenu":""},"pave6":{"libelle":"","contenu":""},"pave7":{"libelle":"","contenu":""},"pave8":{"libelle":"","contenu":""},"pave9":{"libelle":"","contenu":""},"pave10":{"libelle":"","contenu":""},"pave11":{"libelle":"","contenu":""},"pave12":{"libelle":"","contenu":""},"pave13":{"libelle":"","contenu":""},"pave14":{"libelle":"","contenu":""},"pave15":{"libelle":"","contenu":""},"pave16":{"libelle":"","contenu":""},"pave17":{"libelle":"","contenu":""},"pave18":{"libelle":"","contenu":""},"pave19":{"libelle":"","contenu":""},"pave20":{"libelle":"","contenu":""},"pave21":{"libelle":"","contenu":""},"pave22":{"libelle":"","contenu":""},"pave23":{"libelle":"","contenu":""},"pave24":{"libelle":"","contenu":""},"pave25":{"libelle":"","contenu":""},"ContactsParType":{"GEST":{"114336":{"id_contact":"114336","type_contact":"GEST","categorie_contact":"PRESTATAIRE","societe_contact":"","fonction_contact":"","civilite_nom_prenom_contact":"Michel Jean-Marc ","adresse1_contact":"Le moulin","adresse2_contact":"Val d'Allos-le village","adresse3_contact":"","cpostal_contact":"04260","ville_contact":"Allos","teldom_contact":"04 92 83 04 98","telbur_contact":"","fax_contact":"","portable_contact":"06 71 72 82 38","email_contact":"jean-marc.michel1@orange.fr","siteweb_contact":"http:\/\/www.lemoulindallos.com","commentaire_contact":"","langue_contact":"","autre_moyen_com":[]},"114339":{"id_contact":"114339","type_contact":"GEST","categorie_contact":"PRESTATAIRE","societe_contact":"","fonction_contact":"","civilite_nom_prenom_contact":"Michel Jean-Marc ","adresse1_contact":"Le moulin","adresse2_contact":"Val d'Allos-le village","adresse3_contact":"","cpostal_contact":"04260","ville_contact":"Allos","teldom_contact":"04 92 83 04 98","telbur_contact":"","fax_contact":"","portable_contact":"06 71 72 82 38","email_contact":"jean-marc.michel1@orange.fr","siteweb_contact":"http:\/\/www.lemoulindallos.com","commentaire_contact":"","langue_contact":"","autre_moyen_com":[]},"114342":{"id_contact":"114342","type_contact":"GEST","categorie_contact":"PRESTATAIRE","societe_contact":"","fonction_contact":"","civilite_nom_prenom_contact":"Michel Jean-Marc ","adresse1_contact":"Le moulin","adresse2_contact":"Val d'Allos-le village","adresse3_contact":"","cpostal_contact":"04260","ville_contact":"Allos","teldom_contact":"04 92 83 04 98","telbur_contact":"","fax_contact":"","portable_contact":"06 71 72 82 38","email_contact":"jean-marc.michel1@orange.fr","siteweb_contact":"http:\/\/www.lemoulindallos.com","commentaire_contact":"","langue_contact":"","autre_moyen_com":[]},"114345":{"id_contact":"114345","type_contact":"GEST","categorie_contact":"PRESTATAIRE","societe_contact":"","fonction_contact":"","civilite_nom_prenom_contact":"Michel Jean-Marc ","adresse1_contact":"Le moulin","adresse2_contact":"Val d'Allos-le village","adresse3_contact":"","cpostal_contact":"04260","ville_contact":"Allos","teldom_contact":"04 92 83 04 98","telbur_contact":"","fax_contact":"","portable_contact":"06 71 72 82 38","email_contact":"jean-marc.michel1@orange.fr","siteweb_contact":"http:\/\/www.lemoulindallos.com","commentaire_contact":"","langue_contact":"","autre_moyen_com":[]}}},"ZoneGeoLibelle":"Haut-Verdon","Libelle":"Michel Jean-Marc","Nom":"Michel Jean-Marc ","Prenom":"","NomPrenom":"Michel Jean-Marc  ","CiviliteNomPrenom":"Michel Jean-Marc  ","Cle":"G|4678042","PrestataireParent":"","ContexteStat":"PRESTATAIRE-G-4678042","DateModificationIso":"2025-11-19T00:24:00+01:00","Type":"PRESTATAIRE","TypePrestataire":"G","Adresse":{"LigneAdresse1":"","LigneAdresse2":"","LigneAdresse3":"","CodePostal":"","Ville":"","Cedex":"","Etat":"","Pays":""},"Email":"jean-marc.michel1@orange.fr","Telephone":"04 92 83 04 98","TelephoneBureau":"","Portable":"06 71 72 82 38","SiteWeb":"http:\/\/www.lemoulindallos.com","Fax":"","Id":"g-4678042","Code":"G|4678042","Fichier":[],"Url":"","Localisation":{"GoogleMap":{"Latitude":"","Longitude":""}},"ZoneGeo":"FRPA04VAHVERD","Criteres":{"GINFADH[GMONT":"80","GINFADH[GCOMM":"prochain classement en 2017","GTIMMO[GPARTI":"","P.GLOC[G14":"","P.6241[126905":"","P.6241[5740912":"","P.3218[311229":"","P.3220[587401":"","P.3220[5575332":"","P.3233[591419":"","P.3221[4876304":"","P.3219[5127127":"","P.3219[5239406":"","P.3219[6436838":"","P.3240[5778284":"","P.6242[5843488":"","P.3230[6139211":"","P.VilleSitra[1559":"","P.VillageDeDepart[1559":""},"DateFinPublication":""},"Fichier":{"Image":[{"url":"https:\/\/www.valdallos.com\/medias\/images\/prestations\/78539-michel_forge_24_4.jpg","chemin":"..\/medias\/images\/prestations\/78539-michel_forge_24_4.jpg","libelle":"View of the house and flat with balcony, sunny exposure, terrace, garden table","extension":"jpg","categorie":"","largeur":1200,"theme":"","hauteur":800,"type":"Image","origine":"","liaisonPave":"","langue":"","id":"78539","urlVignette":"https:\/\/www.valdallos.com\/medias\/images\/prestations\/v-78539-michel_forge_24_4.jpg","alt":"View of the house and flat with balcony, sunny exposure, terrace, garden table","title":"View of the house and flat with balcony, sunny exposure, terrace, garden table - &copy Michel JM","MultiTaille":{"1920x1440":{"url":"https:\/\/www.valdallos.com\/medias\/images\/prestations\/multitailles\/1920x1440_78539-michel_forge_24_4.jpg"},"1200x900":{"url":"https:\/\/www.valdallos.com\/medias\/images\/prestations\/multitailles\/1200x900_78539-michel_forge_24_4.jpg"},"800x600":{"url":"https:\/\/www.valdallos.com\/medias\/images\/prestations\/multitailles\/800x600_78539-michel_forge_24_4.jpg"},"640x480":{"url":"https:\/\/www.valdallos.com\/medias\/images\/prestations\/multitailles\/640x480_78539-michel_forge_24_4.jpg"},"320x240":{"url":"https:\/\/www.valdallos.com\/medias\/images\/prestations\/multitailles\/320x240_78539-michel_forge_24_4.jpg"},"160x120":{"url":"https:\/\/www.valdallos.com\/medias\/images\/prestations\/multitailles\/160x120_78539-michel_forge_24_4.jpg"},"origine":{"url":"https:\/\/www.valdallos.com\/medias\/images\/prestations\/78539-michel_forge_24_4.jpg"}},"urlLien":"","typeLien":"","nofollow":"N","copyright":"Michel JM"},{"url":"https:\/\/www.valdallos.com\/medias\/images\/prestations\/78540-michel_forge_24_2.jpg","chemin":"..\/medias\/images\/prestations\/78540-michel_forge_24_2.jpg","libelle":"Bright living room with sofa, television, dining table, wooden furniture, tiled floor, French windows","extension":"jpg","categorie":"","largeur":1200,"theme":"","hauteur":800,"type":"Image","origine":"","liaisonPave":"","langue":"","id":"78540","urlVignette":"https:\/\/www.valdallos.com\/medias\/images\/prestations\/v-78540-michel_forge_24_2.jpg","alt":"Bright living room with sofa, television, dining table, wooden furniture, tiled floor, French windows","title":"Bright living room with sofa, television, dining table, wooden furniture, tiled floor, French windows - &copy Michel JM","MultiTaille":{"1920x1440":{"url":"https:\/\/www.valdallos.com\/medias\/images\/prestations\/multitailles\/1920x1440_78540-michel_forge_24_2.jpg"},"1200x900":{"url":"https:\/\/www.valdallos.com\/medias\/images\/prestations\/multitailles\/1200x900_78540-michel_forge_24_2.jpg"},"800x600":{"url":"https:\/\/www.valdallos.com\/medias\/images\/prestations\/multitailles\/800x600_78540-michel_forge_24_2.jpg"},"640x480":{"url":"https:\/\/www.valdallos.com\/medias\/images\/prestations\/multitailles\/640x480_78540-michel_forge_24_2.jpg"},"320x240":{"url":"https:\/\/www.valdallos.com\/medias\/images\/prestations\/multitailles\/320x240_78540-michel_forge_24_2.jpg"},"160x120":{"url":"https:\/\/www.valdallos.com\/medias\/images\/prestations\/multitailles\/160x120_78540-michel_forge_24_2.jpg"},"origine":{"url":"https:\/\/www.valdallos.com\/medias\/images\/prestations\/78540-michel_forge_24_2.jpg"}},"urlLien":"","typeLien":"","nofollow":"N","copyright":"Michel JM"},{"url":"https:\/\/www.valdallos.com\/medias\/images\/prestations\/78541-michel_forge_24_3.jpg","chemin":"..\/medias\/images\/prestations\/78541-michel_forge_24_3.jpg","libelle":"Bright living room with kitchenette, electric hob, dining table, TV, wooden furniture, tiled floor","extension":"jpg","categorie":"","largeur":1200,"theme":"","hauteur":800,"type":"Image","origine":"","liaisonPave":"","langue":"","id":"78541","urlVignette":"https:\/\/www.valdallos.com\/medias\/images\/prestations\/v-78541-michel_forge_24_3.jpg","alt":"Bright living room with kitchenette, electric hob, dining table, TV, wooden furniture, tiled floor","title":"Bright living room with kitchenette, electric hob, dining table, TV, wooden furniture, tiled floor - &copy Michel JM","MultiTaille":{"1920x1440":{"url":"https:\/\/www.valdallos.com\/medias\/images\/prestations\/multitailles\/1920x1440_78541-michel_forge_24_3.jpg"},"1200x900":{"url":"https:\/\/www.valdallos.com\/medias\/images\/prestations\/multitailles\/1200x900_78541-michel_forge_24_3.jpg"},"800x600":{"url":"https:\/\/www.valdallos.com\/medias\/images\/prestations\/multitailles\/800x600_78541-michel_forge_24_3.jpg"},"640x480":{"url":"https:\/\/www.valdallos.com\/medias\/images\/prestations\/multitailles\/640x480_78541-michel_forge_24_3.jpg"},"320x240":{"url":"https:\/\/www.valdallos.com\/medias\/images\/prestations\/multitailles\/320x240_78541-michel_forge_24_3.jpg"},"160x120":{"url":"https:\/\/www.valdallos.com\/medias\/images\/prestations\/multitailles\/160x120_78541-michel_forge_24_3.jpg"},"origine":{"url":"https:\/\/www.valdallos.com\/medias\/images\/prestations\/78541-michel_forge_24_3.jpg"}},"urlLien":"","typeLien":"","nofollow":"N","copyright":"Michel JM"},{"url":"https:\/\/www.valdallos.com\/medias\/images\/prestations\/78542-michel_forge_24_1.jpg","chemin":"..\/medias\/images\/prestations\/78542-michel_forge_24_1.jpg","libelle":"Bright bedroom with bunk beds, parquet flooring","extension":"jpg","categorie":"","largeur":800,"theme":"","hauteur":1200,"type":"Image","origine":"","liaisonPave":"","langue":"","id":"78542","urlVignette":"https:\/\/www.valdallos.com\/medias\/images\/prestations\/v-78542-michel_forge_24_1.jpg","alt":"Bright bedroom with bunk beds, parquet flooring","title":"Bright bedroom with bunk beds, parquet flooring - &copy Michel JM","MultiTaille":{"1920x1440":{"url":"https:\/\/www.valdallos.com\/medias\/images\/prestations\/multitailles\/1920x1440_78542-michel_forge_24_1.jpg"},"1200x900":{"url":"https:\/\/www.valdallos.com\/medias\/images\/prestations\/multitailles\/1200x900_78542-michel_forge_24_1.jpg"},"800x600":{"url":"https:\/\/www.valdallos.com\/medias\/images\/prestations\/multitailles\/800x600_78542-michel_forge_24_1.jpg"},"640x480":{"url":"https:\/\/www.valdallos.com\/medias\/images\/prestations\/multitailles\/640x480_78542-michel_forge_24_1.jpg"},"320x240":{"url":"https:\/\/www.valdallos.com\/medias\/images\/prestations\/multitailles\/320x240_78542-michel_forge_24_1.jpg"},"160x120":{"url":"https:\/\/www.valdallos.com\/medias\/images\/prestations\/multitailles\/160x120_78542-michel_forge_24_1.jpg"},"origine":{"url":"https:\/\/www.valdallos.com\/medias\/images\/prestations\/78542-michel_forge_24_1.jpg"}},"urlLien":"","typeLien":"","nofollow":"N","copyright":"Michel JM"},{"url":"https:\/\/www.valdallos.com\/medias\/images\/prestations\/78543-michel_forge_24_5.jpg","chemin":"..\/medias\/images\/prestations\/78543-michel_forge_24_5.jpg","libelle":"Bright modern bathroom with shower tray, sink, wooden furnishings","extension":"jpg","categorie":"","largeur":1200,"theme":"","hauteur":1800,"type":"Image","origine":"","liaisonPave":"","langue":"","id":"78543","urlVignette":"https:\/\/www.valdallos.com\/medias\/images\/prestations\/v-78543-michel_forge_24_5.jpg","alt":"Bright modern bathroom with shower tray, sink, wooden furnishings","title":"Bright modern bathroom with shower tray, sink, wooden furnishings - &copy Michel JM","MultiTaille":{"1920x1440":{"url":"https:\/\/www.valdallos.com\/medias\/images\/prestations\/multitailles\/1920x1440_78543-michel_forge_24_5.jpg"},"1200x900":{"url":"https:\/\/www.valdallos.com\/medias\/images\/prestations\/multitailles\/1200x900_78543-michel_forge_24_5.jpg"},"800x600":{"url":"https:\/\/www.valdallos.com\/medias\/images\/prestations\/multitailles\/800x600_78543-michel_forge_24_5.jpg"},"640x480":{"url":"https:\/\/www.valdallos.com\/medias\/images\/prestations\/multitailles\/640x480_78543-michel_forge_24_5.jpg"},"320x240":{"url":"https:\/\/www.valdallos.com\/medias\/images\/prestations\/multitailles\/320x240_78543-michel_forge_24_5.jpg"},"160x120":{"url":"https:\/\/www.valdallos.com\/medias\/images\/prestations\/multitailles\/160x120_78543-michel_forge_24_5.jpg"},"origine":{"url":"https:\/\/www.valdallos.com\/medias\/images\/prestations\/78543-michel_forge_24_5.jpg"}},"urlLien":"","typeLien":"","nofollow":"N","copyright":"Michel JM"}],"ByCategorie":{"":[{"url":"https:\/\/www.valdallos.com\/medias\/images\/prestations\/78539-michel_forge_24_4.jpg","chemin":"..\/medias\/images\/prestations\/78539-michel_forge_24_4.jpg","libelle":"View of the house and flat with balcony, sunny exposure, terrace, garden table","extension":"jpg","categorie":"","largeur":1200,"theme":"","hauteur":800,"type":"Image","origine":"","liaisonPave":"","langue":"","id":"78539","urlVignette":"https:\/\/www.valdallos.com\/medias\/images\/prestations\/v-78539-michel_forge_24_4.jpg","alt":"View of the house and flat with balcony, sunny exposure, terrace, garden table","title":"View of the house and flat with balcony, sunny exposure, terrace, garden table - &copy Michel JM","MultiTaille":{"1920x1440":{"url":"https:\/\/www.valdallos.com\/medias\/images\/prestations\/multitailles\/1920x1440_78539-michel_forge_24_4.jpg"},"1200x900":{"url":"https:\/\/www.valdallos.com\/medias\/images\/prestations\/multitailles\/1200x900_78539-michel_forge_24_4.jpg"},"800x600":{"url":"https:\/\/www.valdallos.com\/medias\/images\/prestations\/multitailles\/800x600_78539-michel_forge_24_4.jpg"},"640x480":{"url":"https:\/\/www.valdallos.com\/medias\/images\/prestations\/multitailles\/640x480_78539-michel_forge_24_4.jpg"},"320x240":{"url":"https:\/\/www.valdallos.com\/medias\/images\/prestations\/multitailles\/320x240_78539-michel_forge_24_4.jpg"},"160x120":{"url":"https:\/\/www.valdallos.com\/medias\/images\/prestations\/multitailles\/160x120_78539-michel_forge_24_4.jpg"},"origine":{"url":"https:\/\/www.valdallos.com\/medias\/images\/prestations\/78539-michel_forge_24_4.jpg"}},"urlLien":"","typeLien":"","nofollow":"N","copyright":"Michel JM"},{"url":"https:\/\/www.valdallos.com\/medias\/images\/prestations\/78540-michel_forge_24_2.jpg","chemin":"..\/medias\/images\/prestations\/78540-michel_forge_24_2.jpg","libelle":"Bright living room with sofa, television, dining table, wooden furniture, tiled floor, French windows","extension":"jpg","categorie":"","largeur":1200,"theme":"","hauteur":800,"type":"Image","origine":"","liaisonPave":"","langue":"","id":"78540","urlVignette":"https:\/\/www.valdallos.com\/medias\/images\/prestations\/v-78540-michel_forge_24_2.jpg","alt":"Bright living room with sofa, television, dining table, wooden furniture, tiled floor, French windows","title":"Bright living room with sofa, television, dining table, wooden furniture, tiled floor, French windows - &copy Michel JM","MultiTaille":{"1920x1440":{"url":"https:\/\/www.valdallos.com\/medias\/images\/prestations\/multitailles\/1920x1440_78540-michel_forge_24_2.jpg"},"1200x900":{"url":"https:\/\/www.valdallos.com\/medias\/images\/prestations\/multitailles\/1200x900_78540-michel_forge_24_2.jpg"},"800x600":{"url":"https:\/\/www.valdallos.com\/medias\/images\/prestations\/multitailles\/800x600_78540-michel_forge_24_2.jpg"},"640x480":{"url":"https:\/\/www.valdallos.com\/medias\/images\/prestations\/multitailles\/640x480_78540-michel_forge_24_2.jpg"},"320x240":{"url":"https:\/\/www.valdallos.com\/medias\/images\/prestations\/multitailles\/320x240_78540-michel_forge_24_2.jpg"},"160x120":{"url":"https:\/\/www.valdallos.com\/medias\/images\/prestations\/multitailles\/160x120_78540-michel_forge_24_2.jpg"},"origine":{"url":"https:\/\/www.valdallos.com\/medias\/images\/prestations\/78540-michel_forge_24_2.jpg"}},"urlLien":"","typeLien":"","nofollow":"N","copyright":"Michel JM"},{"url":"https:\/\/www.valdallos.com\/medias\/images\/prestations\/78541-michel_forge_24_3.jpg","chemin":"..\/medias\/images\/prestations\/78541-michel_forge_24_3.jpg","libelle":"Bright living room with kitchenette, electric hob, dining table, TV, wooden furniture, tiled floor","extension":"jpg","categorie":"","largeur":1200,"theme":"","hauteur":800,"type":"Image","origine":"","liaisonPave":"","langue":"","id":"78541","urlVignette":"https:\/\/www.valdallos.com\/medias\/images\/prestations\/v-78541-michel_forge_24_3.jpg","alt":"Bright living room with kitchenette, electric hob, dining table, TV, wooden furniture, tiled floor","title":"Bright living room with kitchenette, electric hob, dining table, TV, wooden furniture, tiled floor - &copy Michel JM","MultiTaille":{"1920x1440":{"url":"https:\/\/www.valdallos.com\/medias\/images\/prestations\/multitailles\/1920x1440_78541-michel_forge_24_3.jpg"},"1200x900":{"url":"https:\/\/www.valdallos.com\/medias\/images\/prestations\/multitailles\/1200x900_78541-michel_forge_24_3.jpg"},"800x600":{"url":"https:\/\/www.valdallos.com\/medias\/images\/prestations\/multitailles\/800x600_78541-michel_forge_24_3.jpg"},"640x480":{"url":"https:\/\/www.valdallos.com\/medias\/images\/prestations\/multitailles\/640x480_78541-michel_forge_24_3.jpg"},"320x240":{"url":"https:\/\/www.valdallos.com\/medias\/images\/prestations\/multitailles\/320x240_78541-michel_forge_24_3.jpg"},"160x120":{"url":"https:\/\/www.valdallos.com\/medias\/images\/prestations\/multitailles\/160x120_78541-michel_forge_24_3.jpg"},"origine":{"url":"https:\/\/www.valdallos.com\/medias\/images\/prestations\/78541-michel_forge_24_3.jpg"}},"urlLien":"","typeLien":"","nofollow":"N","copyright":"Michel JM"},{"url":"https:\/\/www.valdallos.com\/medias\/images\/prestations\/78542-michel_forge_24_1.jpg","chemin":"..\/medias\/images\/prestations\/78542-michel_forge_24_1.jpg","libelle":"Bright bedroom with bunk beds, parquet flooring","extension":"jpg","categorie":"","largeur":800,"theme":"","hauteur":1200,"type":"Image","origine":"","liaisonPave":"","langue":"","id":"78542","urlVignette":"https:\/\/www.valdallos.com\/medias\/images\/prestations\/v-78542-michel_forge_24_1.jpg","alt":"Bright bedroom with bunk beds, parquet flooring","title":"Bright bedroom with bunk beds, parquet flooring - &copy Michel JM","MultiTaille":{"1920x1440":{"url":"https:\/\/www.valdallos.com\/medias\/images\/prestations\/multitailles\/1920x1440_78542-michel_forge_24_1.jpg"},"1200x900":{"url":"https:\/\/www.valdallos.com\/medias\/images\/prestations\/multitailles\/1200x900_78542-michel_forge_24_1.jpg"},"800x600":{"url":"https:\/\/www.valdallos.com\/medias\/images\/prestations\/multitailles\/800x600_78542-michel_forge_24_1.jpg"},"640x480":{"url":"https:\/\/www.valdallos.com\/medias\/images\/prestations\/multitailles\/640x480_78542-michel_forge_24_1.jpg"},"320x240":{"url":"https:\/\/www.valdallos.com\/medias\/images\/prestations\/multitailles\/320x240_78542-michel_forge_24_1.jpg"},"160x120":{"url":"https:\/\/www.valdallos.com\/medias\/images\/prestations\/multitailles\/160x120_78542-michel_forge_24_1.jpg"},"origine":{"url":"https:\/\/www.valdallos.com\/medias\/images\/prestations\/78542-michel_forge_24_1.jpg"}},"urlLien":"","typeLien":"","nofollow":"N","copyright":"Michel JM"},{"url":"https:\/\/www.valdallos.com\/medias\/images\/prestations\/78543-michel_forge_24_5.jpg","chemin":"..\/medias\/images\/prestations\/78543-michel_forge_24_5.jpg","libelle":"Bright modern bathroom with shower tray, sink, wooden furnishings","extension":"jpg","categorie":"","largeur":1200,"theme":"","hauteur":1800,"type":"Image","origine":"","liaisonPave":"","langue":"","id":"78543","urlVignette":"https:\/\/www.valdallos.com\/medias\/images\/prestations\/v-78543-michel_forge_24_5.jpg","alt":"Bright modern bathroom with shower tray, sink, wooden furnishings","title":"Bright modern bathroom with shower tray, sink, wooden furnishings - &copy Michel JM","MultiTaille":{"1920x1440":{"url":"https:\/\/www.valdallos.com\/medias\/images\/prestations\/multitailles\/1920x1440_78543-michel_forge_24_5.jpg"},"1200x900":{"url":"https:\/\/www.valdallos.com\/medias\/images\/prestations\/multitailles\/1200x900_78543-michel_forge_24_5.jpg"},"800x600":{"url":"https:\/\/www.valdallos.com\/medias\/images\/prestations\/multitailles\/800x600_78543-michel_forge_24_5.jpg"},"640x480":{"url":"https:\/\/www.valdallos.com\/medias\/images\/prestations\/multitailles\/640x480_78543-michel_forge_24_5.jpg"},"320x240":{"url":"https:\/\/www.valdallos.com\/medias\/images\/prestations\/multitailles\/320x240_78543-michel_forge_24_5.jpg"},"160x120":{"url":"https:\/\/www.valdallos.com\/medias\/images\/prestations\/multitailles\/160x120_78543-michel_forge_24_5.jpg"},"origine":{"url":"https:\/\/www.valdallos.com\/medias\/images\/prestations\/78543-michel_forge_24_5.jpg"}},"urlLien":"","typeLien":"","nofollow":"N","copyright":"Michel JM"}]}},"DateDebPublication":"","DateFinPublication":"","PrixAPartirDe":"","PrixPour":"","FicheListeEnCours":"fiche_liste_immobilier_prestation_OT_v3","ParametresModele":{"AfficherPhotos":1,"NbPhotosMax":6,"AfficherReserver":0,"AfficherContact":0,"AfficherSalle":1,"AfficherZoneGeo":0,"AfficherEnSavoirPlus":"0","AfficherUneSeuleOuverture":0,"AfficherContactCarte":1,"AfficherTarifsChaudAPartirDe":0,"AfficherTarifChaudSansRecherche":0,"AfficherDispoAccordeon":"1","AfficherDispoResa":"1","AfficherPrixAPartirDe":"1","BlocCritereInfo":{"critere1":{"libelle":"","liste_critere":["classementPrefectoral|2631|G","classementPrefectoral|2630|G","classementPrefectoral|2629|G","classementPrefectoral|2628|G","classementPrefectoral|2627|G","classementPrefectoral|2632|G"]},"critere2":{"libelle":"","liste_critere":["GLOC|G"]},"critere3":{"libelle":""},"critere4":{"libelle":""},"critere5":{"libelle":"","liste_critere":["GHANDI|G","AFFEQUIP|WIFI|G","AFFEQUIP|ANIMAUX|G","AFFEQUIP|PARKING|G","AFFEQUIP|LAVEVAIS|G","AFFEQUIP|LAVELINGEAFF|G","GCHAMB|G","NBPERS|G","GSURFA|G","GLOGEM|G"]},"critere6":{"libelle":"","liste_critere":["GLABEL|GCLEVA|G"]},"critere7":{"libelle":""},"critere8":{"libelle":""},"critere9":{"libelle":""},"afficherpictoetpaslibelle":"1"},"BlocPaveInfo":{"texte1":{"pave":["6","15","20"],"longeurmax":"250","afficherLibelle":"0","garderHtml":"0","boutonVoirPlus":""},"texte3":{"longeurmax":"","afficherLibelle":"0","garderHtml":"0","boutonVoirPlus":""}},"CriteresComportementDispo":"DISPONIBILITES[PLANNINGACT","PositionBloc":"GALLERIE|ZONEPRINCIPALFICHEPRESTA|NOM|CARNET_VOYAGE|ACCROCHE_TARIF_DISPO","TypePrestataire":"G","ComportementResa":false,"ComportementDispo":true},"AffichageCoordonnees":[],"Coordonnees":{"Ville":"Allos"},"ContexteId":"PRESTATION|G|4678042|4686987","ContexteIdHtml":"PRESTATION-G-4678042-4686987","cleContexte":"G|4678042|4686987","Bloc":{"texte1":"Nearby village, flat newly renovated with balcony. Large garden with trees. At the start of short and long-distance hiking trails and snowshoe circuits.","texte3":"","critere1":{"libelle":"","contenu":{"classementPrefectoral":{"libelle":"Official local classification","contenu":{"4":"\u003Cimg src=\"https:\/\/www.valdallos.com\/medias\/images\/picto\/classementPrefectoral-2628-G.png\"  alt=\"2 stars\" title=\"2 stars\" \/\u003E"},"codesValeurs":{"4":"classementPrefectoral|2628|G"},"criteres_datas":{"valeurs":{"4":{"2628":{"descriptif":""}}}}}}},"critere2":{"libelle":"","contenu":{"GLOC":{"libelle":"situation","contenu":{"3":"Val d'Allos - Village"},"codesValeurs":{"3":"GLOC|G14|G"},"criteres_datas":{"valeurs":{"3":{"G14":{"descriptif":""}}}}}}},"critere3":{"libelle":"","contenu":[]},"critere4":{"libelle":"","contenu":[]},"critere5":{"libelle":"","contenu":{"NBPERS":{"libelle":"People","contenu":{"3":"4 people"},"codesValeurs":{"3":"NBPERS|GCAP04|G"},"criteres_datas":{"valeurs":{"3":{"GCAP04":{"descriptif":""}}}}},"GLOGEM":{"libelle":"Type of Accommodation","contenu":{"2":"appartment in an individual house"},"codesValeurs":{"2":"GLOGEM|GAPPMA|G"},"criteres_datas":{"valeurs":{"2":{"GAPPMA":{"descriptif":""}}}}},"AFFEQUIP":{"libelle":"Equipments and services","contenu":{"1":"Internet \/ WiFi","3":"Parking \/ Garage","4":"Dish washer","5":"Washing machine"},"codesValeurs":{"1":"AFFEQUIP|WIFI|G","3":"AFFEQUIP|PARKING|G","4":"AFFEQUIP|LAVEVAIS|G","5":"AFFEQUIP|LAVELINGEAFF|G"},"criteres_datas":{"valeurs":{"1":{"WIFI":{"descriptif":""}},"3":{"PARKING":{"descriptif":""}},"4":{"LAVEVAIS":{"descriptif":""}},"5":{"LAVELINGEAFF":{"descriptif":""}}}}}}},"critere6":{"libelle":"","contenu":{"GLABEL":{"libelle":"labels","contenu":{"1":"\u003Cimg src=\"https:\/\/www.valdallos.com\/medias\/images\/picto\/GLABEL-GCLEVA-G.jpg\"  alt=\"famille plus montagne\" title=\"famille plus montagne\" \/\u003E"},"codesValeurs":{"1":"GLABEL|GCLEVA|G"},"criteres_datas":{"valeurs":{"1":{"GCLEVA":{"descriptif":""}}}}}}},"critere7":{"libelle":"","contenu":[]},"critere8":{"libelle":"","contenu":[]},"critere9":{"libelle":"","contenu":[]}},"LocalisationGps":{"Latitude":"44.241053","Longitude":"6.630248"},"libelleDuPrestataire":"","vuePrestataire":{"pave1":{"libelle":"","contenu":""},"pave2":{"libelle":"","contenu":""},"pave3":{"libelle":"","contenu":""},"pave4":{"libelle":"","contenu":""},"pave5":{"libelle":"","contenu":""},"pave6":{"libelle":"","contenu":""},"pave7":{"libelle":"","contenu":""},"pave8":{"libelle":"","contenu":""},"pave9":{"libelle":"","contenu":""},"pave10":{"libelle":"","contenu":""},"pave11":{"libelle":"","contenu":""},"pave12":{"libelle":"","contenu":""},"pave13":{"libelle":"","contenu":""},"pave14":{"libelle":"","contenu":""},"pave15":{"libelle":"","contenu":""},"pave16":{"libelle":"","contenu":""},"pave17":{"libelle":"","contenu":""},"pave18":{"libelle":"","contenu":""},"pave19":{"libelle":"","contenu":""},"pave20":{"libelle":"","contenu":""},"pave21":{"libelle":"","contenu":""},"pave22":{"libelle":"","contenu":""},"pave23":{"libelle":"","contenu":""},"pave24":{"libelle":"","contenu":""},"pave25":{"libelle":"","contenu":""},"ContactsParType":{"GEST":{"114336":{"id_contact":"114336","type_contact":"GEST","categorie_contact":"PRESTATAIRE","societe_contact":"","fonction_contact":"","civilite_nom_prenom_contact":"Michel Jean-Marc ","adresse1_contact":"Le moulin","adresse2_contact":"Val d'Allos-le village","adresse3_contact":"","cpostal_contact":"04260","ville_contact":"Allos","teldom_contact":"04 92 83 04 98","telbur_contact":"","fax_contact":"","portable_contact":"06 71 72 82 38","email_contact":"jean-marc.michel1@orange.fr","siteweb_contact":"http:\/\/www.lemoulindallos.com","commentaire_contact":"","langue_contact":"","autre_moyen_com":[]},"114339":{"id_contact":"114339","type_contact":"GEST","categorie_contact":"PRESTATAIRE","societe_contact":"","fonction_contact":"","civilite_nom_prenom_contact":"Michel Jean-Marc ","adresse1_contact":"Le moulin","adresse2_contact":"Val d'Allos-le village","adresse3_contact":"","cpostal_contact":"04260","ville_contact":"Allos","teldom_contact":"04 92 83 04 98","telbur_contact":"","fax_contact":"","portable_contact":"06 71 72 82 38","email_contact":"jean-marc.michel1@orange.fr","siteweb_contact":"http:\/\/www.lemoulindallos.com","commentaire_contact":"","langue_contact":"","autre_moyen_com":[]},"114342":{"id_contact":"114342","type_contact":"GEST","categorie_contact":"PRESTATAIRE","societe_contact":"","fonction_contact":"","civilite_nom_prenom_contact":"Michel Jean-Marc ","adresse1_contact":"Le moulin","adresse2_contact":"Val d'Allos-le village","adresse3_contact":"","cpostal_contact":"04260","ville_contact":"Allos","teldom_contact":"04 92 83 04 98","telbur_contact":"","fax_contact":"","portable_contact":"06 71 72 82 38","email_contact":"jean-marc.michel1@orange.fr","siteweb_contact":"http:\/\/www.lemoulindallos.com","commentaire_contact":"","langue_contact":"","autre_moyen_com":[]},"114345":{"id_contact":"114345","type_contact":"GEST","categorie_contact":"PRESTATAIRE","societe_contact":"","fonction_contact":"","civilite_nom_prenom_contact":"Michel Jean-Marc ","adresse1_contact":"Le moulin","adresse2_contact":"Val d'Allos-le village","adresse3_contact":"","cpostal_contact":"04260","ville_contact":"Allos","teldom_contact":"04 92 83 04 98","telbur_contact":"","fax_contact":"","portable_contact":"06 71 72 82 38","email_contact":"jean-marc.michel1@orange.fr","siteweb_contact":"http:\/\/www.lemoulindallos.com","commentaire_contact":"","langue_contact":"","autre_moyen_com":[]}}},"ZoneGeoLibelle":"Haut-Verdon","Libelle":"Michel Jean-Marc","Nom":"Michel Jean-Marc ","Prenom":"","NomPrenom":"Michel Jean-Marc  ","CiviliteNomPrenom":"Michel Jean-Marc  ","Cle":"G|4678042","PrestataireParent":"","ContexteStat":"PRESTATAIRE-G-4678042","DateModificationIso":"2025-11-19T00:24:00+01:00","Type":"PRESTATAIRE","TypePrestataire":"G","Adresse":{"LigneAdresse1":"","LigneAdresse2":"","LigneAdresse3":"","CodePostal":"","Ville":"","Cedex":"","Etat":"","Pays":""},"Email":"jean-marc.michel1@orange.fr","Telephone":"04 92 83 04 98","TelephoneBureau":"","Portable":"06 71 72 82 38","SiteWeb":"http:\/\/www.lemoulindallos.com","Fax":"","Id":"g-4678042","Code":"G|4678042","Fichier":[],"Url":"","Localisation":{"GoogleMap":{"Latitude":"","Longitude":""}},"ZoneGeo":"FRPA04VAHVERD","Criteres":{"GINFADH[GMONT":"80","GINFADH[GCOMM":"prochain classement en 2017","GTIMMO[GPARTI":"","P.GLOC[G14":"","P.6241[126905":"","P.6241[5740912":"","P.3218[311229":"","P.3220[587401":"","P.3220[5575332":"","P.3233[591419":"","P.3221[4876304":"","P.3219[5127127":"","P.3219[5239406":"","P.3219[6436838":"","P.3240[5778284":"","P.6242[5843488":"","P.3230[6139211":"","P.VilleSitra[1559":"","P.VillageDeDepart[1559":""},"DateFinPublication":"","AffichageCoordonnees":[]},"listeCriteres":{"DISPONIBILITES":{"DISPORELANCE":"","PLANNINGACT":""},"GPREST":{"GLOCAS":""},"GCAPACITE":{"4PERS":""},"NBPERS":{"GCAP04":""},"GLABEL":{"GCLEVA":"","GMERCECO":""},"GLOGEM":{"GAPPMA":""},"GCHAR":{"GCHARC":""},"GEQUIC":{"GFOUR":"","GLAVEV":"","GMICRO":"","GREFIG":""},"GEQUIS":{"GLECTE":"","GTELEV":""},"GSALLE":{"GDOUCH":"","GWC":""},"G1EQUI":{"GBARBE":"","GLOCSK":"","GLOVEL":"","GMOBIL":""},"GACTIV":{"GINTER":""},"GPARKI":{"GPARKE":""},"GANIMA":{"GANINA":""},"GFAMPLUS":{"GMICRO":"","GCHAISEHAUT":"","GBAIGN":"","GJEUXINT":"","GJEUXEXT":"","GLITBEBE":"","GPORTBE":"","GOFFRE":"jardin commun avec balan\u00e7oire,  pr\u00eat de luge et de sac \u00e0 dos porte b\u00e9b\u00e9"},"PUBLICATION":{"VALDALLOS":"","VERDONTOURISME":""},"VISIBWEB":{"PLANNINGVISIBLE":""},"AFFGTYPE":{"APPART":""},"GNOMBRE":{"4PERS":""},"AFFEQUIP":{"WIFI":"","PARKING":"","LAVEVAIS":"","LAVELINGEAFF":"","JAR":""},"GLOC":{"G14":""},"LOCVERDON":{"1559":""},"113":{"1593":""},"4790":{"5063":""},"127":{"606":""},"122":{"612":"","803":"","1297":""},"22":{"672":"","1058":""},"126":{"972":""},"prestations":{"surchargeTourismesAdaptes":"","surchargeDescriptifHandicapMoteur":"","surchargeDescriptifHandicapAuditif":"","surchargeDescriptifHandicapVisuel":"","surchargeDescriptifHandicapMental":"","surchargeNombreFauteuilsRoulants":""},"69":{"838":"","904":"","1014":"","1015":"","4060":""},"72":{"842":"","963":"","998":""},"73":{"902":""},"70":{"907":"","917":"","922":"","943":"","999":""},"68":{"971":""},"71":{"986":""},"languesParlees":{"1197":""},"environnements":{"185":""},"6528":{"4006":""},"modesPaiement":{"1271":"","1274":"","1277":"","1281":""},"tourismeAffaires":{"tourismeAffairesEnabled":"","devise":"EUR"},"hebergementLocatifType":{"2620":""},"informationsHebergementLocatif":{"dateClassement":"2023-05-11"},"classementPrefectoral":{"2628":""},"5403":{"1613":""},"capacite":{"capaciteHebergement":"4","capaciteMaximumPossible":"4","surface":"28","nombreChambres":"1","numeroEtage":"1"},"CINTSITRA":{"5660":"","8809":""},"6241":{"126905":"","5740912":""},"3218":{"311229":""},"3220":{"587401":"","5575332":""},"3233":{"591419":""},"3221":{"4876304":""},"3219":{"5127127":"","5239406":"","6436838":""},"3240":{"5778284":""},"6242":{"5843488":""},"3230":{"6139211":""},"VilleSitra":{"1559":""},"VillageDeDepart":{"1559":""},"GINFADH":{"GMONT":"80","GCOMM":"prochain classement en 2017"},"GTIMMO":{"GPARTI":""},"P.GLOC":{"G14":""},"P.6241":{"126905":"","5740912":""},"P.3218":{"311229":""},"P.3220":{"587401":"","5575332":""},"P.3233":{"591419":""},"P.3221":{"4876304":""},"P.3219":{"5127127":"","5239406":"","6436838":""},"P.3240":{"5778284":""},"P.6242":{"5843488":""},"P.3230":{"6139211":""},"P.VilleSitra":{"1559":""},"P.VillageDeDepart":{"1559":""}},"dansCarnetVoyage":true,"Ouverture":"","WidgetDispoRechercheDate":false,"WidgetDispoVoirLienVoirToutesDispos":true,"ChargerWidgetDispoAuClic":true,"WidgetDispo":"\u003Cspan\u003E\u003C\/span\u003E","JsOnClickBtnDispo":"\u003Cscript\u003E\n                try{\n                    WidgetDispos.addChargementAuClicBtnDispoAccordeon('PRESTATION-G-4678042-4686987',{tabParamsWidgetDispo : {\"id\":\"G|4678042|4686987\",\"origineListeInfo\":\"\",\"vue\":\"semaineLigne\",\"mode\":\"ajax\",\"url_fiche\":\"appartment-in-an-individual-house-2-stars-haut-verdon-val-dallos-le-village-1.html\",\"id_form_contact\":\"42\",\"version\":\"2\",\"parametersWidgetV2\":{\"el\":\"blocDispo-PRESTATION-G-4678042-4686987\",\"object\":{\"code\":\"G|4678042|4686987\"},\"cid\":\"8\",\"site\":{\"code\":\"SITE2018\",\"url\":\"https:\\\/\\\/en.valdallos.com\"},\"slider\":{\"controls\":{\"arrows\":{\"enable\":true,\"showLocked\":true,\"style\":\"button\"}}},\"booking\":{\"enable\":false,\"waitForWindowLoad\":false,\"parameters\":{\"idWidget\":\"blocResa-PRESTATION-G-4678042-4686987\",\"queryParams\":null,\"withoutForm\":true}},\"options\":{\"typeDate\":\"SS\",\"elReferer\":\"PRESTATION-G-4678042-4686987\",\"ingContext\":\"RESA\",\"urlFiche\":\"appartment-in-an-individual-house-2-stars-haut-verdon-val-dallos-le-village-1.html\",\"startDate\":null,\"templates\":{\"Week\":\"semaine\",\"Days\":\"mois\"},\"plugContactForm\":\"42\"}}},idBloc : \"blocDispo-PRESTATION-G-4678042-4686987\",prestation : \"G|4678042|4686987\"});\n                }\n                catch(e) {\n                    \/\/console.log(e);\n                }\u003C\/script\u003E"},"html":" \n \u003Cdiv id=\"CV-PRESTATION-G-4678042-4686987\" data-contexte-id=\"PRESTATION|G|4678042|4686987\" data-cle=\"G|4678042|4686987\" class=\"fiche-liste\"\u003E\n    \n\n    \u003C!-- partie photo --\u003E\n    \u003Cdiv class=\"photo\"\u003E\t\t\t\t\t\t\t\t\t\t\t\t\t\t\t\t\t\t\t\t\t\n        \u003Cdiv class=\"cadre_photo_principale\"\u003E\t\t\n        \n            \t\t\t\t\t\n                    \u003Ca href=\"appartment-in-an-individual-house-2-stars-haut-verdon-val-dallos-le-village-1.html?origine=carnet#media\"\u003E\n                        \u003Cimg class=\"photo_principale\" alt=\"View of the house and flat with balcony, sunny exposure, terrace, garden table\" src=\"https:\/\/www.valdallos.com\/medias\/images\/prestations\/multitailles\/320x240_78539-michel_forge_24_4.jpg\" itemprop=\"image\"\u003E\n                    \u003C\/a\u003E\t\t\t\t\t\t\n                \n                    \u003C\/div\u003E\t\t\t\t\t\t\t\t\t\t\t\t\t\t\t\t\t\t\t \t\t\n    \u003C\/div\u003E\n    \n    \u003C!-- partie nom prest --\u003E\n    \u003Cdiv class=\"nom\"\u003E\n        \u003Ch2\u003EMichel Jean Marc \"la forge\"\u003C\/h2\u003E\n        \n            \u003C\/div\u003E\n\n         \n    \u003C!-- partie adresse --\u003E\n    \u003Cdiv class=\"adresse\"\u003E\n    \n          \n    \u003C\/div\u003E\n    \n    \u003C!-- partie liens --\u003E\n    \u003Cdiv class=\"liens\"\u003E\n            \u003Ca class=\"btn-icon btn-view \" title=\"Read more \" href=\"appartment-in-an-individual-house-2-stars-haut-verdon-val-dallos-le-village-1.html?origine=carnet\"\u003E\u003C\/a\u003E\u003C!--\u003Ca class=\"btn-icon btn-view \" title=\"\" href=\"?origine=carnet#thaut\"\u003E\u003C\/a\u003E--\u003E\n      \u003Ca class=\"btn-icon btn-trash carnet_voyage_supprimer\" title=\"Remove to travel notes \" href=\"carnet-voyage?action=remove&fiche=G|4678042|4686987\"\u003E\u003C\/a\u003E\n    \u003C\/div\u003E\n\n\u003C\/div\u003E\n\n","icon":"https:\/\/static.ingenie.fr\/images\/carnetVoyageV3\/G.png"},"fiche":"G|4678042|4686987","popup":"\u003Cdiv id=\"bloc_popup_ajout_fiche_carnet\"\u003E\n    \u003Cdiv class=\"info_popup_ajout_fiche_carnet\"\u003E\n        You have just added this element to your selection:    \u003C\/div\u003E\n    \u003Cdiv class=\"prest_popup_ajout_fiche_carnet\"\u003E\n        Michel Jean Marc &quot;la forge&quot;    \u003C\/div\u003E\n    \u003Cdiv class=\"bloc_btn_ajout_fiche_carnet form_submit_div\"\u003E\n        \u003Cinput type=\"button\" value=\"Continue \" title=\"Continue \" name=\"btn_close\" class=\"btn_close_popup_carnet form_submit\" onclick=\"$.colorbox.close()\" \/\u003E\n        \u003Cinput type=\"button\" value=\"See my selection\" title=\"See my selection\" name=\"btn_panier\" class=\"btn_panier_popup_carnet form_submit\" onclick=\"if(typeof CarnetVoyage != 'undefined') {CarnetVoyage.voirCarnet();}\" \/\u003E\n    \u003C\/div\u003E\n    \u003Cdiv class=\"bloc_btn_ajout_fiche_carnet\"\u003E\n        \u003Cinput type=\"checkbox\" value=\"1\" name=\"desactiver_popup\" id=\"desactiver_popup\" \/\u003E\n        \u003Clabel for=\"desactiver_popup\"\u003EDo not show this message again \u003C\/label\u003E\n    \u003C\/div\u003E\n\u003C\/div\u003E","success":1}