{"nbFiches":1,"dataPrest":{"infoPrest":{"pave1":{"libelle":"descriptive","contenu":"Located in the Southern Alps, Alpes de Haute Provence (04), you have an appointment with Val d'Allos. An alpine resort with three parts ... two stations and a village"},"pave2":{"libelle":"winter prices","contenu":""},"pave3":{"libelle":"summer prices","contenu":""},"pave4":{"libelle":"online sale","contenu":"\u003Cp\u003E\r\n\t\u003Ca href=\"http:\/\/www.valdallos-ski.com\"\u003Ewww.valdallos-ski.com\u003C\/a\u003E\u003C\/p\u003E\r\n"},"pave5":{"libelle":"Descriptif court (old)","contenu":""},"pave6":{"libelle":"Descriptif d\u00e9taill\u00e9","contenu":"Val d'Allos is a three-part ski resort: two complementary ski resorts (Val d'Allos le Seignus and Val d'Allos la Foux) 7 km apart and a traditional village, all awarded the Famille Plus Montagne label. Located in the Southern Alps and the upper Verdon valley, in the Alpes de Haute Provence department.\u003Cbr \/\u003E\r\n\u003Cbr \/\u003E\r\nVal d'Allos offers two ski areas (not connected by ski) where space and altitude combine! With dozens of kilometres of ski slopes, the Val d'Allos la Foux area is shared with Praloup. \u003Cbr \/\u003E\r\nThe Val d'Allos le Seignus area, more intimate and family-oriented, offers fairly challenging and technical slopes.\u003Cbr \/\u003E\r\nWith slopes winding through larch forests, curves in the valleys and unspoilt areas, the ski resorts of Val d'Allos have something for everyone, from experienced skiers to beginners. \u003Cbr \/\u003E\r\nOff-piste skiing also has a very special place in Val d'Allos.\u003Cbr \/\u003E\r\n\u003Cbr \/\u003E\r\nCome in to Val d'Allos & Espace Lumi\u00e8re... for great skiing in the southern alps sunshine."},"pave7":{"libelle":"Bons plans","contenu":""},"pave8":{"libelle":"Compl\u00e9ment localisation","contenu":""},"pave9":{"libelle":"Compl\u00e9ment accueil","contenu":""},"pave10":{"libelle":"P\u00e9riodes en clair","contenu":"From 13\/12\/2025 to 06\/04\/2026 daily from 9 am."},"pave11":{"libelle":"Tarifs en clair","contenu":"Adult 1\/2 day: 30 to 43.30 \u20ac\u003Cbr \/\u003E\nAdult day: 35 to 48.50 \u20ac\u003Cbr \/\u003E\nAdult 2 days: 67.80 to 93 \u20ac\u003Cbr \/\u003E\nAdult 5 days: 152.50 to 213 \u20ac\u003Cbr \/\u003E\nAdult 6 days: 177.50 to 246 \u20ac\u003Cbr \/\u003E\nAdult week: 199.50 to 277 \u20ac\u003Cbr \/\u003E\nAdult season: 595 to 715 \u20ac\u003Cbr \/\u003E\nChild 1\/2 day: 28.50 to 37.10 \u20ac\u003Cbr \/\u003E\nChild day: 32 to 41.50 \u20ac\u003Cbr \/\u003E\nChild 2 days: 60 to 80 \u20ac\u003Cbr \/\u003E\nChild 5 days: 134.20 to 182 \u20ac\u003Cbr \/\u003E\nChild 6 days: 156.50 to 211 \u20ac\u003Cbr \/\u003E\nChild week: 177 to 237 \u20ac\u003Cbr \/\u003E\nStudent day: 32 to 45 \u20ac\u003Cbr \/\u003E\nStudent 6 days: 156.50 to 228 \u20ac\u003Cbr \/\u003E\nSenior 1\/2 day: 28.50 to 41.70 \u20ac\u003Cbr \/\u003E\nSenior day: 32 to 45 \u20ac\u003Cbr \/\u003E\nSenior 2 days: 60 to 87 \u20ac\u003Cbr \/\u003E\nSenior 5 days: 134.20 to 198 \u20ac\u003Cbr \/\u003E\nSenior 6 days: 156.50 to 228 \u20ac\u003Cbr \/\u003E\nSenior week: 177 to 257 \u20ac\u003Cbr \/\u003E\nSet price pedestrian day: 7.50 to 9 \u20ac.\u003Cbr \/\u003E\n\u003Cbr \/\u003E\n Free entry for children under 5."},"pave12":{"libelle":"Compl\u00e9ment Tarifs","contenu":""},"pave13":{"libelle":"Compl\u00e9ment R\u00e9servation","contenu":""},"pave14":{"libelle":"Descriptif court","contenu":""},"pave15":{"libelle":"Descriptif d\u00e9taill\u00e9","contenu":""},"pave16":{"libelle":"Bons plans","contenu":""},"pave17":{"libelle":"Tarifs (Tarifs en clair, Compl\u00e9ment Tarifs)","contenu":""},"pave18":{"libelle":"P\u00e9riodes en clair","contenu":""},"pave19":{"libelle":"Descriptif court","contenu":""},"pave20":{"libelle":"Descriptif d\u00e9taill\u00e9","contenu":""},"pave21":{"libelle":"Bons plans","contenu":""},"pave22":{"libelle":"Tarifs (Tarifs en clair, Compl\u00e9ment Tarifs)","contenu":""},"pave23":{"libelle":"P\u00e9riodes en clair","contenu":""},"pave24":{"libelle":"Dispositions sp\u00e9ciales","contenu":""},"pave25":{"libelle":"","contenu":""},"ContactsParType":{"RES":{"117310":{"id_contact":"117310","type_contact":"RES","categorie_contact":"PRESTATAIRE","societe_contact":"","fonction_contact":"","civilite_nom_prenom_contact":"Domaines skiables ","adresse1_contact":"","adresse2_contact":"","adresse3_contact":"","cpostal_contact":"","ville_contact":"","teldom_contact":"","telbur_contact":"","fax_contact":"","portable_contact":"","email_contact":"","siteweb_contact":"https:\/\/www.valdallos.ski\/fr\/","commentaire_contact":"","langue_contact":"","autre_moyen_com":[]}}},"ZoneGeoLibelle":"Val d'Allos","Libelle":"Val d'Allos ski resorts","Nom":"Domaines skiables du Val d'Allos","Prenom":"","NomPrenom":"Domaines skiables du Val d'Allos ","CiviliteNomPrenom":"Domaines skiables du Val d'Allos ","Cle":"E|686530","PrestataireParent":"","ContexteStat":"PRESTATAIRE-E-686530","DateModificationIso":"2026-03-07T00:12:00+01:00","Type":"PRESTATAIRE","TypePrestataire":"E","Adresse":{"LigneAdresse1":"Soci\u00e9t\u00e9s de remont\u00e9es m\u00e9caniques","LigneAdresse2":"centre station","LigneAdresse3":"Val d'Allos La Foux ou Val d'Allos le Seignus","CodePostal":"04260","Ville":"Allos","Cedex":"","Etat":"","Pays":"FRA"},"Email":"","Telephone":"04 92 83 81 44","TelephoneBureau":"04 92 89 23 02","Portable":"","SiteWeb":"https:\/\/www.valdallos.com\/skipass.html","Fax":"","Id":"e-686530","Code":"E|686530","Fichier":{"Image":[{"url":"https:\/\/www.valdallos.com\/medias\/images\/prestataires\/136820-domaines_skiables_du_val_d_allos.jpg","chemin":"..\/medias\/images\/prestataires\/136820-domaines_skiables_du_val_d_allos.jpg","libelle":"Domaines skiables du Val d'Allos","extension":"jpg","categorie":"","largeur":1200,"theme":"","hauteur":800,"type":"Image","origine":"","liaisonPave":"","langue":"","id":"136820","urlVignette":"https:\/\/www.valdallos.com\/medias\/images\/prestataires\/v-136820-domaines_skiables_du_val_d_allos.jpg","alt":"Domaines skiables du Val d'Allos","title":"Domaines skiables du Val d'Allos","MultiTaille":{"1920x1440":{"url":"https:\/\/www.valdallos.com\/medias\/images\/prestataires\/multitailles\/1920x1440_136820-domaines_skiables_du_val_d_allos.jpg"},"1200x900":{"url":"https:\/\/www.valdallos.com\/medias\/images\/prestataires\/multitailles\/1200x900_136820-domaines_skiables_du_val_d_allos.jpg"},"800x600":{"url":"https:\/\/www.valdallos.com\/medias\/images\/prestataires\/multitailles\/800x600_136820-domaines_skiables_du_val_d_allos.jpg"},"640x480":{"url":"https:\/\/www.valdallos.com\/medias\/images\/prestataires\/multitailles\/640x480_136820-domaines_skiables_du_val_d_allos.jpg"},"320x240":{"url":"https:\/\/www.valdallos.com\/medias\/images\/prestataires\/multitailles\/320x240_136820-domaines_skiables_du_val_d_allos.jpg"},"160x120":{"url":"https:\/\/www.valdallos.com\/medias\/images\/prestataires\/multitailles\/160x120_136820-domaines_skiables_du_val_d_allos.jpg"},"origine":{"url":"https:\/\/www.valdallos.com\/medias\/images\/prestataires\/136820-domaines_skiables_du_val_d_allos.jpg"}},"urlLien":"","typeLien":"","nofollow":"N","copyright":"R Palomba office de tourisme du Val d'Allos"},{"url":"https:\/\/www.valdallos.com\/medias\/images\/prestataires\/136821-plan_des_pistes_du_val_dallos_2025.jpg","chemin":"..\/medias\/images\/prestataires\/136821-plan_des_pistes_du_val_dallos_2025.jpg","libelle":"Val d'Allos ski resorts_Allos","extension":"jpg","categorie":"","largeur":2711,"theme":"","hauteur":850,"type":"Image","origine":"","liaisonPave":"","langue":"","id":"136821","urlVignette":"https:\/\/www.valdallos.com\/medias\/images\/prestataires\/v-136821-plan_des_pistes_du_val_dallos_2025.jpg","alt":"Val d'Allos ski resorts_Allos","title":"Val d'Allos ski resorts_Allos - &copy Novat\/kaliblue\/ikmata","MultiTaille":{"1920x1440":{"url":"https:\/\/www.valdallos.com\/medias\/images\/prestataires\/multitailles\/1920x1440_136821-plan_des_pistes_du_val_dallos_2025.jpg"},"1200x900":{"url":"https:\/\/www.valdallos.com\/medias\/images\/prestataires\/multitailles\/1200x900_136821-plan_des_pistes_du_val_dallos_2025.jpg"},"800x600":{"url":"https:\/\/www.valdallos.com\/medias\/images\/prestataires\/multitailles\/800x600_136821-plan_des_pistes_du_val_dallos_2025.jpg"},"640x480":{"url":"https:\/\/www.valdallos.com\/medias\/images\/prestataires\/multitailles\/640x480_136821-plan_des_pistes_du_val_dallos_2025.jpg"},"320x240":{"url":"https:\/\/www.valdallos.com\/medias\/images\/prestataires\/multitailles\/320x240_136821-plan_des_pistes_du_val_dallos_2025.jpg"},"160x120":{"url":"https:\/\/www.valdallos.com\/medias\/images\/prestataires\/multitailles\/160x120_136821-plan_des_pistes_du_val_dallos_2025.jpg"},"origine":{"url":"https:\/\/www.valdallos.com\/medias\/images\/prestataires\/136821-plan_des_pistes_du_val_dallos_2025.jpg"}},"urlLien":"","typeLien":"","nofollow":"N","copyright":"Novat\/kaliblue\/ikmata"}],"ByCategorie":{"":[{"url":"https:\/\/www.valdallos.com\/medias\/images\/prestataires\/136820-domaines_skiables_du_val_d_allos.jpg","chemin":"..\/medias\/images\/prestataires\/136820-domaines_skiables_du_val_d_allos.jpg","libelle":"Domaines skiables du Val d'Allos","extension":"jpg","categorie":"","largeur":1200,"theme":"","hauteur":800,"type":"Image","origine":"","liaisonPave":"","langue":"","id":"136820","urlVignette":"https:\/\/www.valdallos.com\/medias\/images\/prestataires\/v-136820-domaines_skiables_du_val_d_allos.jpg","alt":"Domaines skiables du Val d'Allos","title":"Domaines skiables du Val d'Allos","MultiTaille":{"1920x1440":{"url":"https:\/\/www.valdallos.com\/medias\/images\/prestataires\/multitailles\/1920x1440_136820-domaines_skiables_du_val_d_allos.jpg"},"1200x900":{"url":"https:\/\/www.valdallos.com\/medias\/images\/prestataires\/multitailles\/1200x900_136820-domaines_skiables_du_val_d_allos.jpg"},"800x600":{"url":"https:\/\/www.valdallos.com\/medias\/images\/prestataires\/multitailles\/800x600_136820-domaines_skiables_du_val_d_allos.jpg"},"640x480":{"url":"https:\/\/www.valdallos.com\/medias\/images\/prestataires\/multitailles\/640x480_136820-domaines_skiables_du_val_d_allos.jpg"},"320x240":{"url":"https:\/\/www.valdallos.com\/medias\/images\/prestataires\/multitailles\/320x240_136820-domaines_skiables_du_val_d_allos.jpg"},"160x120":{"url":"https:\/\/www.valdallos.com\/medias\/images\/prestataires\/multitailles\/160x120_136820-domaines_skiables_du_val_d_allos.jpg"},"origine":{"url":"https:\/\/www.valdallos.com\/medias\/images\/prestataires\/136820-domaines_skiables_du_val_d_allos.jpg"}},"urlLien":"","typeLien":"","nofollow":"N","copyright":"R Palomba office de tourisme du Val d'Allos"},{"url":"https:\/\/www.valdallos.com\/medias\/images\/prestataires\/136821-plan_des_pistes_du_val_dallos_2025.jpg","chemin":"..\/medias\/images\/prestataires\/136821-plan_des_pistes_du_val_dallos_2025.jpg","libelle":"Val d'Allos ski resorts_Allos","extension":"jpg","categorie":"","largeur":2711,"theme":"","hauteur":850,"type":"Image","origine":"","liaisonPave":"","langue":"","id":"136821","urlVignette":"https:\/\/www.valdallos.com\/medias\/images\/prestataires\/v-136821-plan_des_pistes_du_val_dallos_2025.jpg","alt":"Val d'Allos ski resorts_Allos","title":"Val d'Allos ski resorts_Allos - &copy Novat\/kaliblue\/ikmata","MultiTaille":{"1920x1440":{"url":"https:\/\/www.valdallos.com\/medias\/images\/prestataires\/multitailles\/1920x1440_136821-plan_des_pistes_du_val_dallos_2025.jpg"},"1200x900":{"url":"https:\/\/www.valdallos.com\/medias\/images\/prestataires\/multitailles\/1200x900_136821-plan_des_pistes_du_val_dallos_2025.jpg"},"800x600":{"url":"https:\/\/www.valdallos.com\/medias\/images\/prestataires\/multitailles\/800x600_136821-plan_des_pistes_du_val_dallos_2025.jpg"},"640x480":{"url":"https:\/\/www.valdallos.com\/medias\/images\/prestataires\/multitailles\/640x480_136821-plan_des_pistes_du_val_dallos_2025.jpg"},"320x240":{"url":"https:\/\/www.valdallos.com\/medias\/images\/prestataires\/multitailles\/320x240_136821-plan_des_pistes_du_val_dallos_2025.jpg"},"160x120":{"url":"https:\/\/www.valdallos.com\/medias\/images\/prestataires\/multitailles\/160x120_136821-plan_des_pistes_du_val_dallos_2025.jpg"},"origine":{"url":"https:\/\/www.valdallos.com\/medias\/images\/prestataires\/136821-plan_des_pistes_du_val_dallos_2025.jpg"}},"urlLien":"","typeLien":"","nofollow":"N","copyright":"Novat\/kaliblue\/ikmata"}]}},"Url":"val-d-allos-loisirs-developpement-la-foux-d-allos.html","Localisation":{"GoogleMap":{"Latitude":"","Longitude":""},"PlanStation":{"idPlan":"6","nomPlan":"[NEW] Plan La Foux","carte":"\/plan\/plan_station_2018[HIVER_FR[.jpg","PositionAbs":"730","PositionOrd":"204"}},"ZoneGeo":"","LiensEtWidgetsParType":{"R":[{"Id":"16248","TypePrestataire":"E","CodePrestataire":"686530","CodePrestation":"","CodeLibelle":"URL00002276","Type":"R","Url":"https:\/\/www.valdallos.ski\/fr\/","Defaut":"N","Langue":"","Nature":"URL","Import":"SITRA2","LibelleText":"Val d'Allos la Foux","Theme":""}]},"LiensEtWidgets":[{"Id":"16248","TypePrestataire":"E","CodePrestataire":"686530","CodePrestation":"","CodeLibelle":"URL00002276","Type":"R","Url":"https:\/\/www.valdallos.ski\/fr\/","Defaut":"N","Langue":"","Nature":"URL","Import":"SITRA2","LibelleText":"Val d'Allos la Foux","Theme":""}],"Criteres":{"PUBLICATION[VALDALLOS":"","EADHER[EOFFIC":"","EINFADH[ECOMM":"","ZONEGEO[FRPA04VAVALLO":"","EFAMILLEPLUS[EINTRO":"","ZONEGEO[FRPA04VAV1400":"","P.115[1536":"","P.113[1593":"","P.33[955":"","P.33[4664":"","P.33[4665":"","P.126[1321":"","P.prestations[surchargeTourismesAdaptes":"","P.prestations[surchargeDescriptifHandicapMoteur":"","P.prestations[surchargeDescriptifHandicapAuditif":"","P.prestations[surchargeDescriptifHandicapVisuel":"","P.prestations[surchargeDescriptifHandicapMental":"","P.prestations[surchargeNombreFauteuilsRoulants":"","P.languesParlees[1192":"","P.languesParlees[1197":"","P.114[416":"","P.114[435":"","P.114[436":"","P.modesPaiement[1268":"","P.modesPaiement[1274":"","P.modesPaiement[1277":"","P.classification[3145":"","P.domaineSkiableTypes[3150":"","P.informationsDomaineSkiable[neigeCulture":"","P.informationsDomaineSkiable[remonteeGratuite":"","P.informationsDomaineSkiable[nombrePistes":"65","P.informationsDomaineSkiable[nombrePistesVertes":"5","P.informationsDomaineSkiable[nombrePistesBleues":"29","P.informationsDomaineSkiable[nombrePistesRouges":"22","P.informationsDomaineSkiable[nombrePistesNoires":"9","P.informationsDomaineSkiable[nombreRemonteesMecaniques":"27","P.informationsDomaineSkiable[nombreTeleskis":"11","P.informationsDomaineSkiable[nombreTelesieges":"11","P.informationsDomaineSkiable[nombreTelepheriques":"2","P.informationsDomaineSkiable[nombreAutresRemontees":"3","P.informationsDomaineSkiable[nombreRemonteesAccessiblesPietons":"2","P.informationsDomaineSkiable[nombreHandiski":"1","P.informationsDomaineSkiable[nombreRemonteesSkiFond":"0","P.CINTSITRA[5660":"","P.CINTSITRA[5663":"","P.CINTSITRA[5664":"","P.CINTSITRA[8809":"","P.6241[126905":"","P.6241[5740912":"","P.3218[311229":"","P.3220[587401":"","P.3220[5575332":"","P.3233[591419":"","P.3221[4876304":"","P.3219[5127066":"","P.3219[5127127":"","P.3219[5239406":"","P.3219[6436838":"","P.3240[5778284":"","P.6242[5843488":"","P.3230[6139211":"","P.VilleSitra[1559":"","P.VillageDeDepart[1559":"","P.VillageDeDepart[37281":""},"DateFinPublication":"","PrixAPartirDe":"","PrixPour":"","FicheListeEnCours":"fiche_liste_activites_loisirs_enfants_OT_v3","ParametresModele":{"AfficherPhotos":1,"NbPhotosMax":6,"AfficherReserver":0,"AfficherContact":0,"AfficherSalle":1,"AfficherZoneGeo":0,"AfficherEnSavoirPlus":"0","AfficherUneSeuleOuverture":0,"AfficherContactCarte":0,"AfficherTarifsChaudAPartirDe":0,"AfficherTarifChaudSansRecherche":0,"BlocCritereInfo":{"critere1":{"libelle":""},"critere2":{"libelle":"","liste_critere":["ZONEGEO|E"]},"critere3":{"libelle":""},"critere4":{"libelle":""},"critere5":{"libelle":"","liste_critere":["P.113|1593|E"]},"critere6":{"libelle":"","liste_critere":["P.prestations|ANINOAD|E"]},"critere7":{"libelle":""},"critere8":{"libelle":""},"afficherpictoetpaslibelle":"1"},"BlocPaveInfo":{"texte1":{"pave":["1","19","14"],"longeurmax":"250","afficherLibelle":"0","garderHtml":"0"}},"PositionBloc":"GALLERIE|ZONEPRINCIPALFICHEPRESTA|NOM|CARNET_VOYAGE","TypePrestataire":"E","ComportementResa":false,"ComportementDispo":false},"AffichageCoordonnees":[],"Coordonnees":{"Ville":"Allos"},"ContexteId":"PRESTATAIRE|E|686530","ContexteIdHtml":"PRESTATAIRE-E-686530","cleContexte":"E|686530","Bloc":{"texte1":"Located in the Southern Alps, Alpes de Haute Provence (04), you have an appointment with Val d'Allos. An alpine resort with three parts ... two stations and a village","texte3":"","critere1":{"libelle":"","contenu":[]},"critere2":{"libelle":"","contenu":{"ZONEGEO":{"libelle":"Cities","contenu":{"3":"Val d\u2019Allos \u2013 Le village","4":"Val d'Allos"},"codesValeurs":{"4":"ZONEGEO|FRPA04VAVALLO|E","3":"ZONEGEO|FRPA04VAV1400|E"},"criteres_datas":{"valeurs":{"4":{"FRPA04VAVALLO":{"descriptif":""}},"3":{"FRPA04VAV1400":{"descriptif":""}}}}}}},"critere3":{"libelle":"","contenu":[]},"critere4":{"libelle":"","contenu":[]},"critere5":{"libelle":"","contenu":{"P.113":{"libelle":"National","contenu":{"1":"\u003Cimg src=\"https:\/\/www.valdallos.com\/medias\/images\/picto\/P.113-1593-E.png\"  alt=\"Famille Plus\" title=\"Famille Plus\" \/\u003E"},"codesValeurs":{"1":"P.113|1593|E"},"criteres_datas":{"valeurs":{"1":{"1593":{"descriptif":""}}}}}}},"critere6":{"libelle":"","contenu":[]},"critere7":{"libelle":"","contenu":[]},"critere8":{"libelle":"","contenu":[]},"critere9":{"libelle":"","contenu":[]}},"libelleDuPrestataire":"","listeCriteres":{"PUBLICATION":{"VALDALLOS":""},"EADHER":{"EOFFIC":""},"EINFADH":{"ECOMM":""},"ZONEGEO":{"FRPA04VAVALLO":"","FRPA04VAV1400":""},"EFAMILLEPLUS":{"EINTRO":""},"P.115":{"1536":""},"P.113":{"1593":""},"P.33":{"955":"","4664":"","4665":""},"P.126":{"1321":""},"P.prestations":{"surchargeTourismesAdaptes":"","surchargeDescriptifHandicapMoteur":"","surchargeDescriptifHandicapAuditif":"","surchargeDescriptifHandicapVisuel":"","surchargeDescriptifHandicapMental":"","surchargeNombreFauteuilsRoulants":""},"P.languesParlees":{"1192":"","1197":""},"P.114":{"416":"","435":"","436":""},"P.modesPaiement":{"1268":"","1274":"","1277":""},"P.classification":{"3145":""},"P.domaineSkiableTypes":{"3150":""},"P.informationsDomaineSkiable":{"neigeCulture":"","remonteeGratuite":"","nombrePistes":"65","nombrePistesVertes":"5","nombrePistesBleues":"29","nombrePistesRouges":"22","nombrePistesNoires":"9","nombreRemonteesMecaniques":"27","nombreTeleskis":"11","nombreTelesieges":"11","nombreTelepheriques":"2","nombreAutresRemontees":"3","nombreRemonteesAccessiblesPietons":"2","nombreHandiski":"1","nombreRemonteesSkiFond":"0"},"P.CINTSITRA":{"5660":"","5663":"","5664":"","8809":""},"P.6241":{"126905":"","5740912":""},"P.3218":{"311229":""},"P.3220":{"587401":"","5575332":""},"P.3233":{"591419":""},"P.3221":{"4876304":""},"P.3219":{"5127066":"","5127127":"","5239406":"","6436838":""},"P.3240":{"5778284":""},"P.6242":{"5843488":""},"P.3230":{"6139211":""},"P.VilleSitra":{"1559":""},"P.VillageDeDepart":{"1559":"","37281":""}},"dansCarnetVoyage":true,"Ouverture":""},"html":" \n \u003Cdiv id=\"CV-PRESTATAIRE-E-686530\" data-contexte-id=\"PRESTATAIRE|E|686530\" data-cle=\"E|686530\" class=\"fiche-liste\"\u003E\n    \n\n    \u003C!-- partie photo --\u003E\n    \u003Cdiv class=\"photo\"\u003E\t\t\t\t\t\t\t\t\t\t\t\t\t\t\t\t\t\t\t\t\t\n        \u003Cdiv class=\"cadre_photo_principale\"\u003E\t\t\n        \n            \t\t\t\t\t\n                    \u003Ca href=\"val-d-allos-loisirs-developpement-la-foux-d-allos.html?origine=carnet#media\"\u003E\n                        \u003Cimg class=\"photo_principale\" alt=\"Domaines skiables du Val d'Allos\" src=\"https:\/\/www.valdallos.com\/medias\/images\/prestataires\/multitailles\/320x240_136820-domaines_skiables_du_val_d_allos.jpg\" itemprop=\"image\"\u003E\n                    \u003C\/a\u003E\t\t\t\t\t\t\n                \n                    \u003C\/div\u003E\t\t\t\t\t\t\t\t\t\t\t\t\t\t\t\t\t\t\t \t\t\n    \u003C\/div\u003E\n    \n    \u003C!-- partie nom prest --\u003E\n    \u003Cdiv class=\"nom\"\u003E\n        \u003Ch2\u003EVal d'Allos ski resorts\u003C\/h2\u003E\n        \n            \u003C\/div\u003E\n\n         \n    \u003C!-- partie adresse --\u003E\n    \u003Cdiv class=\"adresse\"\u003E\n    \n          \n    \u003C\/div\u003E\n    \n    \u003C!-- partie liens --\u003E\n    \u003Cdiv class=\"liens\"\u003E\n            \u003Ca class=\"btn-icon btn-view \" title=\"Read more \" href=\"val-d-allos-loisirs-developpement-la-foux-d-allos.html?origine=carnet\"\u003E\u003C\/a\u003E\u003C!--\u003Ca class=\"btn-icon btn-view \" title=\"\" href=\"?origine=carnet#thaut\"\u003E\u003C\/a\u003E--\u003E\n      \u003Ca class=\"btn-icon btn-trash carnet_voyage_supprimer\" title=\"Remove to travel notes \" href=\"carnet-voyage?action=remove&fiche=E|686530\"\u003E\u003C\/a\u003E\n    \u003C\/div\u003E\n\n\u003C\/div\u003E\n\n","icon":"https:\/\/static.ingenie.fr\/images\/carnetVoyageV3\/E.png"},"fiche":"E|686530","popup":"\u003Cdiv id=\"bloc_popup_ajout_fiche_carnet\"\u003E\n    \u003Cdiv class=\"info_popup_ajout_fiche_carnet\"\u003E\n        You have just added this element to your selection:    \u003C\/div\u003E\n    \u003Cdiv class=\"prest_popup_ajout_fiche_carnet\"\u003E\n        Val d&#039;Allos ski resorts    \u003C\/div\u003E\n    \u003Cdiv class=\"bloc_btn_ajout_fiche_carnet form_submit_div\"\u003E\n        \u003Cinput type=\"button\" value=\"Continue \" title=\"Continue \" name=\"btn_close\" class=\"btn_close_popup_carnet form_submit\" onclick=\"$.colorbox.close()\" \/\u003E\n        \u003Cinput type=\"button\" value=\"See my selection\" title=\"See my selection\" name=\"btn_panier\" class=\"btn_panier_popup_carnet form_submit\" onclick=\"if(typeof CarnetVoyage != 'undefined') {CarnetVoyage.voirCarnet();}\" \/\u003E\n    \u003C\/div\u003E\n    \u003Cdiv class=\"bloc_btn_ajout_fiche_carnet\"\u003E\n        \u003Cinput type=\"checkbox\" value=\"1\" name=\"desactiver_popup\" id=\"desactiver_popup\" \/\u003E\n        \u003Clabel for=\"desactiver_popup\"\u003EDo not show this message again \u003C\/label\u003E\n    \u003C\/div\u003E\n\u003C\/div\u003E","success":1}