{"nbFiches":1,"dataPrest":{"infoPrest":{"pave1":{"libelle":"descriptive","contenu":""},"pave2":{"libelle":"winter prices","contenu":""},"pave3":{"libelle":"summer prices","contenu":""},"pave4":{"libelle":"online sale","contenu":""},"pave5":{"libelle":"Descriptif court (old)","contenu":"Allos Lake, the largest natural high altitude mountain lake in Europe .\u003Cbr \/\u003E\r\nEssential walk at the heart of the national Park of Mercantour, from Laus car park (be careful with access)"},"pave6":{"libelle":"Descriptif d\u00e9taill\u00e9","contenu":"Walk of Allos Lake is accessible during summer season :\u003Cbr \/\u003E\r\nfrom the village of Allos  (7h of walk round trip)\u003Cbr \/\u003E\r\nfrom the Cluite car park (5h of walk round trip)\u003Cbr \/\u003E\r\nfrom the Laus car park  (1h30 of walk round trip) this car park is paying and regulate"},"pave7":{"libelle":"Bons plans","contenu":""},"pave8":{"libelle":"Compl\u00e9ment localisation","contenu":""},"pave9":{"libelle":"Compl\u00e9ment accueil","contenu":""},"pave10":{"libelle":"P\u00e9riodes en clair","contenu":"From 13\/06 to 01\/11\/2026 weekends."},"pave11":{"libelle":"Tarifs en clair","contenu":"Free access. During the high season , the access to the car park of Laus (or parking Allos Lake), in upward direction, is regulated and paying.\u003Cbr \/\u003E\r\n\u003Cbr \/\u003E\r\nThe access price is 12\u20ac by car and 6\u20ac for two-wheel motorised (free access for bikes), with a limit according of places.\u003Cbr \/\u003E\r\nThis price list(rate) is a lump sum whatever is the duration of car park."},"pave12":{"libelle":"Compl\u00e9ment Tarifs","contenu":"During the high season , the access to the car park of Laus (or parking Allos Lake), in upward direction, is regulated and paying.\u003Cbr \/\u003E\r\n\u003Cbr \/\u003E\r\nThe access price is 12\u20ac by car and 6\u20ac for two-wheel motorised (free access for bikes), with a limit according of places.\u003Cbr \/\u003E\r\nThis price list(rate) is a lump sum whatever is the duration of car park."},"pave13":{"libelle":"Compl\u00e9ment R\u00e9servation","contenu":""},"pave14":{"libelle":"Descriptif court","contenu":""},"pave15":{"libelle":"Descriptif d\u00e9taill\u00e9","contenu":""},"pave16":{"libelle":"Bons plans","contenu":""},"pave17":{"libelle":"Tarifs (Tarifs en clair, Compl\u00e9ment Tarifs)","contenu":""},"pave18":{"libelle":"P\u00e9riodes en clair","contenu":""},"pave19":{"libelle":"Descriptif court","contenu":""},"pave20":{"libelle":"Descriptif d\u00e9taill\u00e9","contenu":""},"pave21":{"libelle":"Bons plans","contenu":""},"pave22":{"libelle":"Tarifs (Tarifs en clair, Compl\u00e9ment Tarifs)","contenu":""},"pave23":{"libelle":"P\u00e9riodes en clair","contenu":""},"pave24":{"libelle":"Dispositions sp\u00e9ciales","contenu":""},"pave25":{"libelle":"","contenu":""},"ContactsParType":{"":{"117881":{"id_contact":"117881","type_contact":"","categorie_contact":"PRESTATAIRE","societe_contact":"","fonction_contact":"","civilite_nom_prenom_contact":"","adresse1_contact":"","adresse2_contact":"","adresse3_contact":"","cpostal_contact":"","ville_contact":"","teldom_contact":"","telbur_contact":"","fax_contact":"","portable_contact":"","email_contact":"","siteweb_contact":"","commentaire_contact":"","langue_contact":"","autre_moyen_com":[]}},"RES":{"117882":{"id_contact":"117882","type_contact":"RES","categorie_contact":"PRESTATAIRE","societe_contact":"","fonction_contact":"","civilite_nom_prenom_contact":"R\u00e9servation du parking ","adresse1_contact":"","adresse2_contact":"","adresse3_contact":"","cpostal_contact":"","ville_contact":"","teldom_contact":"","telbur_contact":"","fax_contact":"","portable_contact":"","email_contact":"","siteweb_contact":"https:\/\/www.valdallos.com\/parking-du-laus.html","commentaire_contact":"","langue_contact":"","autre_moyen_com":[]}}},"Libelle":"Allos Lake","Nom":"Randonn\u00e9e au Lac d'Allos","Prenom":"","NomPrenom":"Randonn\u00e9e au Lac d'Allos ","CiviliteNomPrenom":"Randonn\u00e9e au Lac d'Allos ","Cle":"E|660803","PrestataireParent":"","ContexteStat":"PRESTATAIRE-E-660803","DateModificationIso":"2026-03-29T00:51:00+01:00","Type":"PRESTATAIRE","TypePrestataire":"E","Adresse":{"LigneAdresse1":"Val d'Allos le Village","LigneAdresse2":"","LigneAdresse3":"","CodePostal":"04260","Ville":"Allos","Cedex":"","Etat":"","Pays":"FRA"},"Email":"","Telephone":"","TelephoneBureau":"","Portable":"","SiteWeb":"https:\/\/www.valdallos.com\/lac-d-allos.html","Fax":"","Id":"e-660803","Code":"E|660803","Fichier":{"Image":[{"url":"https:\/\/www.valdallos.com\/medias\/images\/prestataires\/138333-lacdallos_printemps.jpg","chemin":"..\/medias\/images\/prestataires\/138333-lacdallos_printemps.jpg","libelle":"Lake Allos in late spring, with lush green vegetation around the lake and the mountains known as the \u2018T\u00eates du Lac\u2019 in the background, still covered in snow","extension":"jpg","categorie":"","largeur":1200,"theme":"","hauteur":900,"type":"Image","origine":"","liaisonPave":"","langue":"","id":"138333","urlVignette":"https:\/\/www.valdallos.com\/medias\/images\/prestataires\/v-138333-lacdallos_printemps.jpg","alt":"Lake Allos in late spring, with lush green vegetation around the lake and the mountains known as the \u2018T\u00eates du Lac\u2019 in the background, still covered in snow","title":"Lake Allos in late spring, with lush green vegetation around the lake and the mountains known as the \u2018T\u00eates du Lac\u2019 in the background, still covered in snow - &copy B Courbon","MultiTaille":{"1920x1440":{"url":"https:\/\/www.valdallos.com\/medias\/images\/prestataires\/multitailles\/1920x1440_138333-lacdallos_printemps.jpg"},"1200x900":{"url":"https:\/\/www.valdallos.com\/medias\/images\/prestataires\/multitailles\/1200x900_138333-lacdallos_printemps.jpg"},"800x600":{"url":"https:\/\/www.valdallos.com\/medias\/images\/prestataires\/multitailles\/800x600_138333-lacdallos_printemps.jpg"},"640x480":{"url":"https:\/\/www.valdallos.com\/medias\/images\/prestataires\/multitailles\/640x480_138333-lacdallos_printemps.jpg"},"320x240":{"url":"https:\/\/www.valdallos.com\/medias\/images\/prestataires\/multitailles\/320x240_138333-lacdallos_printemps.jpg"},"160x120":{"url":"https:\/\/www.valdallos.com\/medias\/images\/prestataires\/multitailles\/160x120_138333-lacdallos_printemps.jpg"},"origine":{"url":"https:\/\/www.valdallos.com\/medias\/images\/prestataires\/138333-lacdallos_printemps.jpg"}},"urlLien":"","typeLien":"","nofollow":"N","copyright":"B Courbon"},{"url":"https:\/\/www.valdallos.com\/medias\/images\/prestataires\/138334-lacdallos_valdallos_automne.jpg","chemin":"..\/medias\/images\/prestataires\/138334-lacdallos_valdallos_automne.jpg","libelle":"Lake Allos in autumn, with the vegetation around the lake turning brown and the larch trees turning orange, and the mountains known as the Tours du Lac in the background, covered in patchy snow","extension":"jpg","categorie":"","largeur":1200,"theme":"","hauteur":900,"type":"Image","origine":"","liaisonPave":"","langue":"","id":"138334","urlVignette":"https:\/\/www.valdallos.com\/medias\/images\/prestataires\/v-138334-lacdallos_valdallos_automne.jpg","alt":"Lake Allos in autumn, with the vegetation around the lake turning brown and the larch trees turning orange, and the mountains known as the Tours du Lac in the background, covered in patchy snow","title":"Lake Allos in autumn, with the vegetation around the lake turning brown and the larch trees turning orange, and the mountains known as the Tours du Lac in the background, covered in patchy snow - &copy B Courbon","MultiTaille":{"1920x1440":{"url":"https:\/\/www.valdallos.com\/medias\/images\/prestataires\/multitailles\/1920x1440_138334-lacdallos_valdallos_automne.jpg"},"1200x900":{"url":"https:\/\/www.valdallos.com\/medias\/images\/prestataires\/multitailles\/1200x900_138334-lacdallos_valdallos_automne.jpg"},"800x600":{"url":"https:\/\/www.valdallos.com\/medias\/images\/prestataires\/multitailles\/800x600_138334-lacdallos_valdallos_automne.jpg"},"640x480":{"url":"https:\/\/www.valdallos.com\/medias\/images\/prestataires\/multitailles\/640x480_138334-lacdallos_valdallos_automne.jpg"},"320x240":{"url":"https:\/\/www.valdallos.com\/medias\/images\/prestataires\/multitailles\/320x240_138334-lacdallos_valdallos_automne.jpg"},"160x120":{"url":"https:\/\/www.valdallos.com\/medias\/images\/prestataires\/multitailles\/160x120_138334-lacdallos_valdallos_automne.jpg"},"origine":{"url":"https:\/\/www.valdallos.com\/medias\/images\/prestataires\/138334-lacdallos_valdallos_automne.jpg"}},"urlLien":"","typeLien":"","nofollow":"N","copyright":"B Courbon"},{"url":"https:\/\/www.valdallos.com\/medias\/images\/prestataires\/138335-lac_dallos_valdallos_26.jpg","chemin":"..\/medias\/images\/prestataires\/138335-lac_dallos_valdallos_26.jpg","libelle":"A view of Lake Allos from the Col de l'Encombrette: a large blue lake surrounded by coniferous forests and mountains","extension":"jpg","categorie":"","largeur":1200,"theme":"","hauteur":900,"type":"Image","origine":"","liaisonPave":"","langue":"","id":"138335","urlVignette":"https:\/\/www.valdallos.com\/medias\/images\/prestataires\/v-138335-lac_dallos_valdallos_26.jpg","alt":"A view of Lake Allos from the Col de l'Encombrette: a large blue lake surrounded by coniferous forests and mountains","title":"A view of Lake Allos from the Col de l'Encombrette: a large blue lake surrounded by coniferous forests and mountains - &copy B Courbon","MultiTaille":{"1920x1440":{"url":"https:\/\/www.valdallos.com\/medias\/images\/prestataires\/multitailles\/1920x1440_138335-lac_dallos_valdallos_26.jpg"},"1200x900":{"url":"https:\/\/www.valdallos.com\/medias\/images\/prestataires\/multitailles\/1200x900_138335-lac_dallos_valdallos_26.jpg"},"800x600":{"url":"https:\/\/www.valdallos.com\/medias\/images\/prestataires\/multitailles\/800x600_138335-lac_dallos_valdallos_26.jpg"},"640x480":{"url":"https:\/\/www.valdallos.com\/medias\/images\/prestataires\/multitailles\/640x480_138335-lac_dallos_valdallos_26.jpg"},"320x240":{"url":"https:\/\/www.valdallos.com\/medias\/images\/prestataires\/multitailles\/320x240_138335-lac_dallos_valdallos_26.jpg"},"160x120":{"url":"https:\/\/www.valdallos.com\/medias\/images\/prestataires\/multitailles\/160x120_138335-lac_dallos_valdallos_26.jpg"},"origine":{"url":"https:\/\/www.valdallos.com\/medias\/images\/prestataires\/138335-lac_dallos_valdallos_26.jpg"}},"urlLien":"","typeLien":"","nofollow":"N","copyright":"B Courbon"},{"url":"https:\/\/www.valdallos.com\/medias\/images\/prestataires\/138336-lac_dallos_refuge_27.jpg","chemin":"..\/medias\/images\/prestataires\/138336-lac_dallos_refuge_27.jpg","libelle":"View of the chalet situated on the shores of Lake Allos, a wooden house featuring a terrace with tables and chairs, set amongst greenery and conifers","extension":"jpg","categorie":"","largeur":1200,"theme":"","hauteur":900,"type":"Image","origine":"","liaisonPave":"","langue":"","id":"138336","urlVignette":"https:\/\/www.valdallos.com\/medias\/images\/prestataires\/v-138336-lac_dallos_refuge_27.jpg","alt":"View of the chalet situated on the shores of Lake Allos, a wooden house featuring a terrace with tables and chairs, set amongst greenery and conifers","title":"View of the chalet situated on the shores of Lake Allos, a wooden house featuring a terrace with tables and chairs, set amongst greenery and conifers - &copy B Courbon","MultiTaille":{"1920x1440":{"url":"https:\/\/www.valdallos.com\/medias\/images\/prestataires\/multitailles\/1920x1440_138336-lac_dallos_refuge_27.jpg"},"1200x900":{"url":"https:\/\/www.valdallos.com\/medias\/images\/prestataires\/multitailles\/1200x900_138336-lac_dallos_refuge_27.jpg"},"800x600":{"url":"https:\/\/www.valdallos.com\/medias\/images\/prestataires\/multitailles\/800x600_138336-lac_dallos_refuge_27.jpg"},"640x480":{"url":"https:\/\/www.valdallos.com\/medias\/images\/prestataires\/multitailles\/640x480_138336-lac_dallos_refuge_27.jpg"},"320x240":{"url":"https:\/\/www.valdallos.com\/medias\/images\/prestataires\/multitailles\/320x240_138336-lac_dallos_refuge_27.jpg"},"160x120":{"url":"https:\/\/www.valdallos.com\/medias\/images\/prestataires\/multitailles\/160x120_138336-lac_dallos_refuge_27.jpg"},"origine":{"url":"https:\/\/www.valdallos.com\/medias\/images\/prestataires\/138336-lac_dallos_refuge_27.jpg"}},"urlLien":"","typeLien":"","nofollow":"N","copyright":"B Courbon"},{"url":"https:\/\/www.valdallos.com\/medias\/images\/prestataires\/138337-lac_dallos_reglementation_27.jpg","chemin":"..\/medias\/images\/prestataires\/138337-lac_dallos_reglementation_27.jpg","libelle":"Sign setting out the rules for Mercantour National Park, featuring icons of a dog and a drone, both of which are prohibited and subject to a fine","extension":"jpg","categorie":"","largeur":900,"theme":"","hauteur":1200,"type":"Image","origine":"","liaisonPave":"","langue":"","id":"138337","urlVignette":"https:\/\/www.valdallos.com\/medias\/images\/prestataires\/v-138337-lac_dallos_reglementation_27.jpg","alt":"Sign setting out the rules for Mercantour National Park, featuring icons of a dog and a drone, both of which are prohibited and subject to a fine","title":"Sign setting out the rules for Mercantour National Park, featuring icons of a dog and a drone, both of which are prohibited and subject to a fine - &copy office de tourisme du Val d'Allos","MultiTaille":{"1920x1440":{"url":"https:\/\/www.valdallos.com\/medias\/images\/prestataires\/multitailles\/1920x1440_138337-lac_dallos_reglementation_27.jpg"},"1200x900":{"url":"https:\/\/www.valdallos.com\/medias\/images\/prestataires\/multitailles\/1200x900_138337-lac_dallos_reglementation_27.jpg"},"800x600":{"url":"https:\/\/www.valdallos.com\/medias\/images\/prestataires\/multitailles\/800x600_138337-lac_dallos_reglementation_27.jpg"},"640x480":{"url":"https:\/\/www.valdallos.com\/medias\/images\/prestataires\/multitailles\/640x480_138337-lac_dallos_reglementation_27.jpg"},"320x240":{"url":"https:\/\/www.valdallos.com\/medias\/images\/prestataires\/multitailles\/320x240_138337-lac_dallos_reglementation_27.jpg"},"160x120":{"url":"https:\/\/www.valdallos.com\/medias\/images\/prestataires\/multitailles\/160x120_138337-lac_dallos_reglementation_27.jpg"},"origine":{"url":"https:\/\/www.valdallos.com\/medias\/images\/prestataires\/138337-lac_dallos_reglementation_27.jpg"}},"urlLien":"","typeLien":"","nofollow":"N","copyright":"office de tourisme du Val d'Allos"}],"ByCategorie":{"":[{"url":"https:\/\/www.valdallos.com\/medias\/images\/prestataires\/138333-lacdallos_printemps.jpg","chemin":"..\/medias\/images\/prestataires\/138333-lacdallos_printemps.jpg","libelle":"Lake Allos in late spring, with lush green vegetation around the lake and the mountains known as the \u2018T\u00eates du Lac\u2019 in the background, still covered in snow","extension":"jpg","categorie":"","largeur":1200,"theme":"","hauteur":900,"type":"Image","origine":"","liaisonPave":"","langue":"","id":"138333","urlVignette":"https:\/\/www.valdallos.com\/medias\/images\/prestataires\/v-138333-lacdallos_printemps.jpg","alt":"Lake Allos in late spring, with lush green vegetation around the lake and the mountains known as the \u2018T\u00eates du Lac\u2019 in the background, still covered in snow","title":"Lake Allos in late spring, with lush green vegetation around the lake and the mountains known as the \u2018T\u00eates du Lac\u2019 in the background, still covered in snow - &copy B Courbon","MultiTaille":{"1920x1440":{"url":"https:\/\/www.valdallos.com\/medias\/images\/prestataires\/multitailles\/1920x1440_138333-lacdallos_printemps.jpg"},"1200x900":{"url":"https:\/\/www.valdallos.com\/medias\/images\/prestataires\/multitailles\/1200x900_138333-lacdallos_printemps.jpg"},"800x600":{"url":"https:\/\/www.valdallos.com\/medias\/images\/prestataires\/multitailles\/800x600_138333-lacdallos_printemps.jpg"},"640x480":{"url":"https:\/\/www.valdallos.com\/medias\/images\/prestataires\/multitailles\/640x480_138333-lacdallos_printemps.jpg"},"320x240":{"url":"https:\/\/www.valdallos.com\/medias\/images\/prestataires\/multitailles\/320x240_138333-lacdallos_printemps.jpg"},"160x120":{"url":"https:\/\/www.valdallos.com\/medias\/images\/prestataires\/multitailles\/160x120_138333-lacdallos_printemps.jpg"},"origine":{"url":"https:\/\/www.valdallos.com\/medias\/images\/prestataires\/138333-lacdallos_printemps.jpg"}},"urlLien":"","typeLien":"","nofollow":"N","copyright":"B Courbon"},{"url":"https:\/\/www.valdallos.com\/medias\/images\/prestataires\/138338-name_26.gpx","chemin":"..\/medias\/images\/prestataires\/138338-name_26.gpx","libelle":"Le lac d'Allos","extension":"gpx","categorie":"","largeur":"","theme":"","hauteur":"","type":"Document","origine":"","liaisonPave":"","langue":"","id":"138338","poids":"17.82 Ko","alt":"Le lac d'Allos","title":"Le lac d'Allos"},{"url":"https:\/\/www.valdallos.com\/medias\/images\/prestataires\/138334-lacdallos_valdallos_automne.jpg","chemin":"..\/medias\/images\/prestataires\/138334-lacdallos_valdallos_automne.jpg","libelle":"Lake Allos in autumn, with the vegetation around the lake turning brown and the larch trees turning orange, and the mountains known as the Tours du Lac in the background, covered in patchy snow","extension":"jpg","categorie":"","largeur":1200,"theme":"","hauteur":900,"type":"Image","origine":"","liaisonPave":"","langue":"","id":"138334","urlVignette":"https:\/\/www.valdallos.com\/medias\/images\/prestataires\/v-138334-lacdallos_valdallos_automne.jpg","alt":"Lake Allos in autumn, with the vegetation around the lake turning brown and the larch trees turning orange, and the mountains known as the Tours du Lac in the background, covered in patchy snow","title":"Lake Allos in autumn, with the vegetation around the lake turning brown and the larch trees turning orange, and the mountains known as the Tours du Lac in the background, covered in patchy snow - &copy B Courbon","MultiTaille":{"1920x1440":{"url":"https:\/\/www.valdallos.com\/medias\/images\/prestataires\/multitailles\/1920x1440_138334-lacdallos_valdallos_automne.jpg"},"1200x900":{"url":"https:\/\/www.valdallos.com\/medias\/images\/prestataires\/multitailles\/1200x900_138334-lacdallos_valdallos_automne.jpg"},"800x600":{"url":"https:\/\/www.valdallos.com\/medias\/images\/prestataires\/multitailles\/800x600_138334-lacdallos_valdallos_automne.jpg"},"640x480":{"url":"https:\/\/www.valdallos.com\/medias\/images\/prestataires\/multitailles\/640x480_138334-lacdallos_valdallos_automne.jpg"},"320x240":{"url":"https:\/\/www.valdallos.com\/medias\/images\/prestataires\/multitailles\/320x240_138334-lacdallos_valdallos_automne.jpg"},"160x120":{"url":"https:\/\/www.valdallos.com\/medias\/images\/prestataires\/multitailles\/160x120_138334-lacdallos_valdallos_automne.jpg"},"origine":{"url":"https:\/\/www.valdallos.com\/medias\/images\/prestataires\/138334-lacdallos_valdallos_automne.jpg"}},"urlLien":"","typeLien":"","nofollow":"N","copyright":"B Courbon"},{"url":"https:\/\/www.valdallos.com\/medias\/images\/prestataires\/138335-lac_dallos_valdallos_26.jpg","chemin":"..\/medias\/images\/prestataires\/138335-lac_dallos_valdallos_26.jpg","libelle":"A view of Lake Allos from the Col de l'Encombrette: a large blue lake surrounded by coniferous forests and mountains","extension":"jpg","categorie":"","largeur":1200,"theme":"","hauteur":900,"type":"Image","origine":"","liaisonPave":"","langue":"","id":"138335","urlVignette":"https:\/\/www.valdallos.com\/medias\/images\/prestataires\/v-138335-lac_dallos_valdallos_26.jpg","alt":"A view of Lake Allos from the Col de l'Encombrette: a large blue lake surrounded by coniferous forests and mountains","title":"A view of Lake Allos from the Col de l'Encombrette: a large blue lake surrounded by coniferous forests and mountains - &copy B Courbon","MultiTaille":{"1920x1440":{"url":"https:\/\/www.valdallos.com\/medias\/images\/prestataires\/multitailles\/1920x1440_138335-lac_dallos_valdallos_26.jpg"},"1200x900":{"url":"https:\/\/www.valdallos.com\/medias\/images\/prestataires\/multitailles\/1200x900_138335-lac_dallos_valdallos_26.jpg"},"800x600":{"url":"https:\/\/www.valdallos.com\/medias\/images\/prestataires\/multitailles\/800x600_138335-lac_dallos_valdallos_26.jpg"},"640x480":{"url":"https:\/\/www.valdallos.com\/medias\/images\/prestataires\/multitailles\/640x480_138335-lac_dallos_valdallos_26.jpg"},"320x240":{"url":"https:\/\/www.valdallos.com\/medias\/images\/prestataires\/multitailles\/320x240_138335-lac_dallos_valdallos_26.jpg"},"160x120":{"url":"https:\/\/www.valdallos.com\/medias\/images\/prestataires\/multitailles\/160x120_138335-lac_dallos_valdallos_26.jpg"},"origine":{"url":"https:\/\/www.valdallos.com\/medias\/images\/prestataires\/138335-lac_dallos_valdallos_26.jpg"}},"urlLien":"","typeLien":"","nofollow":"N","copyright":"B Courbon"},{"url":"https:\/\/www.valdallos.com\/medias\/images\/prestataires\/138336-lac_dallos_refuge_27.jpg","chemin":"..\/medias\/images\/prestataires\/138336-lac_dallos_refuge_27.jpg","libelle":"View of the chalet situated on the shores of Lake Allos, a wooden house featuring a terrace with tables and chairs, set amongst greenery and conifers","extension":"jpg","categorie":"","largeur":1200,"theme":"","hauteur":900,"type":"Image","origine":"","liaisonPave":"","langue":"","id":"138336","urlVignette":"https:\/\/www.valdallos.com\/medias\/images\/prestataires\/v-138336-lac_dallos_refuge_27.jpg","alt":"View of the chalet situated on the shores of Lake Allos, a wooden house featuring a terrace with tables and chairs, set amongst greenery and conifers","title":"View of the chalet situated on the shores of Lake Allos, a wooden house featuring a terrace with tables and chairs, set amongst greenery and conifers - &copy B Courbon","MultiTaille":{"1920x1440":{"url":"https:\/\/www.valdallos.com\/medias\/images\/prestataires\/multitailles\/1920x1440_138336-lac_dallos_refuge_27.jpg"},"1200x900":{"url":"https:\/\/www.valdallos.com\/medias\/images\/prestataires\/multitailles\/1200x900_138336-lac_dallos_refuge_27.jpg"},"800x600":{"url":"https:\/\/www.valdallos.com\/medias\/images\/prestataires\/multitailles\/800x600_138336-lac_dallos_refuge_27.jpg"},"640x480":{"url":"https:\/\/www.valdallos.com\/medias\/images\/prestataires\/multitailles\/640x480_138336-lac_dallos_refuge_27.jpg"},"320x240":{"url":"https:\/\/www.valdallos.com\/medias\/images\/prestataires\/multitailles\/320x240_138336-lac_dallos_refuge_27.jpg"},"160x120":{"url":"https:\/\/www.valdallos.com\/medias\/images\/prestataires\/multitailles\/160x120_138336-lac_dallos_refuge_27.jpg"},"origine":{"url":"https:\/\/www.valdallos.com\/medias\/images\/prestataires\/138336-lac_dallos_refuge_27.jpg"}},"urlLien":"","typeLien":"","nofollow":"N","copyright":"B Courbon"},{"url":"https:\/\/www.valdallos.com\/medias\/images\/prestataires\/138337-lac_dallos_reglementation_27.jpg","chemin":"..\/medias\/images\/prestataires\/138337-lac_dallos_reglementation_27.jpg","libelle":"Sign setting out the rules for Mercantour National Park, featuring icons of a dog and a drone, both of which are prohibited and subject to a fine","extension":"jpg","categorie":"","largeur":900,"theme":"","hauteur":1200,"type":"Image","origine":"","liaisonPave":"","langue":"","id":"138337","urlVignette":"https:\/\/www.valdallos.com\/medias\/images\/prestataires\/v-138337-lac_dallos_reglementation_27.jpg","alt":"Sign setting out the rules for Mercantour National Park, featuring icons of a dog and a drone, both of which are prohibited and subject to a fine","title":"Sign setting out the rules for Mercantour National Park, featuring icons of a dog and a drone, both of which are prohibited and subject to a fine - &copy office de tourisme du Val d'Allos","MultiTaille":{"1920x1440":{"url":"https:\/\/www.valdallos.com\/medias\/images\/prestataires\/multitailles\/1920x1440_138337-lac_dallos_reglementation_27.jpg"},"1200x900":{"url":"https:\/\/www.valdallos.com\/medias\/images\/prestataires\/multitailles\/1200x900_138337-lac_dallos_reglementation_27.jpg"},"800x600":{"url":"https:\/\/www.valdallos.com\/medias\/images\/prestataires\/multitailles\/800x600_138337-lac_dallos_reglementation_27.jpg"},"640x480":{"url":"https:\/\/www.valdallos.com\/medias\/images\/prestataires\/multitailles\/640x480_138337-lac_dallos_reglementation_27.jpg"},"320x240":{"url":"https:\/\/www.valdallos.com\/medias\/images\/prestataires\/multitailles\/320x240_138337-lac_dallos_reglementation_27.jpg"},"160x120":{"url":"https:\/\/www.valdallos.com\/medias\/images\/prestataires\/multitailles\/160x120_138337-lac_dallos_reglementation_27.jpg"},"origine":{"url":"https:\/\/www.valdallos.com\/medias\/images\/prestataires\/138337-lac_dallos_reglementation_27.jpg"}},"urlLien":"","typeLien":"","nofollow":"N","copyright":"office de tourisme du Val d'Allos"}]},"Document":[{"url":"https:\/\/www.valdallos.com\/medias\/images\/prestataires\/138338-name_26.gpx","chemin":"..\/medias\/images\/prestataires\/138338-name_26.gpx","libelle":"Le lac d'Allos","extension":"gpx","categorie":"","largeur":"","theme":"","hauteur":"","type":"Document","origine":"","liaisonPave":"","langue":"","id":"138338","poids":"17.82 Ko","alt":"Le lac d'Allos","title":"Le lac d'Allos"}]},"Url":"allos-lake-allos.html","Localisation":{"GoogleMap":{"Latitude":"44.235459","Longitude":"6.705412"}},"ZoneGeo":"","LiensEtWidgetsParType":{"BI":[{"Id":"16375","TypePrestataire":"E","CodePrestataire":"660803","CodePrestation":"","CodeLibelle":"URL00002366","Type":"BI","Url":"https:\/\/www.calameo.com\/read\/000087338c7542386f1d3","Defaut":"N","Langue":"","Nature":"URL","Import":"SITRA2","LibelleText":"Livret : r\u00e9glementation en c\u0153ur de Parc national du Mercantour","Theme":""}],"R":[{"Id":"16376","TypePrestataire":"E","CodePrestataire":"660803","CodePrestation":"","CodeLibelle":"URL00002367","Type":"R","Url":"https:\/\/www.valdallos.com\/parking-du-laus.html","Defaut":"N","Langue":"","Nature":"URL","Import":"SITRA2","LibelleText":"R\u00e9servation du parking","Theme":""}]},"LiensEtWidgets":[{"Id":"16375","TypePrestataire":"E","CodePrestataire":"660803","CodePrestation":"","CodeLibelle":"URL00002366","Type":"BI","Url":"https:\/\/www.calameo.com\/read\/000087338c7542386f1d3","Defaut":"N","Langue":"","Nature":"URL","Import":"SITRA2","LibelleText":"Livret : r\u00e9glementation en c\u0153ur de Parc national du Mercantour","Theme":""},{"Id":"16376","TypePrestataire":"E","CodePrestataire":"660803","CodePrestation":"","CodeLibelle":"URL00002367","Type":"R","Url":"https:\/\/www.valdallos.com\/parking-du-laus.html","Defaut":"N","Langue":"","Nature":"URL","Import":"SITRA2","LibelleText":"R\u00e9servation du parking","Theme":""}],"Criteres":{"PUBLICATION[VALDALLOSITI":"","EADHER[EGRAT":"","CIDUREE[RANDO4":"","CIDUREE[RANDO5":"","ZONEGEO[FRPA04VAV1400":"","P.prestations[ANINOAD":"","P.113[1593":"","P.typologiesPromoSitra[1599":"","P.typologiesPromoSitra[1676":"","P.34[1602":"","P.prestations[surchargeTourismesAdaptes":"","P.prestations[surchargeDescriptifHandicapMoteur":"","P.prestations[surchargeDescriptifHandicapAuditif":"","P.prestations[surchargeDescriptifHandicapVisuel":"","P.prestations[surchargeDescriptifHandicapMental":"","P.prestations[surchargeNombreFauteuilsRoulants":"","P.languesParlees[1197":"","P.114[416":"","P.114[418":"","P.114[436":"","P.tourismeAffaires[tourismeAffairesEnabled":"","P.tourismeAffaires[devise":"EUR","P.visites[visitable":"","P.prestationsVisitesIndividuelles[480":"","P.rubrique[2988":"","P.61[3184":"","P.61[3331":"","P.61[3333":"","P.itineraire[denivellationPositive":"800","P.itineraire[itineraireType":"Aller \/ Retour","P.itineraire[itineraireBalise":"","P.itineraire[denivellation":"800","P.CINTSITRA[5662":"","P.CINTSITRA[8809":"","P.6241[126905":"","P.6241[5740912":"","P.3218[311229":"","P.3220[587401":"","P.3220[5575332":"","P.3233[591419":"","P.3221[4876304":"","P.3219[5127127":"","P.3219[5239406":"","P.3219[6436838":"","P.3240[5778284":"","P.6242[5843488":"","P.3230[6139211":"","P.VilleSitra[1559":"","P.VillageDeDepart[1559":""},"DateFinPublication":"","PrixAPartirDe":"","PrixPour":"","FicheListeEnCours":"fiche_liste_itineraires_equip_v2018","ParametresModele":{"AfficherPhotos":1,"NbPhotosMax":6,"AfficherReserver":0,"AfficherContact":"1","AfficherSalle":1,"AfficherZoneGeo":0,"AfficherEnSavoirPlus":"0","AfficherUneSeuleOuverture":0,"AfficherContactCarte":1,"AfficherTarifsChaudAPartirDe":0,"AfficherTarifChaudSansRecherche":0,"AfficherAvis":"0","AfficherAvisIngenie":"1","BlocCritereInfo":{"critere1":{"libelle":""},"critere2":{"libelle":""},"critere3":{"libelle":""},"critere4":{"libelle":""},"critere5":{"libelle":""},"critere6":{"libelle":"","liste_critere":["CIDUREE|E","P.prestations|ANINOAD|E","P.itineraire|distance|E","P.itineraire|denivellation|E","P.itineraire|dureeJournaliere|E"]},"critere7":{"libelle":"","liste_critere":["ZONEGEO|FRPA04VAV1800|E","ZONEGEO|FRPA04VAV1500|E","ZONEGEO|FRPA04VAV1400|E"]},"critere8":{"libelle":""},"critere9":{"libelle":""},"afficherpictoetpaslibelle":"1"},"BlocPaveInfo":{"texte1":{"longeurmax":"","afficherLibelle":"0","garderHtml":"0"},"texte3":{"longeurmax":"","afficherLibelle":"0","garderHtml":"0"}},"Criteres":"PUBLICATION[VALDALLOSITI","ModeleUrl":"fiche_itineraires_equip_v2018","PositionBloc":"GALLERIE|NOM|CRITERESORDONNEES|ZONEPRINCIPALFICHEPRESTA|DESCRIPTIF|AVIS|CARNET_VOYAGE|URL","TypePrestataire":"E","ComportementResa":false,"ComportementDispo":false},"AffichageCoordonnees":[],"Coordonnees":{"Ville":"Allos"},"ContexteId":"PRESTATAIRE|E|660803","ContexteIdHtml":"PRESTATAIRE-E-660803","cleContexte":"E|660803","Bloc":{"texte1":"","texte3":"","critere1":{"libelle":"","contenu":[]},"critere2":{"libelle":"","contenu":[]},"critere3":{"libelle":"","contenu":[]},"critere4":{"libelle":"","contenu":[]},"critere5":{"libelle":"","contenu":[]},"critere6":{"libelle":"","contenu":{"CIDUREE":{"libelle":"Itineraries","contenu":{"4":"Ramble for one day","5":"Special families"},"codesValeurs":{"4":"CIDUREE|RANDO4|E","5":"CIDUREE|RANDO5|E"},"criteres_datas":{"valeurs":{"4":{"RANDO4":{"descriptif":""}},"5":{"RANDO5":{"descriptif":""}}}}},"P.prestations":{"libelle":"Services","contenu":{"7":"animal forbidden"},"codesValeurs":{"7":"P.prestations|ANINOAD|E"},"criteres_datas":{"valeurs":{"7":{"ANINOAD":{"descriptif":""}}}}},"P.itineraire":{"libelle":"Route","contenu":{"5":"\u003Cspan class=\"libelle\"\u003EElevation (m)\u003C\/span\u003E \u003Cspan class=\"quantite\"\u003E800\u003C\/span\u003E"},"codesValeurs":{"5":"P.itineraire|denivellation|E"},"criteres_datas":{"valeurs":{"5":{"denivellation":{"descriptif":""}}}}}}},"critere7":{"libelle":"","contenu":{"ZONEGEO":{"libelle":"Cities","contenu":{"3":"Val d\u2019Allos \u2013 Le village"},"codesValeurs":{"3":"ZONEGEO|FRPA04VAV1400|E"},"criteres_datas":{"valeurs":{"3":{"FRPA04VAV1400":{"descriptif":""}}}}}}},"critere8":{"libelle":"","contenu":[]},"critere9":{"libelle":"","contenu":[]}},"LocalisationGps":{"Latitude":"44.235459","Longitude":"6.705412"},"libelleDuPrestataire":"","listeCriteres":{"PUBLICATION":{"VALDALLOSITI":""},"EADHER":{"EGRAT":""},"CIDUREE":{"RANDO4":"","RANDO5":""},"ZONEGEO":{"FRPA04VAV1400":""},"P.prestations":{"ANINOAD":"","surchargeTourismesAdaptes":"","surchargeDescriptifHandicapMoteur":"","surchargeDescriptifHandicapAuditif":"","surchargeDescriptifHandicapVisuel":"","surchargeDescriptifHandicapMental":"","surchargeNombreFauteuilsRoulants":""},"P.113":{"1593":""},"P.typologiesPromoSitra":{"1599":"","1676":""},"P.34":{"1602":""},"P.languesParlees":{"1197":""},"P.114":{"416":"","418":"","436":""},"P.tourismeAffaires":{"tourismeAffairesEnabled":"","devise":"EUR"},"P.visites":{"visitable":""},"P.prestationsVisitesIndividuelles":{"480":""},"P.rubrique":{"2988":""},"P.61":{"3184":"","3331":"","3333":""},"P.itineraire":{"denivellationPositive":"800","itineraireType":"Aller \/ Retour","itineraireBalise":"","denivellation":"800"},"P.CINTSITRA":{"5662":"","8809":""},"P.6241":{"126905":"","5740912":""},"P.3218":{"311229":""},"P.3220":{"587401":"","5575332":""},"P.3233":{"591419":""},"P.3221":{"4876304":""},"P.3219":{"5127127":"","5239406":"","6436838":""},"P.3240":{"5778284":""},"P.6242":{"5843488":""},"P.3230":{"6139211":""},"P.VilleSitra":{"1559":""},"P.VillageDeDepart":{"1559":""}},"dansCarnetVoyage":true,"Ouverture":""},"html":" \n \u003Cdiv id=\"CV-PRESTATAIRE-E-660803\" data-contexte-id=\"PRESTATAIRE|E|660803\" data-cle=\"E|660803\" class=\"fiche-liste\"\u003E\n    \n\n    \u003C!-- partie photo --\u003E\n    \u003Cdiv class=\"photo\"\u003E\t\t\t\t\t\t\t\t\t\t\t\t\t\t\t\t\t\t\t\t\t\n        \u003Cdiv class=\"cadre_photo_principale\"\u003E\t\t\n        \n            \t\t\t\t\t\n                    \u003Ca href=\"allos-lake-allos.html?origine=carnet#media\"\u003E\n                        \u003Cimg class=\"photo_principale\" alt=\"Lake Allos in late spring, with lush green vegetation around the lake and the mountains known as the \u2018T\u00eates du Lac\u2019 in the background, still covered in snow\" src=\"https:\/\/www.valdallos.com\/medias\/images\/prestataires\/multitailles\/320x240_138333-lacdallos_printemps.jpg\" itemprop=\"image\"\u003E\n                    \u003C\/a\u003E\t\t\t\t\t\t\n                \n                    \u003C\/div\u003E\t\t\t\t\t\t\t\t\t\t\t\t\t\t\t\t\t\t\t \t\t\n    \u003C\/div\u003E\n    \n    \u003C!-- partie nom prest --\u003E\n    \u003Cdiv class=\"nom\"\u003E\n        \u003Ch2\u003EAllos Lake\u003C\/h2\u003E\n        \n            \u003C\/div\u003E\n\n         \n    \u003C!-- partie adresse --\u003E\n    \u003Cdiv class=\"adresse\"\u003E\n    \n          \n    \u003C\/div\u003E\n    \n    \u003C!-- partie liens --\u003E\n    \u003Cdiv class=\"liens\"\u003E\n            \u003Ca class=\"btn-icon btn-view \" title=\"Read more \" href=\"allos-lake-allos.html?origine=carnet\"\u003E\u003C\/a\u003E\u003C!--\u003Ca class=\"btn-icon btn-view \" title=\"\" href=\"?origine=carnet#thaut\"\u003E\u003C\/a\u003E--\u003E\n      \u003Ca class=\"btn-icon btn-trash carnet_voyage_supprimer\" title=\"Remove to travel notes \" href=\"carnet-voyage?action=remove&fiche=E|660803\"\u003E\u003C\/a\u003E\n    \u003C\/div\u003E\n\n\u003C\/div\u003E\n\n","icon":"https:\/\/static.ingenie.fr\/images\/carnetVoyageV3\/E.png"},"fiche":"E|660803","popup":"\u003Cdiv id=\"bloc_popup_ajout_fiche_carnet\"\u003E\n    \u003Cdiv class=\"info_popup_ajout_fiche_carnet\"\u003E\n        You have just added this element to your selection:    \u003C\/div\u003E\n    \u003Cdiv class=\"prest_popup_ajout_fiche_carnet\"\u003E\n        Allos Lake    \u003C\/div\u003E\n    \u003Cdiv class=\"bloc_btn_ajout_fiche_carnet form_submit_div\"\u003E\n        \u003Cinput type=\"button\" value=\"Continue \" title=\"Continue \" name=\"btn_close\" class=\"btn_close_popup_carnet form_submit\" onclick=\"$.colorbox.close()\" \/\u003E\n        \u003Cinput type=\"button\" value=\"See my selection\" title=\"See my selection\" name=\"btn_panier\" class=\"btn_panier_popup_carnet form_submit\" onclick=\"if(typeof CarnetVoyage != 'undefined') {CarnetVoyage.voirCarnet();}\" \/\u003E\n    \u003C\/div\u003E\n    \u003Cdiv class=\"bloc_btn_ajout_fiche_carnet\"\u003E\n        \u003Cinput type=\"checkbox\" value=\"1\" name=\"desactiver_popup\" id=\"desactiver_popup\" \/\u003E\n        \u003Clabel for=\"desactiver_popup\"\u003EDo not show this message again \u003C\/label\u003E\n    \u003C\/div\u003E\n\u003C\/div\u003E","success":1}