{"nbFiches":1,"dataPrest":{"infoPrest":{"pave1":{"libelle":"descriptive","contenu":""},"pave2":{"libelle":"winter prices","contenu":""},"pave3":{"libelle":"summer prices","contenu":""},"pave4":{"libelle":"online sale","contenu":""},"pave5":{"libelle":"Descriptif court (old)","contenu":"216km of rambles around Verdon valley"},"pave6":{"libelle":"Descriptif d\u00e9taill\u00e9","contenu":""},"pave7":{"libelle":"Bons plans","contenu":""},"pave8":{"libelle":"Compl\u00e9ment localisation","contenu":""},"pave9":{"libelle":"Compl\u00e9ment accueil","contenu":""},"pave10":{"libelle":"P\u00e9riodes en clair","contenu":""},"pave11":{"libelle":"Tarifs en clair","contenu":"Free access."},"pave12":{"libelle":"Compl\u00e9ment Tarifs","contenu":""},"pave13":{"libelle":"Compl\u00e9ment R\u00e9servation","contenu":""},"pave14":{"libelle":"Descriptif court","contenu":""},"pave15":{"libelle":"Descriptif d\u00e9taill\u00e9","contenu":""},"pave16":{"libelle":"Bons plans","contenu":""},"pave17":{"libelle":"Tarifs (Tarifs en clair, Compl\u00e9ment Tarifs)","contenu":""},"pave18":{"libelle":"P\u00e9riodes en clair","contenu":""},"pave19":{"libelle":"Descriptif court","contenu":""},"pave20":{"libelle":"Descriptif d\u00e9taill\u00e9","contenu":""},"pave21":{"libelle":"Bons plans","contenu":""},"pave22":{"libelle":"Tarifs (Tarifs en clair, Compl\u00e9ment Tarifs)","contenu":""},"pave23":{"libelle":"P\u00e9riodes en clair","contenu":""},"pave24":{"libelle":"Dispositions sp\u00e9ciales","contenu":""},"pave25":{"libelle":"","contenu":""},"Libelle":"The \"tour du Haut Verdon\" itineraries","Nom":"Randonn\u00e9es en itin\u00e9rance : tour du Haut Verdon","Prenom":"","NomPrenom":"Randonn\u00e9es en itin\u00e9rance : tour du Haut Verdon ","CiviliteNomPrenom":"Randonn\u00e9es en itin\u00e9rance : tour du Haut Verdon ","Cle":"E|5263687","PrestataireParent":"","ContexteStat":"PRESTATAIRE-E-5263687","DateModificationIso":"2025-11-25T01:53:00+01:00","Type":"PRESTATAIRE","TypePrestataire":"E","Adresse":{"LigneAdresse1":"","LigneAdresse2":"","LigneAdresse3":"","CodePostal":"04260","Ville":"Allos","Cedex":"","Etat":"","Pays":"FRA"},"Email":"","Telephone":"","TelephoneBureau":"","Portable":"","SiteWeb":"https:\/\/www.valdallos.com","Fax":"","Id":"e-5263687","Code":"E|5263687","Fichier":{"Image":[{"url":"https:\/\/www.valdallos.com\/medias\/images\/prestataires\/131484-tours_du_haut_verdon_2.jpg","chemin":"..\/medias\/images\/prestataires\/131484-tours_du_haut_verdon_2.jpg","libelle":"Tours du Haut Verdon","extension":"jpg","categorie":"","largeur":1200,"theme":"","hauteur":900,"type":"Image","origine":"","liaisonPave":"","langue":"","id":"131484","urlVignette":"https:\/\/www.valdallos.com\/medias\/images\/prestataires\/v-131484-tours_du_haut_verdon_2.jpg","alt":"Tours du Haut Verdon","title":"Tours du Haut Verdon","MultiTaille":{"1920x1440":{"url":"https:\/\/www.valdallos.com\/medias\/images\/prestataires\/multitailles\/1920x1440_131484-tours_du_haut_verdon_2.jpg"},"1200x900":{"url":"https:\/\/www.valdallos.com\/medias\/images\/prestataires\/multitailles\/1200x900_131484-tours_du_haut_verdon_2.jpg"},"800x600":{"url":"https:\/\/www.valdallos.com\/medias\/images\/prestataires\/multitailles\/800x600_131484-tours_du_haut_verdon_2.jpg"},"640x480":{"url":"https:\/\/www.valdallos.com\/medias\/images\/prestataires\/multitailles\/640x480_131484-tours_du_haut_verdon_2.jpg"},"320x240":{"url":"https:\/\/www.valdallos.com\/medias\/images\/prestataires\/multitailles\/320x240_131484-tours_du_haut_verdon_2.jpg"},"160x120":{"url":"https:\/\/www.valdallos.com\/medias\/images\/prestataires\/multitailles\/160x120_131484-tours_du_haut_verdon_2.jpg"},"origine":{"url":"https:\/\/www.valdallos.com\/medias\/images\/prestataires\/131484-tours_du_haut_verdon_2.jpg"}},"urlLien":"","typeLien":"","nofollow":"N","copyright":"B Courbon"},{"url":"https:\/\/www.valdallos.com\/medias\/images\/prestataires\/131485-carte_tours_haut_verdon_2016.jpg","chemin":"..\/medias\/images\/prestataires\/131485-carte_tours_haut_verdon_2016.jpg","libelle":"Les Tours du Haut Verdon","extension":"jpg","categorie":"","largeur":1237,"theme":"","hauteur":1742,"type":"Image","origine":"","liaisonPave":"","langue":"","id":"131485","urlVignette":"https:\/\/www.valdallos.com\/medias\/images\/prestataires\/v-131485-carte_tours_haut_verdon_2016.jpg","alt":"Les Tours du Haut Verdon","title":"Les Tours du Haut Verdon","MultiTaille":{"1920x1440":{"url":"https:\/\/www.valdallos.com\/medias\/images\/prestataires\/multitailles\/1920x1440_131485-carte_tours_haut_verdon_2016.jpg"},"1200x900":{"url":"https:\/\/www.valdallos.com\/medias\/images\/prestataires\/multitailles\/1200x900_131485-carte_tours_haut_verdon_2016.jpg"},"800x600":{"url":"https:\/\/www.valdallos.com\/medias\/images\/prestataires\/multitailles\/800x600_131485-carte_tours_haut_verdon_2016.jpg"},"640x480":{"url":"https:\/\/www.valdallos.com\/medias\/images\/prestataires\/multitailles\/640x480_131485-carte_tours_haut_verdon_2016.jpg"},"320x240":{"url":"https:\/\/www.valdallos.com\/medias\/images\/prestataires\/multitailles\/320x240_131485-carte_tours_haut_verdon_2016.jpg"},"160x120":{"url":"https:\/\/www.valdallos.com\/medias\/images\/prestataires\/multitailles\/160x120_131485-carte_tours_haut_verdon_2016.jpg"},"origine":{"url":"https:\/\/www.valdallos.com\/medias\/images\/prestataires\/131485-carte_tours_haut_verdon_2016.jpg"}},"urlLien":"","typeLien":"","nofollow":"N","copyright":""}],"ByCategorie":{"":[{"url":"https:\/\/www.valdallos.com\/medias\/images\/prestataires\/131484-tours_du_haut_verdon_2.jpg","chemin":"..\/medias\/images\/prestataires\/131484-tours_du_haut_verdon_2.jpg","libelle":"Tours du Haut Verdon","extension":"jpg","categorie":"","largeur":1200,"theme":"","hauteur":900,"type":"Image","origine":"","liaisonPave":"","langue":"","id":"131484","urlVignette":"https:\/\/www.valdallos.com\/medias\/images\/prestataires\/v-131484-tours_du_haut_verdon_2.jpg","alt":"Tours du Haut Verdon","title":"Tours du Haut Verdon","MultiTaille":{"1920x1440":{"url":"https:\/\/www.valdallos.com\/medias\/images\/prestataires\/multitailles\/1920x1440_131484-tours_du_haut_verdon_2.jpg"},"1200x900":{"url":"https:\/\/www.valdallos.com\/medias\/images\/prestataires\/multitailles\/1200x900_131484-tours_du_haut_verdon_2.jpg"},"800x600":{"url":"https:\/\/www.valdallos.com\/medias\/images\/prestataires\/multitailles\/800x600_131484-tours_du_haut_verdon_2.jpg"},"640x480":{"url":"https:\/\/www.valdallos.com\/medias\/images\/prestataires\/multitailles\/640x480_131484-tours_du_haut_verdon_2.jpg"},"320x240":{"url":"https:\/\/www.valdallos.com\/medias\/images\/prestataires\/multitailles\/320x240_131484-tours_du_haut_verdon_2.jpg"},"160x120":{"url":"https:\/\/www.valdallos.com\/medias\/images\/prestataires\/multitailles\/160x120_131484-tours_du_haut_verdon_2.jpg"},"origine":{"url":"https:\/\/www.valdallos.com\/medias\/images\/prestataires\/131484-tours_du_haut_verdon_2.jpg"}},"urlLien":"","typeLien":"","nofollow":"N","copyright":"B Courbon"},{"url":"https:\/\/www.valdallos.com\/medias\/images\/prestataires\/131485-carte_tours_haut_verdon_2016.jpg","chemin":"..\/medias\/images\/prestataires\/131485-carte_tours_haut_verdon_2016.jpg","libelle":"Les Tours du Haut Verdon","extension":"jpg","categorie":"","largeur":1237,"theme":"","hauteur":1742,"type":"Image","origine":"","liaisonPave":"","langue":"","id":"131485","urlVignette":"https:\/\/www.valdallos.com\/medias\/images\/prestataires\/v-131485-carte_tours_haut_verdon_2016.jpg","alt":"Les Tours du Haut Verdon","title":"Les Tours du Haut Verdon","MultiTaille":{"1920x1440":{"url":"https:\/\/www.valdallos.com\/medias\/images\/prestataires\/multitailles\/1920x1440_131485-carte_tours_haut_verdon_2016.jpg"},"1200x900":{"url":"https:\/\/www.valdallos.com\/medias\/images\/prestataires\/multitailles\/1200x900_131485-carte_tours_haut_verdon_2016.jpg"},"800x600":{"url":"https:\/\/www.valdallos.com\/medias\/images\/prestataires\/multitailles\/800x600_131485-carte_tours_haut_verdon_2016.jpg"},"640x480":{"url":"https:\/\/www.valdallos.com\/medias\/images\/prestataires\/multitailles\/640x480_131485-carte_tours_haut_verdon_2016.jpg"},"320x240":{"url":"https:\/\/www.valdallos.com\/medias\/images\/prestataires\/multitailles\/320x240_131485-carte_tours_haut_verdon_2016.jpg"},"160x120":{"url":"https:\/\/www.valdallos.com\/medias\/images\/prestataires\/multitailles\/160x120_131485-carte_tours_haut_verdon_2016.jpg"},"origine":{"url":"https:\/\/www.valdallos.com\/medias\/images\/prestataires\/131485-carte_tours_haut_verdon_2016.jpg"}},"urlLien":"","typeLien":"","nofollow":"N","copyright":""}]}},"Url":"the-tour-du-haut-verdon-itineraries-allos.html","Localisation":{"GoogleMap":{"Latitude":"","Longitude":""}},"ZoneGeo":"","Criteres":{"CIDUREE[RANDO4":"","ZONEGEO[FRPA04VAV1400":"","PUBLICATION[VALDALLOSITI":"","P.34[1602":"","P.113[4830":"","P.113[4971":"","P.prestations[surchargeTourismesAdaptes":"","P.prestations[surchargeDescriptifHandicapMoteur":"","P.prestations[surchargeDescriptifHandicapAuditif":"","P.prestations[surchargeDescriptifHandicapVisuel":"","P.prestations[surchargeDescriptifHandicapMental":"","P.prestations[surchargeNombreFauteuilsRoulants":"","P.languesParlees[1197":"","P.visites[dureeMoyenneVisiteIndividuelle":"360","P.prestationsVisitesIndividuelles[480":"","P.prestationsVisitesIndividuelles[483":"","P.prestationsVisitesGroupees[488":"","P.prestationsVisitesGroupees[491":"","P.rubrique[2988":"","P.61[3184":"","P.61[3333":"","P.itineraire[dureeJournaliere":"360","P.itineraire[dureeItinerance":"6","P.itineraire[itineraireType":"Aller \/ Itinerance","P.itineraire[itineraireBalise":"","P.CINTSITRA[5663":"","P.CINTSITRA[8809":"","P.6241[126905":"","P.6241[5740912":"","P.3218[311229":"","P.3220[587401":"","P.3220[5575332":"","P.3233[591419":"","P.3221[4876304":"","P.3219[5127127":"","P.3219[5239406":"","P.3219[6436838":"","P.3240[5778284":"","P.6242[5843488":"","P.3230[6139211":"","P.VilleSitra[1559":"","P.VillageDeDepart[1559":""},"DateFinPublication":"","PrixAPartirDe":"","PrixPour":"","FicheListeEnCours":"fiche_liste_itineraires_equip_v2018","ParametresModele":{"AfficherPhotos":1,"NbPhotosMax":6,"AfficherReserver":0,"AfficherContact":"1","AfficherSalle":1,"AfficherZoneGeo":0,"AfficherEnSavoirPlus":"0","AfficherUneSeuleOuverture":0,"AfficherContactCarte":0,"AfficherTarifsChaudAPartirDe":0,"AfficherTarifChaudSansRecherche":0,"AfficherAvis":"0","AfficherAvisIngenie":"1","BlocCritereInfo":{"critere1":{"libelle":""},"critere2":{"libelle":""},"critere3":{"libelle":""},"critere4":{"libelle":""},"critere5":{"libelle":""},"critere6":{"libelle":"","liste_critere":["CIDUREE|E","P.prestations|ANINOAD|E","P.itineraire|distance|E","P.itineraire|denivellation|E","P.itineraire|dureeJournaliere|E"]},"critere7":{"libelle":"","liste_critere":["ZONEGEO|FRPA04VAV1800|E","ZONEGEO|FRPA04VAV1500|E","ZONEGEO|FRPA04VAV1400|E"]},"critere8":{"libelle":""},"critere9":{"libelle":""},"afficherpictoetpaslibelle":"1"},"BlocPaveInfo":{"texte1":{"longeurmax":"","afficherLibelle":"0","garderHtml":"0"},"texte3":{"longeurmax":"","afficherLibelle":"0","garderHtml":"0"}},"Criteres":"PUBLICATION[VALDALLOSITI","ModeleUrl":"fiche_itineraires_equip_v2018","PositionBloc":"GALLERIE|NOM|CRITERESORDONNEES|ZONEPRINCIPALFICHEPRESTA|DESCRIPTIF|AVIS|CARNET_VOYAGE|URL","TypePrestataire":"E","ComportementResa":false,"ComportementDispo":false},"AffichageCoordonnees":[],"Coordonnees":{"Ville":"Allos"},"ContexteId":"PRESTATAIRE|E|5263687","ContexteIdHtml":"PRESTATAIRE-E-5263687","cleContexte":"E|5263687","Bloc":{"texte1":"","texte3":"","critere1":{"libelle":"","contenu":[]},"critere2":{"libelle":"","contenu":[]},"critere3":{"libelle":"","contenu":[]},"critere4":{"libelle":"","contenu":[]},"critere5":{"libelle":"","contenu":[]},"critere6":{"libelle":"","contenu":{"CIDUREE":{"libelle":"Itineraries","contenu":{"4":"Ramble for one day"},"codesValeurs":{"4":"CIDUREE|RANDO4|E"},"criteres_datas":{"valeurs":{"4":{"RANDO4":{"descriptif":""}}}}},"P.itineraire":{"libelle":"Route","contenu":{"6":"\u003Cspan class=\"libelle\"\u003EDaily duration (minutes)\u003C\/span\u003E \u003Cspan class=\"quantite\"\u003E360\u003C\/span\u003E"},"codesValeurs":{"6":"P.itineraire|dureeJournaliere|E"},"criteres_datas":{"valeurs":{"6":{"dureeJournaliere":{"descriptif":""}}}}}}},"critere7":{"libelle":"","contenu":{"ZONEGEO":{"libelle":"Cities","contenu":{"3":"Val d\u2019Allos \u2013 Le village"},"codesValeurs":{"3":"ZONEGEO|FRPA04VAV1400|E"},"criteres_datas":{"valeurs":{"3":{"FRPA04VAV1400":{"descriptif":""}}}}}}},"critere8":{"libelle":"","contenu":[]},"critere9":{"libelle":"","contenu":[]}},"libelleDuPrestataire":"","listeCriteres":{"CIDUREE":{"RANDO4":""},"ZONEGEO":{"FRPA04VAV1400":""},"PUBLICATION":{"VALDALLOSITI":""},"P.34":{"1602":""},"P.113":{"4830":"","4971":""},"P.prestations":{"surchargeTourismesAdaptes":"","surchargeDescriptifHandicapMoteur":"","surchargeDescriptifHandicapAuditif":"","surchargeDescriptifHandicapVisuel":"","surchargeDescriptifHandicapMental":"","surchargeNombreFauteuilsRoulants":""},"P.languesParlees":{"1197":""},"P.visites":{"dureeMoyenneVisiteIndividuelle":"360"},"P.prestationsVisitesIndividuelles":{"480":"","483":""},"P.prestationsVisitesGroupees":{"488":"","491":""},"P.rubrique":{"2988":""},"P.61":{"3184":"","3333":""},"P.itineraire":{"dureeJournaliere":"360","dureeItinerance":"6","itineraireType":"Aller \/ Itinerance","itineraireBalise":""},"P.CINTSITRA":{"5663":"","8809":""},"P.6241":{"126905":"","5740912":""},"P.3218":{"311229":""},"P.3220":{"587401":"","5575332":""},"P.3233":{"591419":""},"P.3221":{"4876304":""},"P.3219":{"5127127":"","5239406":"","6436838":""},"P.3240":{"5778284":""},"P.6242":{"5843488":""},"P.3230":{"6139211":""},"P.VilleSitra":{"1559":""},"P.VillageDeDepart":{"1559":""}},"dansCarnetVoyage":true,"Ouverture":""},"html":" \n \u003Cdiv id=\"CV-PRESTATAIRE-E-5263687\" data-contexte-id=\"PRESTATAIRE|E|5263687\" data-cle=\"E|5263687\" class=\"fiche-liste\"\u003E\n    \n\n    \u003C!-- partie photo --\u003E\n    \u003Cdiv class=\"photo\"\u003E\t\t\t\t\t\t\t\t\t\t\t\t\t\t\t\t\t\t\t\t\t\n        \u003Cdiv class=\"cadre_photo_principale\"\u003E\t\t\n        \n            \t\t\t\t\t\n                    \u003Ca href=\"the-tour-du-haut-verdon-itineraries-allos.html?origine=carnet#media\"\u003E\n                        \u003Cimg class=\"photo_principale\" alt=\"Tours du Haut Verdon\" src=\"https:\/\/www.valdallos.com\/medias\/images\/prestataires\/multitailles\/320x240_131484-tours_du_haut_verdon_2.jpg\" itemprop=\"image\"\u003E\n                    \u003C\/a\u003E\t\t\t\t\t\t\n                \n                    \u003C\/div\u003E\t\t\t\t\t\t\t\t\t\t\t\t\t\t\t\t\t\t\t \t\t\n    \u003C\/div\u003E\n    \n    \u003C!-- partie nom prest --\u003E\n    \u003Cdiv class=\"nom\"\u003E\n        \u003Ch2\u003EThe \"tour du Haut Verdon\" itineraries\u003C\/h2\u003E\n        \n            \u003C\/div\u003E\n\n         \n    \u003C!-- partie adresse --\u003E\n    \u003Cdiv class=\"adresse\"\u003E\n    \n          \n    \u003C\/div\u003E\n    \n    \u003C!-- partie liens --\u003E\n    \u003Cdiv class=\"liens\"\u003E\n            \u003Ca class=\"btn-icon btn-view \" title=\"Read more \" href=\"the-tour-du-haut-verdon-itineraries-allos.html?origine=carnet\"\u003E\u003C\/a\u003E\u003C!--\u003Ca class=\"btn-icon btn-view \" title=\"\" href=\"?origine=carnet#thaut\"\u003E\u003C\/a\u003E--\u003E\n      \u003Ca class=\"btn-icon btn-trash carnet_voyage_supprimer\" title=\"Remove to travel notes \" href=\"carnet-voyage?action=remove&fiche=E|5263687\"\u003E\u003C\/a\u003E\n    \u003C\/div\u003E\n\n\u003C\/div\u003E\n\n","icon":"https:\/\/static.ingenie.fr\/images\/carnetVoyageV3\/E.png"},"fiche":"E|5263687","popup":"\u003Cdiv id=\"bloc_popup_ajout_fiche_carnet\"\u003E\n    \u003Cdiv class=\"info_popup_ajout_fiche_carnet\"\u003E\n        You have just added this element to your selection:    \u003C\/div\u003E\n    \u003Cdiv class=\"prest_popup_ajout_fiche_carnet\"\u003E\n        The &quot;tour du Haut Verdon&quot; itineraries    \u003C\/div\u003E\n    \u003Cdiv class=\"bloc_btn_ajout_fiche_carnet form_submit_div\"\u003E\n        \u003Cinput type=\"button\" value=\"Continue \" title=\"Continue \" name=\"btn_close\" class=\"btn_close_popup_carnet form_submit\" onclick=\"$.colorbox.close()\" \/\u003E\n        \u003Cinput type=\"button\" value=\"See my selection\" title=\"See my selection\" name=\"btn_panier\" class=\"btn_panier_popup_carnet form_submit\" onclick=\"if(typeof CarnetVoyage != 'undefined') {CarnetVoyage.voirCarnet();}\" \/\u003E\n    \u003C\/div\u003E\n    \u003Cdiv class=\"bloc_btn_ajout_fiche_carnet\"\u003E\n        \u003Cinput type=\"checkbox\" value=\"1\" name=\"desactiver_popup\" id=\"desactiver_popup\" \/\u003E\n        \u003Clabel for=\"desactiver_popup\"\u003EDo not show this message again \u003C\/label\u003E\n    \u003C\/div\u003E\n\u003C\/div\u003E","success":1}