{"nbFiches":1,"dataPrest":{"infoPrest":{"pave1":{"libelle":"descriptive","contenu":"Sport shop in the Val d'Allos village ; during winter ski rentals and during summer ramble, fishing and bike accessories"},"pave2":{"libelle":"online sale","contenu":""},"pave3":{"libelle":"Descriptif court (old)","contenu":"Sport shop in the Val d'Allos village ; during winter ski rentals and during summer ramble, fishing and bike accessories"},"pave4":{"libelle":"Descriptif d\u00e9taill\u00e9","contenu":""},"pave5":{"libelle":"Bons plans","contenu":""},"pave6":{"libelle":"Compl\u00e9ment localisation","contenu":""},"pave7":{"libelle":"Compl\u00e9ment accueil","contenu":""},"pave8":{"libelle":"P\u00e9riodes en clair","contenu":"From 01\/01 to 31\/12 daily."},"pave9":{"libelle":"Tarifs en clair","contenu":""},"pave10":{"libelle":"Compl\u00e9ment Tarifs","contenu":""},"pave11":{"libelle":"Compl\u00e9ment R\u00e9servation","contenu":""},"pave12":{"libelle":"Descriptif court","contenu":"Hiking, fishing, cycling equipment\u003Cbr \/\u003E\r\nRental of baby carrier\u003Cbr \/\u003E\r\nRental of electric mountain bikes\u003Cbr \/\u003E\r\nBivouac equipment rental (tent, mattress, duvet...)\u003Cbr \/\u003E\r\nTextile fashion and mountain\u003Cbr \/\u003E\r\nLeisure accessories"},"pave13":{"libelle":"Descriptif d\u00e9taill\u00e9","contenu":""},"pave14":{"libelle":"Bons plans","contenu":""},"pave15":{"libelle":"Tarifs (Tarifs en clair, Compl\u00e9ment Tarifs)","contenu":""},"pave16":{"libelle":"P\u00e9riodes en clair","contenu":""},"pave17":{"libelle":"Descriptif court","contenu":""},"pave18":{"libelle":"Descriptif d\u00e9taill\u00e9","contenu":""},"pave19":{"libelle":"Bons plans","contenu":""},"pave20":{"libelle":"Tarifs (Tarifs en clair, Compl\u00e9ment Tarifs)","contenu":""},"pave21":{"libelle":"P\u00e9riodes en clair","contenu":""},"pave22":{"libelle":"Dispositions sp\u00e9ciales","contenu":""},"pave23":{"libelle":"Nouveaut\u00e9s","contenu":""},"pave24":{"libelle":"Gestes pour l'environnement","contenu":""},"pave25":{"libelle":"","contenu":""},"ContactsParType":{"":{"114162":{"id_contact":"114162","type_contact":"","categorie_contact":"PRESTATAIRE","societe_contact":"","fonction_contact":"","civilite_nom_prenom_contact":"MRM Sicard philippe et fanny ","adresse1_contact":"","adresse2_contact":"","adresse3_contact":"","cpostal_contact":"","ville_contact":"","teldom_contact":"","telbur_contact":"","fax_contact":"","portable_contact":"","email_contact":"","siteweb_contact":"","commentaire_contact":"","langue_contact":"","autre_moyen_com":[]}},"RES":{"114163":{"id_contact":"114163","type_contact":"RES","categorie_contact":"PRESTATAIRE","societe_contact":"","fonction_contact":"","civilite_nom_prenom_contact":"R\u00e9server un v\u00e9lo ","adresse1_contact":"","adresse2_contact":"","adresse3_contact":"","cpostal_contact":"","ville_contact":"","teldom_contact":"","telbur_contact":"","fax_contact":"","portable_contact":"","email_contact":"","siteweb_contact":"https:\/\/sport2000aupetitallossard.lokki.rent\/dates","commentaire_contact":"","langue_contact":"","autre_moyen_com":[]},"114164":{"id_contact":"114164","type_contact":"RES","categorie_contact":"PRESTATAIRE","societe_contact":"","fonction_contact":"","civilite_nom_prenom_contact":"Louer des skis ","adresse1_contact":"","adresse2_contact":"","adresse3_contact":"","cpostal_contact":"","ville_contact":"","teldom_contact":"","telbur_contact":"","fax_contact":"","portable_contact":"","email_contact":"","siteweb_contact":"http:\/\/www.aupetitallossard.sport2000.fr","commentaire_contact":"","langue_contact":"","autre_moyen_com":[]}}},"ZoneGeoLibelle":"Val d\u2019Allos \u2013 Le village","Libelle":"Au Petit Allossard Sport 2000","Nom":"Magasin Au Petit Allossard Sport 2000","Prenom":"","NomPrenom":"Magasin Au Petit Allossard Sport 2000 ","CiviliteNomPrenom":"Magasin Au Petit Allossard Sport 2000 ","Cle":"A|564640","PrestataireParent":"","ContexteStat":"PRESTATAIRE-A-564640","DateModificationIso":"2026-02-04T10:43:00+01:00","Type":"PRESTATAIRE","TypePrestataire":"A","Adresse":{"LigneAdresse1":"rue du pr\u00e9 de foire","LigneAdresse2":"Val d'Allos le Village","LigneAdresse3":"","CodePostal":"04260","Ville":"Allos","Cedex":"","Etat":"","Pays":"FRA"},"Email":"sibertsport@orange.fr","Telephone":"04 92 83 14 62","TelephoneBureau":"","Portable":"","SiteWeb":"http:\/\/www.aupetitallossard.sport2000.fr","Fax":"","Id":"a-564640","Code":"A|564640","Fichier":{"Image":[{"url":"https:\/\/www.valdallos.com\/medias\/images\/prestataires\/130293-au_petit_allossard.jpg","chemin":"..\/medias\/images\/prestataires\/130293-au_petit_allossard.jpg","libelle":"Au Petit Allossard","extension":"jpg","categorie":"","largeur":1200,"theme":"ETE","hauteur":908,"type":"Image","origine":"","liaisonPave":"","langue":"","id":"130293","urlVignette":"https:\/\/www.valdallos.com\/medias\/images\/prestataires\/v-130293-au_petit_allossard.jpg","alt":"Au Petit Allossard","title":"Au Petit Allossard","MultiTaille":{"1920x1440":{"url":"https:\/\/www.valdallos.com\/medias\/images\/prestataires\/multitailles\/1920x1440_130293-au_petit_allossard.jpg"},"1200x900":{"url":"https:\/\/www.valdallos.com\/medias\/images\/prestataires\/multitailles\/1200x900_130293-au_petit_allossard.jpg"},"800x600":{"url":"https:\/\/www.valdallos.com\/medias\/images\/prestataires\/multitailles\/800x600_130293-au_petit_allossard.jpg"},"640x480":{"url":"https:\/\/www.valdallos.com\/medias\/images\/prestataires\/multitailles\/640x480_130293-au_petit_allossard.jpg"},"320x240":{"url":"https:\/\/www.valdallos.com\/medias\/images\/prestataires\/multitailles\/320x240_130293-au_petit_allossard.jpg"},"160x120":{"url":"https:\/\/www.valdallos.com\/medias\/images\/prestataires\/multitailles\/160x120_130293-au_petit_allossard.jpg"},"origine":{"url":"https:\/\/www.valdallos.com\/medias\/images\/prestataires\/130293-au_petit_allossard.jpg"}},"urlLien":"","typeLien":"","nofollow":"N","copyright":"Au Petit Allossard"},{"url":"https:\/\/www.valdallos.com\/medias\/images\/prestataires\/130294-au_petit_allossard_2.jpg","chemin":"..\/medias\/images\/prestataires\/130294-au_petit_allossard_2.jpg","libelle":"Au Petit Allossard","extension":"jpg","categorie":"","largeur":900,"theme":"ETE","hauteur":1200,"type":"Image","origine":"","liaisonPave":"","langue":"","id":"130294","urlVignette":"https:\/\/www.valdallos.com\/medias\/images\/prestataires\/v-130294-au_petit_allossard_2.jpg","alt":"Au Petit Allossard","title":"Au Petit Allossard","MultiTaille":{"1920x1440":{"url":"https:\/\/www.valdallos.com\/medias\/images\/prestataires\/multitailles\/1920x1440_130294-au_petit_allossard_2.jpg"},"1200x900":{"url":"https:\/\/www.valdallos.com\/medias\/images\/prestataires\/multitailles\/1200x900_130294-au_petit_allossard_2.jpg"},"800x600":{"url":"https:\/\/www.valdallos.com\/medias\/images\/prestataires\/multitailles\/800x600_130294-au_petit_allossard_2.jpg"},"640x480":{"url":"https:\/\/www.valdallos.com\/medias\/images\/prestataires\/multitailles\/640x480_130294-au_petit_allossard_2.jpg"},"320x240":{"url":"https:\/\/www.valdallos.com\/medias\/images\/prestataires\/multitailles\/320x240_130294-au_petit_allossard_2.jpg"},"160x120":{"url":"https:\/\/www.valdallos.com\/medias\/images\/prestataires\/multitailles\/160x120_130294-au_petit_allossard_2.jpg"},"origine":{"url":"https:\/\/www.valdallos.com\/medias\/images\/prestataires\/130294-au_petit_allossard_2.jpg"}},"urlLien":"","typeLien":"","nofollow":"N","copyright":"Au Petit Allossard"},{"url":"https:\/\/www.valdallos.com\/medias\/images\/prestataires\/130291-aupetitallossard2.jpg","chemin":"..\/medias\/images\/prestataires\/130291-aupetitallossard2.jpg","libelle":"Magasin de sport Au Petit Allossard","extension":"jpg","categorie":"","largeur":1200,"theme":"HIVER","hauteur":900,"type":"Image","origine":"","liaisonPave":"","langue":"","id":"130291","urlVignette":"https:\/\/www.valdallos.com\/medias\/images\/prestataires\/v-130291-aupetitallossard2.jpg","alt":"Magasin de sport Au Petit Allossard","title":"Magasin de sport Au Petit Allossard","MultiTaille":{"1920x1440":{"url":"https:\/\/www.valdallos.com\/medias\/images\/prestataires\/multitailles\/1920x1440_130291-aupetitallossard2.jpg"},"1200x900":{"url":"https:\/\/www.valdallos.com\/medias\/images\/prestataires\/multitailles\/1200x900_130291-aupetitallossard2.jpg"},"800x600":{"url":"https:\/\/www.valdallos.com\/medias\/images\/prestataires\/multitailles\/800x600_130291-aupetitallossard2.jpg"},"640x480":{"url":"https:\/\/www.valdallos.com\/medias\/images\/prestataires\/multitailles\/640x480_130291-aupetitallossard2.jpg"},"320x240":{"url":"https:\/\/www.valdallos.com\/medias\/images\/prestataires\/multitailles\/320x240_130291-aupetitallossard2.jpg"},"160x120":{"url":"https:\/\/www.valdallos.com\/medias\/images\/prestataires\/multitailles\/160x120_130291-aupetitallossard2.jpg"},"origine":{"url":"https:\/\/www.valdallos.com\/medias\/images\/prestataires\/130291-aupetitallossard2.jpg"}},"urlLien":"","typeLien":"","nofollow":"N","copyright":"office de tourisme du Val d'Allos"},{"url":"https:\/\/www.valdallos.com\/medias\/images\/prestataires\/130292-aupetitallossard.jpg","chemin":"..\/medias\/images\/prestataires\/130292-aupetitallossard.jpg","libelle":"Magasin de sport Au Petit Allossard","extension":"jpg","categorie":"","largeur":1200,"theme":"HIVER","hauteur":900,"type":"Image","origine":"","liaisonPave":"","langue":"","id":"130292","urlVignette":"https:\/\/www.valdallos.com\/medias\/images\/prestataires\/v-130292-aupetitallossard.jpg","alt":"Magasin de sport Au Petit Allossard","title":"Magasin de sport Au Petit Allossard","MultiTaille":{"1920x1440":{"url":"https:\/\/www.valdallos.com\/medias\/images\/prestataires\/multitailles\/1920x1440_130292-aupetitallossard.jpg"},"1200x900":{"url":"https:\/\/www.valdallos.com\/medias\/images\/prestataires\/multitailles\/1200x900_130292-aupetitallossard.jpg"},"800x600":{"url":"https:\/\/www.valdallos.com\/medias\/images\/prestataires\/multitailles\/800x600_130292-aupetitallossard.jpg"},"640x480":{"url":"https:\/\/www.valdallos.com\/medias\/images\/prestataires\/multitailles\/640x480_130292-aupetitallossard.jpg"},"320x240":{"url":"https:\/\/www.valdallos.com\/medias\/images\/prestataires\/multitailles\/320x240_130292-aupetitallossard.jpg"},"160x120":{"url":"https:\/\/www.valdallos.com\/medias\/images\/prestataires\/multitailles\/160x120_130292-aupetitallossard.jpg"},"origine":{"url":"https:\/\/www.valdallos.com\/medias\/images\/prestataires\/130292-aupetitallossard.jpg"}},"urlLien":"","typeLien":"","nofollow":"N","copyright":"office de tourisme du Val d'Allos"}],"ByCategorie":{"":[{"url":"https:\/\/www.valdallos.com\/medias\/images\/prestataires\/130293-au_petit_allossard.jpg","chemin":"..\/medias\/images\/prestataires\/130293-au_petit_allossard.jpg","libelle":"Au Petit Allossard","extension":"jpg","categorie":"","largeur":1200,"theme":"ETE","hauteur":908,"type":"Image","origine":"","liaisonPave":"","langue":"","id":"130293","urlVignette":"https:\/\/www.valdallos.com\/medias\/images\/prestataires\/v-130293-au_petit_allossard.jpg","alt":"Au Petit Allossard","title":"Au Petit Allossard","MultiTaille":{"1920x1440":{"url":"https:\/\/www.valdallos.com\/medias\/images\/prestataires\/multitailles\/1920x1440_130293-au_petit_allossard.jpg"},"1200x900":{"url":"https:\/\/www.valdallos.com\/medias\/images\/prestataires\/multitailles\/1200x900_130293-au_petit_allossard.jpg"},"800x600":{"url":"https:\/\/www.valdallos.com\/medias\/images\/prestataires\/multitailles\/800x600_130293-au_petit_allossard.jpg"},"640x480":{"url":"https:\/\/www.valdallos.com\/medias\/images\/prestataires\/multitailles\/640x480_130293-au_petit_allossard.jpg"},"320x240":{"url":"https:\/\/www.valdallos.com\/medias\/images\/prestataires\/multitailles\/320x240_130293-au_petit_allossard.jpg"},"160x120":{"url":"https:\/\/www.valdallos.com\/medias\/images\/prestataires\/multitailles\/160x120_130293-au_petit_allossard.jpg"},"origine":{"url":"https:\/\/www.valdallos.com\/medias\/images\/prestataires\/130293-au_petit_allossard.jpg"}},"urlLien":"","typeLien":"","nofollow":"N","copyright":"Au Petit Allossard"},{"url":"https:\/\/www.valdallos.com\/medias\/images\/prestataires\/130294-au_petit_allossard_2.jpg","chemin":"..\/medias\/images\/prestataires\/130294-au_petit_allossard_2.jpg","libelle":"Au Petit Allossard","extension":"jpg","categorie":"","largeur":900,"theme":"ETE","hauteur":1200,"type":"Image","origine":"","liaisonPave":"","langue":"","id":"130294","urlVignette":"https:\/\/www.valdallos.com\/medias\/images\/prestataires\/v-130294-au_petit_allossard_2.jpg","alt":"Au Petit Allossard","title":"Au Petit Allossard","MultiTaille":{"1920x1440":{"url":"https:\/\/www.valdallos.com\/medias\/images\/prestataires\/multitailles\/1920x1440_130294-au_petit_allossard_2.jpg"},"1200x900":{"url":"https:\/\/www.valdallos.com\/medias\/images\/prestataires\/multitailles\/1200x900_130294-au_petit_allossard_2.jpg"},"800x600":{"url":"https:\/\/www.valdallos.com\/medias\/images\/prestataires\/multitailles\/800x600_130294-au_petit_allossard_2.jpg"},"640x480":{"url":"https:\/\/www.valdallos.com\/medias\/images\/prestataires\/multitailles\/640x480_130294-au_petit_allossard_2.jpg"},"320x240":{"url":"https:\/\/www.valdallos.com\/medias\/images\/prestataires\/multitailles\/320x240_130294-au_petit_allossard_2.jpg"},"160x120":{"url":"https:\/\/www.valdallos.com\/medias\/images\/prestataires\/multitailles\/160x120_130294-au_petit_allossard_2.jpg"},"origine":{"url":"https:\/\/www.valdallos.com\/medias\/images\/prestataires\/130294-au_petit_allossard_2.jpg"}},"urlLien":"","typeLien":"","nofollow":"N","copyright":"Au Petit Allossard"},{"url":"https:\/\/www.valdallos.com\/medias\/images\/prestataires\/130291-aupetitallossard2.jpg","chemin":"..\/medias\/images\/prestataires\/130291-aupetitallossard2.jpg","libelle":"Magasin de sport Au Petit Allossard","extension":"jpg","categorie":"","largeur":1200,"theme":"HIVER","hauteur":900,"type":"Image","origine":"","liaisonPave":"","langue":"","id":"130291","urlVignette":"https:\/\/www.valdallos.com\/medias\/images\/prestataires\/v-130291-aupetitallossard2.jpg","alt":"Magasin de sport Au Petit Allossard","title":"Magasin de sport Au Petit Allossard","MultiTaille":{"1920x1440":{"url":"https:\/\/www.valdallos.com\/medias\/images\/prestataires\/multitailles\/1920x1440_130291-aupetitallossard2.jpg"},"1200x900":{"url":"https:\/\/www.valdallos.com\/medias\/images\/prestataires\/multitailles\/1200x900_130291-aupetitallossard2.jpg"},"800x600":{"url":"https:\/\/www.valdallos.com\/medias\/images\/prestataires\/multitailles\/800x600_130291-aupetitallossard2.jpg"},"640x480":{"url":"https:\/\/www.valdallos.com\/medias\/images\/prestataires\/multitailles\/640x480_130291-aupetitallossard2.jpg"},"320x240":{"url":"https:\/\/www.valdallos.com\/medias\/images\/prestataires\/multitailles\/320x240_130291-aupetitallossard2.jpg"},"160x120":{"url":"https:\/\/www.valdallos.com\/medias\/images\/prestataires\/multitailles\/160x120_130291-aupetitallossard2.jpg"},"origine":{"url":"https:\/\/www.valdallos.com\/medias\/images\/prestataires\/130291-aupetitallossard2.jpg"}},"urlLien":"","typeLien":"","nofollow":"N","copyright":"office de tourisme du Val d'Allos"},{"url":"https:\/\/www.valdallos.com\/medias\/images\/prestataires\/130292-aupetitallossard.jpg","chemin":"..\/medias\/images\/prestataires\/130292-aupetitallossard.jpg","libelle":"Magasin de sport Au Petit Allossard","extension":"jpg","categorie":"","largeur":1200,"theme":"HIVER","hauteur":900,"type":"Image","origine":"","liaisonPave":"","langue":"","id":"130292","urlVignette":"https:\/\/www.valdallos.com\/medias\/images\/prestataires\/v-130292-aupetitallossard.jpg","alt":"Magasin de sport Au Petit Allossard","title":"Magasin de sport Au Petit Allossard","MultiTaille":{"1920x1440":{"url":"https:\/\/www.valdallos.com\/medias\/images\/prestataires\/multitailles\/1920x1440_130292-aupetitallossard.jpg"},"1200x900":{"url":"https:\/\/www.valdallos.com\/medias\/images\/prestataires\/multitailles\/1200x900_130292-aupetitallossard.jpg"},"800x600":{"url":"https:\/\/www.valdallos.com\/medias\/images\/prestataires\/multitailles\/800x600_130292-aupetitallossard.jpg"},"640x480":{"url":"https:\/\/www.valdallos.com\/medias\/images\/prestataires\/multitailles\/640x480_130292-aupetitallossard.jpg"},"320x240":{"url":"https:\/\/www.valdallos.com\/medias\/images\/prestataires\/multitailles\/320x240_130292-aupetitallossard.jpg"},"160x120":{"url":"https:\/\/www.valdallos.com\/medias\/images\/prestataires\/multitailles\/160x120_130292-aupetitallossard.jpg"},"origine":{"url":"https:\/\/www.valdallos.com\/medias\/images\/prestataires\/130292-aupetitallossard.jpg"}},"urlLien":"","typeLien":"","nofollow":"N","copyright":"office de tourisme du Val d'Allos"}]}},"Url":"ski-store-rent-a-bike-sports-store-clothes-au-petit-allossard-sport-2000-val-dallos-le-village.html","Localisation":{"GoogleMap":{"Latitude":"44.241332","Longitude":"6.627553"},"PlanStation":{"idPlan":"7","nomPlan":"[NEW] Plan Village Allos","carte":"\/plan\/plan_village_2018[HIVER_FR[.jpg","PositionAbs":"1199","PositionOrd":"310"}},"ZoneGeo":"","LiensEtWidgetsParType":{"R":[{"Id":"15902","TypePrestataire":"A","CodePrestataire":"564640","CodePrestation":"","CodeLibelle":"URL00002080","Type":"R","Url":"https:\/\/sport2000aupetitallossard.lokki.rent\/dates","Defaut":"N","Langue":"","Nature":"URL","Import":"SITRA2","LibelleText":"R\u00e9server un v\u00e9lo","Theme":""},{"Id":"15903","TypePrestataire":"A","CodePrestataire":"564640","CodePrestation":"","CodeLibelle":"URL00002081","Type":"R","Url":"http:\/\/www.aupetitallossard.sport2000.fr","Defaut":"N","Langue":"","Nature":"URL","Import":"SITRA2","LibelleText":"Louer des skis","Theme":""}]},"LiensEtWidgets":[{"Id":"15902","TypePrestataire":"A","CodePrestataire":"564640","CodePrestation":"","CodeLibelle":"URL00002080","Type":"R","Url":"https:\/\/sport2000aupetitallossard.lokki.rent\/dates","Defaut":"N","Langue":"","Nature":"URL","Import":"SITRA2","LibelleText":"R\u00e9server un v\u00e9lo","Theme":""},{"Id":"15903","TypePrestataire":"A","CodePrestataire":"564640","CodePrestation":"","CodeLibelle":"URL00002081","Type":"R","Url":"http:\/\/www.aupetitallossard.sport2000.fr","Defaut":"N","Langue":"","Nature":"URL","Import":"SITRA2","LibelleText":"Louer des skis","Theme":""}],"Criteres":{"PUBLICATION[VALDALLOS":"","PUBLICATION[SITEVTTMONTAGNE":"","AADHER[AOFFIC":"","AINFADH[AFIN":"","ACOMM[ALOCMAT":"","ACOMM[LOUERVELOS":"","ACOMM[AMAGA":"","ACOMM[AMODE":"","ZONEGEO[FRPA04VAV1400":"","P.126[972":"","P.4169[3696":"","P.4169[3699":"","P.4169[3724":"","P.4169[3963":"","P.4168[3889":"","P.prestations[surchargeTourismesAdaptes":"","P.prestations[surchargeDescriptifHandicapMoteur":"","P.prestations[surchargeDescriptifHandicapAuditif":"","P.prestations[surchargeDescriptifHandicapVisuel":"","P.prestations[surchargeDescriptifHandicapMental":"","P.prestations[surchargeNombreFauteuilsRoulants":"","P.languesParlees[1192":"","P.languesParlees[1197":"","P.114[416":"","P.114[418":"","P.114[435":"","P.114[436":"","P.modesPaiement[1268":"","P.modesPaiement[1271":"","P.modesPaiement[1274":"","P.modesPaiement[1277":"","P.modesPaiement[4139":"","P.tourismeAffaires[tourismeAffairesEnabled":"","P.tourismeAffaires[devise":"EUR","P.commerceEtServiceType[1874":"","P.13[2058":"","P.13[2060":"","P.13[2061":"","P.13[2170":"","P.13[2185":"","P.13[2192":"","P.14[2067":"","P.14[2207":"","P.CINTSITRA[5660":"","P.CINTSITRA[5663":"","P.CINTSITRA[5664":"","P.CINTSITRA[8809":"","P.CINTSITRA[19004":"","P.6241[126905":"","P.6241[5740912":"","P.3218[311229":"","P.3220[587401":"","P.3220[5575332":"","P.3233[591419":"","P.3221[4876304":"","P.3219[5127127":"","P.3219[5239406":"","P.3219[6436838":"","P.3240[5778284":"","P.6242[5843488":"","P.3230[6139211":"","P.VilleSitra[1559":"","P.VillageDeDepart[1559":""},"DateFinPublication":"","PrixAPartirDe":"","PrixPour":"","FicheListeEnCours":"fiche_liste_commerces_services_OT_v3","ParametresModele":{"AfficherPhotos":1,"NbPhotosMax":6,"AfficherReserver":0,"AfficherContact":0,"AfficherSalle":1,"AfficherZoneGeo":0,"AfficherEnSavoirPlus":"0","AfficherUneSeuleOuverture":0,"AfficherContactCarte":1,"AfficherTarifsChaudAPartirDe":0,"AfficherTarifChaudSansRecherche":0,"BlocCritereInfo":{"critere1":{"libelle":""},"critere2":{"libelle":"","liste_critere":["ZONEGEO|A"]},"critere3":{"libelle":""},"critere4":{"libelle":""},"critere5":{"libelle":"","liste_critere":["ACOMM|A","ASANTE|A"]},"critere6":{"libelle":"","liste_critere":["ALABEL|A"]},"critere7":{"libelle":""},"critere8":{"libelle":""},"afficherpictoetpaslibelle":"1"},"BlocPaveInfo":{"texte1":{"pave":["1","12","17"],"longeurmax":"250","afficherLibelle":"0","garderHtml":"0"}},"PositionBloc":"GALLERIE|ZONEPRINCIPALFICHEPRESTA|NOM|CARNET_VOYAGE","TypePrestataire":"A","ComportementResa":false,"ComportementDispo":false},"AffichageCoordonnees":[],"Coordonnees":{"Ville":"Allos"},"ContexteId":"PRESTATAIRE|A|564640","ContexteIdHtml":"PRESTATAIRE-A-564640","cleContexte":"A|564640","Bloc":{"texte1":"Hiking, fishing, cycling equipment\r\nRental of baby carrier\r\nRental of electric mountain bikes\r\nBivouac equipment rental (tent, mattress, duvet...)\r\nTextile fashion and mountain\r\nLeisure accessories","texte3":"","critere1":{"libelle":"","contenu":[]},"critere2":{"libelle":"","contenu":{"ZONEGEO":{"libelle":"Cities","contenu":{"3":"Val d\u2019Allos \u2013 Le village"},"codesValeurs":{"3":"ZONEGEO|FRPA04VAV1400|A"},"criteres_datas":{"valeurs":{"3":{"FRPA04VAV1400":{"descriptif":""}}}}}}},"critere3":{"libelle":"","contenu":[]},"critere4":{"libelle":"","contenu":[]},"critere5":{"libelle":"","contenu":{"ACOMM":{"libelle":"shops","contenu":{"12":"Ski store","13":"Rent a bike","15":"Sports store","17":"Clothes"},"codesValeurs":{"12":"ACOMM|ALOCMAT|A","13":"ACOMM|LOUERVELOS|A","15":"ACOMM|AMAGA|A","17":"ACOMM|AMODE|A"},"criteres_datas":{"valeurs":{"12":{"ALOCMAT":{"descriptif":""}},"13":{"LOUERVELOS":{"descriptif":""}},"15":{"AMAGA":{"descriptif":""}},"17":{"AMODE":{"descriptif":""}}}}}}},"critere6":{"libelle":"","contenu":[]},"critere7":{"libelle":"","contenu":[]},"critere8":{"libelle":"","contenu":[]},"critere9":{"libelle":"","contenu":[]}},"LocalisationGps":{"Latitude":"44.241332","Longitude":"6.627553"},"libelleDuPrestataire":"","listeCriteres":{"PUBLICATION":{"VALDALLOS":"","SITEVTTMONTAGNE":""},"AADHER":{"AOFFIC":""},"AINFADH":{"AFIN":""},"ACOMM":{"ALOCMAT":"","LOUERVELOS":"","AMAGA":"","AMODE":""},"ZONEGEO":{"FRPA04VAV1400":""},"P.126":{"972":""},"P.4169":{"3696":"","3699":"","3724":"","3963":""},"P.4168":{"3889":""},"P.prestations":{"surchargeTourismesAdaptes":"","surchargeDescriptifHandicapMoteur":"","surchargeDescriptifHandicapAuditif":"","surchargeDescriptifHandicapVisuel":"","surchargeDescriptifHandicapMental":"","surchargeNombreFauteuilsRoulants":""},"P.languesParlees":{"1192":"","1197":""},"P.114":{"416":"","418":"","435":"","436":""},"P.modesPaiement":{"1268":"","1271":"","1274":"","1277":"","4139":""},"P.tourismeAffaires":{"tourismeAffairesEnabled":"","devise":"EUR"},"P.commerceEtServiceType":{"1874":""},"P.13":{"2058":"","2060":"","2061":"","2170":"","2185":"","2192":""},"P.14":{"2067":"","2207":""},"P.CINTSITRA":{"5660":"","5663":"","5664":"","8809":"","19004":""},"P.6241":{"126905":"","5740912":""},"P.3218":{"311229":""},"P.3220":{"587401":"","5575332":""},"P.3233":{"591419":""},"P.3221":{"4876304":""},"P.3219":{"5127127":"","5239406":"","6436838":""},"P.3240":{"5778284":""},"P.6242":{"5843488":""},"P.3230":{"6139211":""},"P.VilleSitra":{"1559":""},"P.VillageDeDepart":{"1559":""}},"dansCarnetVoyage":true,"Ouverture":""},"html":" \n \u003Cdiv id=\"CV-PRESTATAIRE-A-564640\" data-contexte-id=\"PRESTATAIRE|A|564640\" data-cle=\"A|564640\" class=\"fiche-liste\"\u003E\n    \n\n    \u003C!-- partie photo --\u003E\n    \u003Cdiv class=\"photo\"\u003E\t\t\t\t\t\t\t\t\t\t\t\t\t\t\t\t\t\t\t\t\t\n        \u003Cdiv class=\"cadre_photo_principale\"\u003E\t\t\n        \n            \t\t\t\t\t\n                    \u003Ca href=\"ski-store-rent-a-bike-sports-store-clothes-au-petit-allossard-sport-2000-val-dallos-le-village.html?origine=carnet#media\"\u003E\n                        \u003Cimg class=\"photo_principale\" alt=\"Au Petit Allossard\" src=\"https:\/\/www.valdallos.com\/medias\/images\/prestataires\/multitailles\/320x240_130293-au_petit_allossard.jpg\" itemprop=\"image\"\u003E\n                    \u003C\/a\u003E\t\t\t\t\t\t\n                \n                    \u003C\/div\u003E\t\t\t\t\t\t\t\t\t\t\t\t\t\t\t\t\t\t\t \t\t\n    \u003C\/div\u003E\n    \n    \u003C!-- partie nom prest --\u003E\n    \u003Cdiv class=\"nom\"\u003E\n        \u003Ch2\u003EAu Petit Allossard Sport 2000\u003C\/h2\u003E\n        \n            \u003C\/div\u003E\n\n         \n    \u003C!-- partie adresse --\u003E\n    \u003Cdiv class=\"adresse\"\u003E\n    \n          \n    \u003C\/div\u003E\n    \n    \u003C!-- partie liens --\u003E\n    \u003Cdiv class=\"liens\"\u003E\n            \u003Ca class=\"btn-icon btn-view \" title=\"Read more \" href=\"ski-store-rent-a-bike-sports-store-clothes-au-petit-allossard-sport-2000-val-dallos-le-village.html?origine=carnet\"\u003E\u003C\/a\u003E\u003C!--\u003Ca class=\"btn-icon btn-view \" title=\"\" href=\"?origine=carnet#thaut\"\u003E\u003C\/a\u003E--\u003E\n      \u003Ca class=\"btn-icon btn-trash carnet_voyage_supprimer\" title=\"Remove to travel notes \" href=\"carnet-voyage?action=remove&fiche=A|564640\"\u003E\u003C\/a\u003E\n    \u003C\/div\u003E\n\n\u003C\/div\u003E\n\n","icon":"https:\/\/static.ingenie.fr\/images\/carnetVoyageV3\/A.png"},"fiche":"A|564640","popup":"\u003Cdiv id=\"bloc_popup_ajout_fiche_carnet\"\u003E\n    \u003Cdiv class=\"info_popup_ajout_fiche_carnet\"\u003E\n        You have just added this element to your selection:    \u003C\/div\u003E\n    \u003Cdiv class=\"prest_popup_ajout_fiche_carnet\"\u003E\n        Au Petit Allossard Sport 2000    \u003C\/div\u003E\n    \u003Cdiv class=\"bloc_btn_ajout_fiche_carnet form_submit_div\"\u003E\n        \u003Cinput type=\"button\" value=\"Continue \" title=\"Continue \" name=\"btn_close\" class=\"btn_close_popup_carnet form_submit\" onclick=\"$.colorbox.close()\" \/\u003E\n        \u003Cinput type=\"button\" value=\"See my selection\" title=\"See my selection\" name=\"btn_panier\" class=\"btn_panier_popup_carnet form_submit\" onclick=\"if(typeof CarnetVoyage != 'undefined') {CarnetVoyage.voirCarnet();}\" \/\u003E\n    \u003C\/div\u003E\n    \u003Cdiv class=\"bloc_btn_ajout_fiche_carnet\"\u003E\n        \u003Cinput type=\"checkbox\" value=\"1\" name=\"desactiver_popup\" id=\"desactiver_popup\" \/\u003E\n        \u003Clabel for=\"desactiver_popup\"\u003EDo not show this message again \u003C\/label\u003E\n    \u003C\/div\u003E\n\u003C\/div\u003E","success":1}